{"id":2746,"date":"2016-12-09T06:52:16","date_gmt":"2016-12-09T06:52:16","guid":{"rendered":"http:\/\/decker-co.de\/?page_id=2746"},"modified":"2026-04-17T19:18:04","modified_gmt":"2026-04-17T19:18:04","slug":"kontakt","status":"publish","type":"page","link":"https:\/\/decker-co.de\/de\/fr\/kontakt\/","title":{"rendered":"Votre interlocuteur"},"content":{"rendered":"<p>[et_pb_section fb_built=&#8220;1&#8243; _builder_version=&#8220;4.16&#8243; background_color=&#8220;#666666&#8243; custom_margin=&#8220;0px||||false|false&#8220; custom_padding=&#8220;17px|0px|0px|0px|false|false&#8220; transparent_background=&#8220;off&#8220; global_colors_info=&#8220;{}&#8220;][et_pb_row column_structure=&#8220;3_4,1_4&#8243; _builder_version=&#8220;4.16&#8243; background_size=&#8220;initial&#8220; background_position=&#8220;top_left&#8220; background_repeat=&#8220;repeat&#8220; global_colors_info=&#8220;{}&#8220;][et_pb_column type=&#8220;3_4&#8243; _builder_version=&#8220;4.16&#8243; custom_padding=&#8220;|||&#8220; global_colors_info=&#8220;{}&#8220; custom_padding__hover=&#8220;|||&#8220;][et_pb_menu menu_id=&#8220;50&#8243; submenu_direction=&#8220;downwards&#8220; active_link_color=&#8220;#b3b3b3&#8243; mobile_menu_bg_color=&#8220;#666666&#8243; admin_label=&#8220;Men\u00fc Kontakt DE&#8220; _builder_version=&#8220;4.16&#8243; menu_font=&#8220;|on|||&#8220; menu_font_size=&#8220;16px&#8220; background_color=&#8220;#666666&#8243; background_layout=&#8220;dark&#8220; menu_font_size_tablet=&#8220;15px&#8220; menu_font_size_phone=&#8220;14px&#8220; menu_font_size_last_edited=&#8220;on|desktop&#8220; global_colors_info=&#8220;{}&#8220;][\/et_pb_menu][\/et_pb_column][et_pb_column type=&#8220;1_4&#8243; _builder_version=&#8220;4.16&#8243; custom_padding=&#8220;|||&#8220; global_colors_info=&#8220;{}&#8220; custom_padding__hover=&#8220;|||&#8220;][\/et_pb_column][\/et_pb_row][\/et_pb_section][et_pb_section fb_built=&#8220;1&#8243; custom_padding_last_edited=&#8220;on|desktop&#8220; _builder_version=&#8220;4.16&#8243; background_color=&#8220;#999999&#8243; custom_padding_tablet=&#8220;50px|0|50px|0&#8243; custom_padding_phone=&#8220;&#8220; transparent_background=&#8220;off&#8220; padding_mobile=&#8220;off&#8220; global_colors_info=&#8220;{}&#8220;][et_pb_row column_structure=&#8220;1_4,1_4,1_4,1_4&#8243; _builder_version=&#8220;4.16&#8243; background_size=&#8220;initial&#8220; background_position=&#8220;top_left&#8220; background_repeat=&#8220;repeat&#8220; global_colors_info=&#8220;{}&#8220;][et_pb_column type=&#8220;1_4&#8243; _builder_version=&#8220;4.16&#8243; custom_padding=&#8220;|||&#8220; global_colors_info=&#8220;{}&#8220; custom_padding__hover=&#8220;|||&#8220;][et_pb_text admin_label=&#8220;Links Ansprechpartner 1. Spalte&#8220; _builder_version=&#8220;4.27.5&#8243; background_size=&#8220;initial&#8220; background_position=&#8220;top_left&#8220; background_repeat=&#8220;repeat&#8220; background_layout=&#8220;dark&#8220; module_alignment=&#8220;left&#8220; use_border_color=&#8220;off&#8220; border_color=&#8220;#ffffff&#8220; border_style=&#8220;solid&#8220; global_colors_info=&#8220;{}&#8220;]<\/p>\n<p><a href=\"#zentrale\">&gt;\u00a0Zentrale \/ Sekretariat<\/a><br \/><a href=\"#auftragsannahme\">&gt; Auftragsannahme<\/a><br \/><a href=\"#kundenbetreuung\">&gt; Kundenbetreuung<br \/><\/a><a href=\"#nationaler-fernverkehr\">&gt;\u00a0Nationaler Fernverkehr<br \/><\/a><a href=\"#schweiz\">&gt;\u00a0Schweiz\u00a0Verkehre<\/a><br \/><a href=\"#zoll\">&gt; Zoll<\/a><\/p>\n<p>&nbsp;<\/p>\n<p>[\/et_pb_text][\/et_pb_column][et_pb_column type=&#8220;1_4&#8243; _builder_version=&#8220;4.16&#8243; custom_padding=&#8220;|||&#8220; global_colors_info=&#8220;{}&#8220; custom_padding__hover=&#8220;|||&#8220;][et_pb_text admin_label=&#8220;Links Ansprechpartner 2. Spalte&#8220; _builder_version=&#8220;4.27.6&#8243; background_size=&#8220;initial&#8220; background_position=&#8220;top_left&#8220; background_repeat=&#8220;repeat&#8220; background_layout=&#8220;dark&#8220; module_alignment=&#8220;left&#8220; global_colors_info=&#8220;{}&#8220;]<\/p>\n<p><a href=\"#internationaler-verkehr\">&gt; Internationaler Verkehr<br \/><\/a><a href=\"#sammelgut\">&gt; Sammelgut VTL \/ E.L.V.I.S.<\/a><br \/><a href=\"#nahverkehr\">&gt;\u00a0Nahverkehr<\/a><br \/><a href=\"#logistik\">&gt; Logistik<\/a><br \/><a href=\"#paletten\">&gt; Lademittelabteilung<\/a><br \/><span style=\"color: #f0f0f0;\"><\/span><a href=\"#abrechnung\">&gt; Abrechnung \/ Belege<\/a><\/p>\n<p>[\/et_pb_text][\/et_pb_column][et_pb_column type=&#8220;1_4&#8243; _builder_version=&#8220;4.16&#8243; custom_padding=&#8220;|||&#8220; global_colors_info=&#8220;{}&#8220; custom_padding__hover=&#8220;|||&#8220;][et_pb_text admin_label=&#8220;Links Ansprechpartner 3. Spalte&#8220; _builder_version=&#8220;4.24.3&#8243; background_size=&#8220;initial&#8220; background_position=&#8220;top_left&#8220; background_repeat=&#8220;repeat&#8220; background_layout=&#8220;dark&#8220; module_alignment=&#8220;left&#8220; use_border_color=&#8220;off&#8220; global_colors_info=&#8220;{}&#8220;]<\/p>\n<p><a href=\"#buchhaltung\">&gt;\u00a0Buchhaltung<\/a><a href=\"#projekte\"><br \/><\/a><a href=\"#personal\">&gt;\u00a0Personal \/ Lohnbuchhaltung<\/a><br \/><a href=\"#ausbildung\">&gt; Ausbildung<\/a><br \/><a href=\"#schadensabteilung\">&gt; Schadensabteilung<br \/><\/a><a href=\"#projekte\">&gt;\u00a0Projekte<\/a><br \/><a href=\"#projekte\">&gt; IT-Beauftragte<\/a><\/p>\n<p>[\/et_pb_text][\/et_pb_column][et_pb_column type=&#8220;1_4&#8243; _builder_version=&#8220;4.16&#8243; custom_padding=&#8220;|||&#8220; global_colors_info=&#8220;{}&#8220; custom_padding__hover=&#8220;|||&#8220;][et_pb_text admin_label=&#8220;Links Ansprechpartner 4. Spalte&#8220; _builder_version=&#8220;4.27.5&#8243; background_size=&#8220;initial&#8220; background_position=&#8220;top_left&#8220; background_repeat=&#8220;repeat&#8220; background_layout=&#8220;dark&#8220; module_alignment=&#8220;left&#8220; use_border_color=&#8220;off&#8220; global_colors_info=&#8220;{}&#8220;]<\/p>\n<p><a href=\"#lagermeister\">&gt; Lagermeister<\/a><br \/><a href=\"#umschlag\">&gt; Fuhrpark-\/ Umschlagsleitung<\/a><br \/><a href=\"#technik\">&gt; Technik<\/a><br \/><a href=\"#assistenz\">&gt;\u00a0Kaufm\u00e4nnische Leitung<\/a><br \/><a href=\"#assistenz\">&gt;\u00a0Assistenz der Gesch\u00e4ftsleitung<\/a><br \/><a href=\"#gl\">&gt; Gesch\u00e4ftsleitung<\/a><\/p>\n<p>[\/et_pb_text][\/et_pb_column][\/et_pb_row][\/et_pb_section][et_pb_section fb_built=&#8220;1&#8243; custom_padding_last_edited=&#8220;on|desktop&#8220; module_id=&#8220;zentrale&#8220; _builder_version=&#8220;4.24.3&#8243; background_color=&#8220;rgba(255,255,255,0.8)&#8220; custom_padding_tablet=&#8220;50px|0|50px|0&#8243; custom_padding_phone=&#8220;&#8220; transparent_background=&#8220;off&#8220; padding_mobile=&#8220;off&#8220; global_colors_info=&#8220;{}&#8220;][et_pb_row column_structure=&#8220;1_2,1_2&#8243; _builder_version=&#8220;4.16&#8243; background_size=&#8220;initial&#8220; background_position=&#8220;top_left&#8220; background_repeat=&#8220;repeat&#8220; global_colors_info=&#8220;{}&#8220;][et_pb_column type=&#8220;1_2&#8243; _builder_version=&#8220;4.16&#8243; custom_padding=&#8220;|||&#8220; global_colors_info=&#8220;{}&#8220; custom_padding__hover=&#8220;|||&#8220;][et_pb_text admin_label=&#8220;\u00dcberschrift &#8211; Zentrale&#8220; _builder_version=&#8220;4.16&#8243; text_text_color=&#8220;#222222&#8243; header_text_color=&#8220;#222222&#8243; background_size=&#8220;initial&#8220; background_position=&#8220;top_left&#8220; background_repeat=&#8220;repeat&#8220; module_alignment=&#8220;left&#8220; use_border_color=&#8220;off&#8220; border_color=&#8220;#ffffff&#8220; border_style=&#8220;solid&#8220; global_colors_info=&#8220;{}&#8220;]<\/p>\n<h2><strong>Zentrale<\/strong><\/h2>\n<p>[\/et_pb_text][\/et_pb_column][et_pb_column type=&#8220;1_2&#8243; _builder_version=&#8220;4.16&#8243; custom_padding=&#8220;|||&#8220; global_colors_info=&#8220;{}&#8220; custom_padding__hover=&#8220;|||&#8220;][\/et_pb_column][\/et_pb_row][et_pb_row column_structure=&#8220;1_4,1_4,1_4,1_4&#8243; _builder_version=&#8220;4.16&#8243; background_size=&#8220;initial&#8220; background_position=&#8220;top_left&#8220; background_repeat=&#8220;repeat&#8220; global_colors_info=&#8220;{}&#8220;][et_pb_column type=&#8220;1_4&#8243; _builder_version=&#8220;4.16&#8243; custom_padding=&#8220;|||&#8220; global_colors_info=&#8220;{}&#8220; custom_padding__hover=&#8220;|||&#8220;][et_pb_team_member name=&#8220;Zentrale&#8220; image_url=&#8220;https:\/\/decker-co.de\/wp-content\/uploads\/2020\/06\/Telefon-Zentrale.jpg&#8220; admin_label=&#8220;Karlheinz Kriegel&#8220; _builder_version=&#8220;4.16&#8243; header_text_color=&#8220;#222222&#8243; header_font_size=&#8220;17&#8243; body_text_color=&#8220;#222222&#8243; body_font_size=&#8220;13&#8243; position_text_color=&#8220;#707070&#8243; background_size=&#8220;initial&#8220; background_position=&#8220;top_left&#8220; background_repeat=&#8220;repeat&#8220; use_border_color=&#8220;off&#8220; border_color=&#8220;#ffffff&#8220; border_style=&#8220;solid&#8220; global_colors_info=&#8220;{}&#8220;]<\/p>\n<h3><a href=\"tel:+49-7841-202820\"><strong><span style=\"color: #222222;\">+49-7841-202820<\/span><\/strong><\/a><\/h3>\n<p>[\/et_pb_team_member][\/et_pb_column][et_pb_column type=&#8220;1_4&#8243; _builder_version=&#8220;4.16&#8243; custom_padding=&#8220;|||&#8220; global_colors_info=&#8220;{}&#8220; custom_padding__hover=&#8220;|||&#8220;][\/et_pb_column][et_pb_column type=&#8220;1_4&#8243; _builder_version=&#8220;4.16&#8243; custom_padding=&#8220;|||&#8220; global_colors_info=&#8220;{}&#8220; custom_padding__hover=&#8220;|||&#8220;][\/et_pb_column][et_pb_column type=&#8220;1_4&#8243; _builder_version=&#8220;4.16&#8243; custom_padding=&#8220;|||&#8220; global_colors_info=&#8220;{}&#8220; custom_padding__hover=&#8220;|||&#8220;][\/et_pb_column][\/et_pb_row][et_pb_row padding_mobile=&#8220;off&#8220; column_padding_mobile=&#8220;on&#8220; _builder_version=&#8220;4.16&#8243; background_size=&#8220;initial&#8220; background_position=&#8220;top_left&#8220; background_repeat=&#8220;repeat&#8220; global_colors_info=&#8220;{}&#8220;][et_pb_column type=&#8220;4_4&#8243; _builder_version=&#8220;4.16&#8243; custom_padding=&#8220;|||&#8220; global_colors_info=&#8220;{}&#8220; custom_padding__hover=&#8220;|||&#8220;][et_pb_divider color=&#8220;#575656&#8243; divider_weight=&#8220;3px&#8220; disabled_on=&#8220;off&#8220; _builder_version=&#8220;4.16&#8243; height=&#8220;3px&#8220; hide_on_mobile=&#8220;off&#8220; global_colors_info=&#8220;{}&#8220;][\/et_pb_divider][\/et_pb_column][\/et_pb_row][\/et_pb_section][et_pb_section fb_built=&#8220;1&#8243; custom_padding_last_edited=&#8220;on|desktop&#8220; module_id=&#8220;auftragsannahme&#8220; _builder_version=&#8220;4.16&#8243; background_color=&#8220;rgba(255,255,255,0.8)&#8220; custom_padding_tablet=&#8220;50px|0|50px|0&#8243; custom_padding_phone=&#8220;&#8220; transparent_background=&#8220;off&#8220; padding_mobile=&#8220;off&#8220; global_colors_info=&#8220;{}&#8220;][et_pb_row _builder_version=&#8220;4.16&#8243; _module_preset=&#8220;default&#8220; global_colors_info=&#8220;{}&#8220;][et_pb_column type=&#8220;4_4&#8243; _builder_version=&#8220;4.16&#8243; _module_preset=&#8220;default&#8220; global_colors_info=&#8220;{}&#8220;][et_pb_text _builder_version=&#8220;4.16&#8243; _module_preset=&#8220;default&#8220; header_4_text_color=&#8220;#000000&#8243; global_colors_info=&#8220;{}&#8220;]<\/p>\n<h2><span style=\"color: #000000;\"><strong>Auftragsannahme\u00a0\/ Service<\/strong><\/span><\/h2>\n<h4><span style=\"color: #000000;\">Telefax +49-7841-2028-40<\/span><\/h4>\n<p>[\/et_pb_text][\/et_pb_column][\/et_pb_row][et_pb_row column_structure=&#8220;1_4,1_4,1_4,1_4&#8243; _builder_version=&#8220;4.16&#8243; background_size=&#8220;initial&#8220; background_position=&#8220;top_left&#8220; background_repeat=&#8220;repeat&#8220; global_colors_info=&#8220;{}&#8220;][et_pb_column type=&#8220;1_4&#8243; _builder_version=&#8220;4.16&#8243; custom_padding=&#8220;|||&#8220; global_colors_info=&#8220;{}&#8220; custom_padding__hover=&#8220;|||&#8220;][et_pb_team_member name=&#8220;Ralph M\u00fchl&#8220; position=&#8220;Teamleitung Service, National und Schweiz&#8220; image_url=&#8220;https:\/\/decker-co.de\/wp-content\/uploads\/2016\/12\/Decker_Ralph-Muehl.jpg&#8220; admin_label=&#8220;Yvonne Schmidt&#8220; _builder_version=&#8220;4.25.0&#8243; header_text_color=&#8220;#222222&#8243; header_font_size=&#8220;17&#8243; body_text_color=&#8220;#222222&#8243; body_font_size=&#8220;13&#8243; position_text_color=&#8220;#6d6d6d&#8220; background_size=&#8220;initial&#8220; background_position=&#8220;top_left&#8220; background_repeat=&#8220;repeat&#8220; use_border_color=&#8220;off&#8220; border_color=&#8220;#ffffff&#8220; border_style=&#8220;solid&#8220; global_colors_info=&#8220;{}&#8220;]<\/p>\n<p><a href=\"tel:+49-7841-2028-21\"><span style=\"color: #222222;\">&gt; +49-7841-2028-21<\/span><\/a><br \/><span style=\"color: #666699;\"><a href=\"mailto:&gt; ralph.muehl@decker-co.de\"><span style=\"color: #222222;\">&gt; ralph.muehl@decker-co.de<\/span><\/a><br \/><\/span><\/p>\n<p>[\/et_pb_team_member][\/et_pb_column][et_pb_column type=&#8220;1_4&#8243; _builder_version=&#8220;4.16&#8243; custom_padding=&#8220;|||&#8220; global_colors_info=&#8220;{}&#8220; custom_padding__hover=&#8220;|||&#8220;][et_pb_team_member name=&#8220;Katja Neurohr&#8220; position=&#8220;Service&#8220; image_url=&#8220;https:\/\/decker-co.de\/wp-content\/uploads\/2016\/12\/Decker-104-Katja_Neurohr_450x300_WEB-RGB_161209.jpg&#8220; admin_label=&#8220;Katja Neurohr&#8220; _builder_version=&#8220;4.24.3&#8243; header_text_color=&#8220;#222222&#8243; header_font_size=&#8220;17&#8243; body_text_color=&#8220;#222222&#8243; body_font_size=&#8220;13&#8243; position_text_color=&#8220;#6d6d6d&#8220; background_size=&#8220;initial&#8220; background_position=&#8220;top_left&#8220; background_repeat=&#8220;repeat&#8220; use_border_color=&#8220;off&#8220; border_color=&#8220;#ffffff&#8220; border_style=&#8220;solid&#8220; global_colors_info=&#8220;{}&#8220;]<\/p>\n<p><span style=\"color: #000000;\"><a href=\"tel:+49-7841-2028-48\" style=\"color: #000000;\">&gt; +49-7841-2028-48<\/a><\/span><br \/><span style=\"color: #000000;\"><a href=\"mailto:katja.neurohr@decker-co.de\" style=\"color: #000000;\">&gt;\u00a0katja.neurohr@decker-co.de<\/a><\/span><span style=\"color: #666699;\"><br \/><\/span><\/p>\n<p>[\/et_pb_team_member][\/et_pb_column][et_pb_column type=&#8220;1_4&#8243; _builder_version=&#8220;4.16&#8243; custom_padding=&#8220;|||&#8220; global_colors_info=&#8220;{}&#8220; custom_padding__hover=&#8220;|||&#8220;][et_pb_team_member name=&#8220;Daniela Bumbar&#8220; position=&#8220;Service&#8220; image_url=&#8220;https:\/\/decker-co.de\/wp-content\/uploads\/2024\/07\/Bumbar_Daniela-1.jpg&#8220; admin_label=&#8220;Sandra Ro\u00df&#8220; _builder_version=&#8220;4.27.0&#8243; header_text_color=&#8220;#222222&#8243; header_font_size=&#8220;17&#8243; body_text_color=&#8220;#222222&#8243; body_font_size=&#8220;13&#8243; position_text_color=&#8220;#6d6d6d&#8220; background_size=&#8220;initial&#8220; background_position=&#8220;top_left&#8220; background_repeat=&#8220;repeat&#8220; use_border_color=&#8220;off&#8220; global_colors_info=&#8220;{}&#8220;]<\/p>\n<p><span style=\"color: #000000;\"><a href=\"tel:+49-7841-2028-220\" style=\"color: #000000;\">&gt; +49-7841-2028-220<\/a><\/span><br \/><span style=\"color: #666699;\"><a href=\"mailto:daniela.bumbar@decker-co.de\"><span style=\"color: #222222;\"><span style=\"color: #000000;\">&gt; daniela.bumbar@decker-co.de<\/span><\/span><\/a><br \/><\/span><\/p>\n<p>[\/et_pb_team_member][\/et_pb_column][et_pb_column type=&#8220;1_4&#8243; _builder_version=&#8220;4.16&#8243; custom_padding=&#8220;|||&#8220; global_colors_info=&#8220;{}&#8220; custom_padding__hover=&#8220;|||&#8220;][et_pb_team_member name=&#8220;Doris Konnerth&#8220; position=&#8220;Service&#8220; image_url=&#8220;https:\/\/decker-co.de\/wp-content\/uploads\/2025\/01\/Konnerth_Doris.jpg&#8220; admin_label=&#8220;Sandra Ro\u00df&#8220; _builder_version=&#8220;4.27.4&#8243; header_text_color=&#8220;#222222&#8243; header_font_size=&#8220;17&#8243; body_text_color=&#8220;#222222&#8243; body_font_size=&#8220;13&#8243; position_text_color=&#8220;#6d6d6d&#8220; background_size=&#8220;initial&#8220; background_position=&#8220;top_left&#8220; background_repeat=&#8220;repeat&#8220; use_border_color=&#8220;off&#8220; global_colors_info=&#8220;{}&#8220;]<\/p>\n<p><span style=\"color: #000000;\"><a href=\"tel:+49-7841-2028-43\" style=\"color: #000000;\">&gt; +49-7841-2028-43<\/a><\/span><br \/><span style=\"color: #000000;\"><a href=\"mailto:doris.konnerth@decker-co.de\" title=\"doris.konnerth@decker-co.de\" style=\"color: #000000;\">&gt; <\/a><a href=\"mailto:doris.konnerth@decker-co.de\" style=\"color: #000000;\">doris.konnerth@decker-co.de<\/a><\/span><\/p>\n<p>[\/et_pb_team_member][\/et_pb_column][\/et_pb_row][et_pb_row padding_mobile=&#8220;off&#8220; column_padding_mobile=&#8220;on&#8220; _builder_version=&#8220;4.16&#8243; background_size=&#8220;initial&#8220; background_position=&#8220;top_left&#8220; background_repeat=&#8220;repeat&#8220; global_colors_info=&#8220;{}&#8220;][et_pb_column type=&#8220;4_4&#8243; _builder_version=&#8220;4.16&#8243; custom_padding=&#8220;|||&#8220; global_colors_info=&#8220;{}&#8220; custom_padding__hover=&#8220;|||&#8220;][et_pb_divider color=&#8220;#575656&#8243; divider_weight=&#8220;3px&#8220; disabled_on=&#8220;off&#8220; _builder_version=&#8220;4.16&#8243; height=&#8220;3px&#8220; hide_on_mobile=&#8220;off&#8220; global_colors_info=&#8220;{}&#8220;][\/et_pb_divider][\/et_pb_column][\/et_pb_row][\/et_pb_section][et_pb_section fb_built=&#8220;1&#8243; custom_padding_last_edited=&#8220;on|desktop&#8220; module_id=&#8220;kundenbetreuung&#8220; _builder_version=&#8220;4.16&#8243; background_color=&#8220;rgba(255,255,255,0.8)&#8220; custom_padding_tablet=&#8220;50px|0|50px|0&#8243; custom_padding_phone=&#8220;&#8220; transparent_background=&#8220;off&#8220; padding_mobile=&#8220;off&#8220; global_colors_info=&#8220;{}&#8220;][et_pb_row _builder_version=&#8220;4.16&#8243; background_size=&#8220;initial&#8220; background_position=&#8220;top_left&#8220; background_repeat=&#8220;repeat&#8220; global_colors_info=&#8220;{}&#8220;][et_pb_column type=&#8220;4_4&#8243; _builder_version=&#8220;4.16&#8243; custom_padding=&#8220;|||&#8220; global_colors_info=&#8220;{}&#8220; custom_padding__hover=&#8220;|||&#8220;][et_pb_text admin_label=&#8220;\u00dcberschrift &#8211; Kundenbetreuung&#8220; _builder_version=&#8220;4.16&#8243; text_text_color=&#8220;#000000&#8243; header_text_color=&#8220;#222222&#8243; header_2_text_color=&#8220;#000000&#8243; background_size=&#8220;initial&#8220; background_position=&#8220;top_left&#8220; background_repeat=&#8220;repeat&#8220; module_alignment=&#8220;left&#8220; use_border_color=&#8220;off&#8220; border_color=&#8220;#ffffff&#8220; border_style=&#8220;solid&#8220; global_colors_info=&#8220;{}&#8220;]<\/p>\n<h2><span style=\"color: #000000;\"><strong>Kundenbetreuung<\/strong><\/span><\/h2>\n<h4><span style=\"color: #000000;\">Telefax +49-7841-2028-790<\/span><\/h4>\n<p>[\/et_pb_text][\/et_pb_column][\/et_pb_row][et_pb_row column_structure=&#8220;1_4,1_4,1_4,1_4&#8243; _builder_version=&#8220;4.16&#8243; background_size=&#8220;initial&#8220; background_position=&#8220;top_left&#8220; background_repeat=&#8220;repeat&#8220; global_colors_info=&#8220;{}&#8220;][et_pb_column type=&#8220;1_4&#8243; _builder_version=&#8220;4.16&#8243; custom_padding=&#8220;|||&#8220; global_colors_info=&#8220;{}&#8220; custom_padding__hover=&#8220;|||&#8220;][et_pb_team_member name=&#8220;Dieter Friedmann&#8220; position=&#8220;Vertrieb Au\u00dfendienst&#8220; image_url=&#8220;https:\/\/decker-co.de\/wp-content\/uploads\/2016\/12\/Decker-030-Dieter_Friedmann_450x300_WEB-RGB_161209.jpg&#8220; admin_label=&#8220;Dieter Friedmann&#8220; _builder_version=&#8220;4.24.3&#8243; header_text_color=&#8220;#222222&#8243; header_font_size=&#8220;17&#8243; body_text_color=&#8220;#222222&#8243; body_font_size=&#8220;13&#8243; position_text_color=&#8220;#6d6d6d&#8220; background_size=&#8220;initial&#8220; background_position=&#8220;top_left&#8220; background_repeat=&#8220;repeat&#8220; use_border_color=&#8220;off&#8220; border_color=&#8220;#ffffff&#8220; border_style=&#8220;solid&#8220; global_colors_info=&#8220;{}&#8220;]<\/p>\n<p><span style=\"color: #000000;\"><a href=\"tel:+49-7841-2028-29\" style=\"color: #000000;\">&gt; +49-7841-2028-29<\/a><\/span><br \/><span style=\"color: #000000;\"><a href=\"mailto:dieter.friedmann@decker-co.de\" style=\"color: #000000;\"> &gt; dieter.friedmann@decker-co.de<\/a><\/span><\/p>\n<p>[\/et_pb_team_member][\/et_pb_column][et_pb_column type=&#8220;1_4&#8243; _builder_version=&#8220;4.16&#8243; custom_padding=&#8220;|||&#8220; global_colors_info=&#8220;{}&#8220; custom_padding__hover=&#8220;|||&#8220;][et_pb_team_member name=&#8220;Kerstin Grampp&#8220; position=&#8220;Vertrieb  Au\u00dfendienst&#8220; image_url=&#8220;https:\/\/decker-co.de\/wp-content\/uploads\/2016\/12\/Decker-026-Kerstin_Grampp_450x300_WEB-RGB_161209.jpg&#8220; admin_label=&#8220;Kerstin Grampp&#8220; _builder_version=&#8220;4.24.3&#8243; header_text_color=&#8220;#222222&#8243; header_font_size=&#8220;17&#8243; body_text_color=&#8220;#222222&#8243; body_font_size=&#8220;13&#8243; position_text_color=&#8220;#6d6d6d&#8220; background_size=&#8220;initial&#8220; background_position=&#8220;top_left&#8220; background_repeat=&#8220;repeat&#8220; use_border_color=&#8220;off&#8220; border_color=&#8220;#ffffff&#8220; border_style=&#8220;solid&#8220; global_colors_info=&#8220;{}&#8220;]<\/p>\n<p><a href=\"tel:+49-7841-2028-45\"><span style=\"color: #000000;\">&gt; +49-7841-2028-45<\/span><\/a><br \/><span style=\"color: #000000;\"><a href=\"mailto:kerstin.grampp@decker-co.de\" style=\"color: #000000;\"> &gt; kerstin.grampp@decker-co.de<\/a><\/span><\/p>\n<p>[\/et_pb_team_member][\/et_pb_column][et_pb_column type=&#8220;1_4&#8243; _builder_version=&#8220;4.16&#8243; custom_padding=&#8220;|||&#8220; global_colors_info=&#8220;{}&#8220; custom_padding__hover=&#8220;|||&#8220;][et_pb_team_member name=&#8220;Marius Greiser&#8220; position=&#8220;Vertrieb Au\u00dfendienst&#8220; image_url=&#8220;https:\/\/decker-co.de\/wp-content\/uploads\/2025\/02\/Greiser_Marius-1.jpg&#8220; admin_label=&#8220;Marius Greiser&#8220; _builder_version=&#8220;4.27.4&#8243; header_text_color=&#8220;#222222&#8243; header_font_size=&#8220;17&#8243; body_text_color=&#8220;#222222&#8243; body_font_size=&#8220;13&#8243; position_text_color=&#8220;#6d6d6d&#8220; background_size=&#8220;initial&#8220; background_position=&#8220;top_left&#8220; background_repeat=&#8220;repeat&#8220; custom_padding=&#8220;|||2px||&#8220; use_border_color=&#8220;off&#8220; border_color=&#8220;#ffffff&#8220; border_style=&#8220;solid&#8220; global_colors_info=&#8220;{}&#8220;]<\/p>\n<p><span style=\"color: #000000;\"><a href=\"tel:+49-7841-2028-46\" style=\"color: #000000;\">&gt; +49-7841-2028-46<\/a><\/span><br \/><span style=\"color: #000000;\"><a href=\"mailto:marius.greiser@decker-co.de\" style=\"color: #000000;\">&gt;marius.greiser@decker-co.de<\/a><\/span><\/p>\n<p>[\/et_pb_team_member][\/et_pb_column][et_pb_column type=&#8220;1_4&#8243; _builder_version=&#8220;4.16&#8243; custom_padding=&#8220;|||&#8220; global_colors_info=&#8220;{}&#8220; custom_padding__hover=&#8220;|||&#8220;][et_pb_team_member name=&#8220;Marilena Billetta&#8220; position=&#8220;Sachbearbeiterin Vertrieb&#8220; image_url=&#8220;https:\/\/decker-co.de\/wp-content\/uploads\/2026\/04\/Biletta_Marilena.jpg&#8220; admin_label=&#8220;Marius Greiser&#8220; _builder_version=&#8220;4.27.6&#8243; header_text_color=&#8220;#222222&#8243; header_font_size=&#8220;17&#8243; body_text_color=&#8220;#222222&#8243; body_font_size=&#8220;13&#8243; position_text_color=&#8220;#6d6d6d&#8220; background_size=&#8220;initial&#8220; background_position=&#8220;top_left&#8220; background_repeat=&#8220;repeat&#8220; custom_padding=&#8220;|||2px||&#8220; hover_enabled=&#8220;0&#8243; use_border_color=&#8220;off&#8220; border_color=&#8220;#ffffff&#8220; border_style=&#8220;solid&#8220; global_colors_info=&#8220;{}&#8220; title_text=&#8220;Biletta_Marilena&#8220; sticky_enabled=&#8220;0&#8243;]<\/p>\n<p><span style=\"color: #000000;\"><a href=\"tel:+49-7841-2028-253\" style=\"color: #000000;\">&gt; +49-7841-2028-253<\/a><\/span><br \/><span style=\"color: #000000;\"><a href=\"mailto:marilena.billetta@decker-co.de\" title=\"&gt;marilena.billetta@decker-co.de\" style=\"color: #000000;\">&gt;m<\/a><a href=\"mailto:marilena.billetta@decker-co.de\" title=\"&gt;marilena.billetta@decker-co.de\" style=\"color: #000000;\">arilena.billetta@decker-co.de<\/a><\/span><\/p>\n<p>[\/et_pb_team_member][\/et_pb_column][\/et_pb_row][et_pb_row _builder_version=&#8220;4.16&#8243; background_size=&#8220;initial&#8220; background_position=&#8220;top_left&#8220; background_repeat=&#8220;repeat&#8220; global_colors_info=&#8220;{}&#8220;][et_pb_column type=&#8220;4_4&#8243; _builder_version=&#8220;4.16&#8243; custom_padding=&#8220;|||&#8220; global_colors_info=&#8220;{}&#8220; custom_padding__hover=&#8220;|||&#8220;][et_pb_divider color=&#8220;#575656&#8243; divider_weight=&#8220;3px&#8220; disabled_on=&#8220;off&#8220; _builder_version=&#8220;4.16&#8243; height=&#8220;3px&#8220; hide_on_mobile=&#8220;off&#8220; global_colors_info=&#8220;{}&#8220;][\/et_pb_divider][\/et_pb_column][\/et_pb_row][\/et_pb_section][et_pb_section fb_built=&#8220;1&#8243; custom_padding_last_edited=&#8220;on|desktop&#8220; module_id=&#8220;nationaler-fernverkehr&#8220; _builder_version=&#8220;4.16&#8243; background_color=&#8220;rgba(255,255,255,0.8)&#8220; custom_padding_tablet=&#8220;50px|0|50px|0&#8243; custom_padding_phone=&#8220;&#8220; transparent_background=&#8220;off&#8220; padding_mobile=&#8220;off&#8220; global_colors_info=&#8220;{}&#8220;][et_pb_row _builder_version=&#8220;4.16&#8243; background_size=&#8220;initial&#8220; background_position=&#8220;top_left&#8220; background_repeat=&#8220;repeat&#8220; global_colors_info=&#8220;{}&#8220;][et_pb_column type=&#8220;4_4&#8243; _builder_version=&#8220;4.16&#8243; custom_padding=&#8220;|||&#8220; global_colors_info=&#8220;{}&#8220; custom_padding__hover=&#8220;|||&#8220;][et_pb_text admin_label=&#8220;\u00dcberschrift &#8211; Nationaler Fernverkehr&#8220; _builder_version=&#8220;4.16&#8243; text_text_color=&#8220;#222222&#8243; header_text_color=&#8220;#222222&#8243; background_size=&#8220;initial&#8220; background_position=&#8220;top_left&#8220; background_repeat=&#8220;repeat&#8220; module_alignment=&#8220;left&#8220; use_border_color=&#8220;off&#8220; border_color=&#8220;#ffffff&#8220; border_style=&#8220;solid&#8220; global_colors_info=&#8220;{}&#8220;]<\/p>\n<h2><span style=\"color: #333333;\"><strong>Nationaler Fernverkehr<\/strong><\/span><\/h2>\n<h4><span style=\"color: #000000;\">Telefax +49-7841-2028-41<\/span><\/h4>\n<p>[\/et_pb_text][\/et_pb_column][\/et_pb_row][et_pb_row column_structure=&#8220;1_4,1_4,1_4,1_4&#8243; _builder_version=&#8220;4.16&#8243; background_size=&#8220;initial&#8220; background_position=&#8220;top_left&#8220; background_repeat=&#8220;repeat&#8220; global_colors_info=&#8220;{}&#8220;][et_pb_column type=&#8220;1_4&#8243; _builder_version=&#8220;4.16&#8243; custom_padding=&#8220;|||&#8220; global_colors_info=&#8220;{}&#8220; custom_padding__hover=&#8220;|||&#8220;][et_pb_team_member name=&#8220;Kevin Damer&#8220; position=&#8220;Teamleiter nationaler Verkehr, Charter&#8220; image_url=&#8220;https:\/\/decker-co.de\/wp-content\/uploads\/2024\/01\/Damer_Kevin.jpg&#8220; admin_label=&#8220;Kevin Damer&#8220; _builder_version=&#8220;4.25.0&#8243; header_text_color=&#8220;#222222&#8243; header_font_size=&#8220;17&#8243; body_text_color=&#8220;#222222&#8243; body_font_size=&#8220;13&#8243; position_text_color=&#8220;#6d6d6d&#8220; background_size=&#8220;initial&#8220; background_position=&#8220;top_left&#8220; background_repeat=&#8220;repeat&#8220; use_border_color=&#8220;off&#8220; global_colors_info=&#8220;{}&#8220;]<\/p>\n<p><span style=\"color: #000000;\"><a href=\"tel:+49-7841-2028-280\" style=\"color: #000000;\">&gt; +49-7841-2028-280<\/a><br \/><a href=\"mailto:kevin.damer@decker-co.de\" style=\"color: #000000;\">&gt; kevin.damer@decker-co.de<\/a><\/span><br \/><span style=\"color: #666699;\"><br \/><\/span><\/p>\n<p>[\/et_pb_team_member][\/et_pb_column][et_pb_column type=&#8220;1_4&#8243; _builder_version=&#8220;4.16&#8243; custom_padding=&#8220;|||&#8220; global_colors_info=&#8220;{}&#8220; custom_padding__hover=&#8220;|||&#8220;][et_pb_team_member name=&#8220;Alisa Heidt&#8220; position=&#8220;Charter-Verkehr&#8220; image_url=&#8220;https:\/\/decker-co.de\/wp-content\/uploads\/2023\/10\/Heidt_Alisa.jpg&#8220; admin_label=&#8220;Ralf Meier&#8220; _builder_version=&#8220;4.24.3&#8243; header_text_color=&#8220;#222222&#8243; header_font_size=&#8220;17&#8243; body_text_color=&#8220;#222222&#8243; body_font_size=&#8220;13&#8243; position_text_color=&#8220;#6d6d6d&#8220; background_size=&#8220;initial&#8220; background_position=&#8220;top_left&#8220; background_repeat=&#8220;repeat&#8220; use_border_color=&#8220;off&#8220; border_color=&#8220;#ffffff&#8220; border_style=&#8220;solid&#8220; global_colors_info=&#8220;{}&#8220;]<\/p>\n<p><span style=\"color: #000000;\"><a href=\"tel:+49-7841-2028-27\" style=\"color: #000000;\">&gt; +49-7841-2028-27<\/a><\/span><br \/><span style=\"color: #000000;\"><a href=\"mailto:alisa.heidt@decker-co.de\" style=\"color: #000000;\"> &gt; alisa.heidt@decker-co.de<\/a><\/span><\/p>\n<p>[\/et_pb_team_member][\/et_pb_column][et_pb_column type=&#8220;1_4&#8243; _builder_version=&#8220;4.16&#8243; custom_padding=&#8220;|||&#8220; global_colors_info=&#8220;{}&#8220; custom_padding__hover=&#8220;|||&#8220;][et_pb_team_member name=&#8220;Lino Scalambrino&#8220; position=&#8220;Disposition&#8220; image_url=&#8220;https:\/\/decker-co.de\/wp-content\/uploads\/2025\/07\/Scalambrino_Lino.jpg&#8220; admin_label=&#8220;Ralf Meier&#8220; _builder_version=&#8220;4.27.4&#8243; header_text_color=&#8220;#222222&#8243; header_font_size=&#8220;17&#8243; body_text_color=&#8220;#222222&#8243; body_font_size=&#8220;13&#8243; position_text_color=&#8220;#6d6d6d&#8220; background_size=&#8220;initial&#8220; background_position=&#8220;top_left&#8220; background_repeat=&#8220;repeat&#8220; use_border_color=&#8220;off&#8220; border_color=&#8220;#ffffff&#8220; border_style=&#8220;solid&#8220; global_colors_info=&#8220;{}&#8220;]<\/p>\n<p><span style=\"color: #000000;\"><a href=\"tel:+4978412028239\" style=\"color: #000000;\">&gt; +49-7841-2028-239<\/a><\/span><br \/><span style=\"color: #000000;\"><a href=\"mailto:lino.scalambrino@decker-co.de\" style=\"color: #000000;\">&gt; lino.scalambrino@decker-co.de<\/a><\/span><\/p>\n<p>[\/et_pb_team_member][\/et_pb_column][et_pb_column type=&#8220;1_4&#8243; _builder_version=&#8220;4.16&#8243; custom_padding=&#8220;|||&#8220; global_colors_info=&#8220;{}&#8220; custom_padding__hover=&#8220;|||&#8220;][et_pb_team_member name=&#8220;Marianna Serra&#8220; position=&#8220;Disposition&#8220; image_url=&#8220;https:\/\/decker-co.de\/wp-content\/uploads\/2016\/12\/Decker-088-Marianna_Serra_450x300_WEB-RGB_161209.jpg&#8220; admin_label=&#8220;Ralf Meier&#8220; _builder_version=&#8220;4.27.6&#8243; header_text_color=&#8220;#222222&#8243; header_font_size=&#8220;17&#8243; body_text_color=&#8220;#222222&#8243; body_font_size=&#8220;13&#8243; position_text_color=&#8220;#6d6d6d&#8220; background_size=&#8220;initial&#8220; background_position=&#8220;top_left&#8220; background_repeat=&#8220;repeat&#8220; hover_enabled=&#8220;0&#8243; use_border_color=&#8220;off&#8220; border_color=&#8220;#ffffff&#8220; border_style=&#8220;solid&#8220; global_colors_info=&#8220;{}&#8220; title_text=&#8220;Decker-088-Marianna_Serra_450x300_WEB-RGB_161209&#8243; sticky_enabled=&#8220;0&#8243;]<\/p>\n<p><span style=\"color: #000000;\"><a href=\"tel:+4978412028230\" style=\"color: #000000;\">&gt; +49-7841-2028-230<\/a><\/span><br \/><span style=\"color: #000000;\"><a href=\"mailto:marianna.serra@decker-co.de\" style=\"color: #000000;\" title=\"&gt; marianna.serra@decker-co.de\">&gt; m<\/a><a href=\"mailto:marianna.serra@decker-co.de\" title=\"&gt; marianna.serra@decker-co.de\" style=\"color: #000000;\">arianna.serra@decker-co.de<\/a><a href=\"mailto:lino.scalambrino@decker-co.de\" style=\"color: #000000;\"><\/a><\/span><\/p>\n<p>[\/et_pb_team_member][\/et_pb_column][\/et_pb_row][et_pb_row _builder_version=&#8220;4.16&#8243; background_size=&#8220;initial&#8220; background_position=&#8220;top_left&#8220; background_repeat=&#8220;repeat&#8220; global_colors_info=&#8220;{}&#8220;][et_pb_column type=&#8220;4_4&#8243; _builder_version=&#8220;4.16&#8243; custom_padding=&#8220;|||&#8220; global_colors_info=&#8220;{}&#8220; custom_padding__hover=&#8220;|||&#8220;][et_pb_divider color=&#8220;#575656&#8243; divider_weight=&#8220;3px&#8220; disabled_on=&#8220;off&#8220; _builder_version=&#8220;4.16&#8243; height=&#8220;3px&#8220; hide_on_mobile=&#8220;off&#8220; global_colors_info=&#8220;{}&#8220;][\/et_pb_divider][\/et_pb_column][\/et_pb_row][\/et_pb_section][et_pb_section fb_built=&#8220;1&#8243; custom_padding_last_edited=&#8220;on|desktop&#8220; module_id=&#8220;schweiz&#8220; _builder_version=&#8220;4.16&#8243; background_color=&#8220;rgba(255,255,255,0.8)&#8220; custom_padding_tablet=&#8220;50px|0|50px|0&#8243; custom_padding_phone=&#8220;&#8220; transparent_background=&#8220;off&#8220; padding_mobile=&#8220;off&#8220; global_colors_info=&#8220;{}&#8220;][et_pb_row _builder_version=&#8220;4.16&#8243; background_size=&#8220;initial&#8220; background_position=&#8220;top_left&#8220; background_repeat=&#8220;repeat&#8220; global_colors_info=&#8220;{}&#8220;][et_pb_column type=&#8220;4_4&#8243; _builder_version=&#8220;4.16&#8243; custom_padding=&#8220;|||&#8220; global_colors_info=&#8220;{}&#8220; custom_padding__hover=&#8220;|||&#8220;][et_pb_text admin_label=&#8220;\u00dcberschrift &#8211; Schweiz&#8220; _builder_version=&#8220;4.24.3&#8243; text_text_color=&#8220;#222222&#8243; header_text_color=&#8220;#222222&#8243; header_2_text_color=&#8220;#000000&#8243; background_size=&#8220;initial&#8220; background_position=&#8220;top_left&#8220; background_repeat=&#8220;repeat&#8220; module_alignment=&#8220;left&#8220; use_border_color=&#8220;off&#8220; border_color=&#8220;#ffffff&#8220; border_style=&#8220;solid&#8220; global_colors_info=&#8220;{}&#8220;]<\/p>\n<h2><span style=\"color: #333333;\"><strong>Schweiz &#8211;\u00a0<\/strong><\/span><b>Abteilung<\/b><\/h2>\n<h4><span style=\"color: #000000;\">Telefax +49-7841-2028-19<\/span><\/h4>\n<p>[\/et_pb_text][\/et_pb_column][\/et_pb_row][et_pb_row column_structure=&#8220;1_4,1_4,1_4,1_4&#8243; _builder_version=&#8220;4.16&#8243; background_size=&#8220;initial&#8220; background_position=&#8220;top_left&#8220; background_repeat=&#8220;repeat&#8220; global_colors_info=&#8220;{}&#8220;][et_pb_column type=&#8220;1_4&#8243; _builder_version=&#8220;4.16&#8243; custom_padding=&#8220;|||&#8220; global_colors_info=&#8220;{}&#8220; custom_padding__hover=&#8220;|||&#8220;][et_pb_team_member name=&#8220;Juliane Kundit&#8220; position=&#8220;Service&#8220; image_url=&#8220;https:\/\/decker-co.de\/wp-content\/uploads\/2021\/09\/Kundit_Juliane.jpg&#8220; admin_label=&#8220;Katja Neurohr&#8220; _builder_version=&#8220;4.24.3&#8243; header_text_color=&#8220;#222222&#8243; header_font_size=&#8220;17&#8243; body_text_color=&#8220;#222222&#8243; body_font_size=&#8220;13&#8243; position_text_color=&#8220;#6d6d6d&#8220; background_size=&#8220;initial&#8220; background_position=&#8220;top_left&#8220; background_repeat=&#8220;repeat&#8220; use_border_color=&#8220;off&#8220; border_color=&#8220;#ffffff&#8220; border_style=&#8220;solid&#8220; global_colors_info=&#8220;{}&#8220;]<\/p>\n<p><a href=\"tel:+49-7841-2028-165\"><span style=\"color: #222222;\">&gt; +49-7841-2028-165<\/span><\/a><br \/><span style=\"color: #666699;\"><a href=\"mailto:juliane.kundit@decker-co.de\"><span style=\"color: #222222;\">&gt; juliane.kundit@decker-co.de<\/span><\/a><br \/><\/span><\/p>\n<p>[\/et_pb_team_member][\/et_pb_column][et_pb_column type=&#8220;1_4&#8243; _builder_version=&#8220;4.16&#8243; custom_padding=&#8220;|||&#8220; global_colors_info=&#8220;{}&#8220; custom_padding__hover=&#8220;|||&#8220;][et_pb_team_member name=&#8220;Karim Boucena&#8220; position=&#8220;Disposition Schweiz&#8220; image_url=&#8220;https:\/\/decker-co.de\/wp-content\/uploads\/2016\/12\/Decker-181-Karim_Boucena.jpg&#8220; admin_label=&#8220;Karim Boucena&#8220; _builder_version=&#8220;4.24.3&#8243; header_text_color=&#8220;#222222&#8243; header_font_size=&#8220;17&#8243; body_text_color=&#8220;#222222&#8243; body_font_size=&#8220;13&#8243; position_text_color=&#8220;#6d6d6d&#8220; background_size=&#8220;initial&#8220; background_position=&#8220;top_left&#8220; background_repeat=&#8220;repeat&#8220; use_border_color=&#8220;off&#8220; border_color=&#8220;#ffffff&#8220; border_style=&#8220;solid&#8220; global_colors_info=&#8220;{}&#8220;]<\/p>\n<p><span style=\"color: #000000;\"><a href=\"tel:+49-7841-2028-49\" style=\"color: #000000;\">&gt; +49-7841-2028-49<\/a><\/span><br \/><span style=\"color: #000000;\"><a href=\"mailto:karim.boucena@decker-co.de\" style=\"color: #000000;\"> &gt; karim.boucena@decker-co.de<\/a><\/span><\/p>\n<p>[\/et_pb_team_member][\/et_pb_column][et_pb_column type=&#8220;1_4&#8243; _builder_version=&#8220;4.16&#8243; custom_padding=&#8220;|||&#8220; global_colors_info=&#8220;{}&#8220; custom_padding__hover=&#8220;|||&#8220;][\/et_pb_column][et_pb_column type=&#8220;1_4&#8243; _builder_version=&#8220;4.16&#8243; custom_padding=&#8220;|||&#8220; global_colors_info=&#8220;{}&#8220; custom_padding__hover=&#8220;|||&#8220;][\/et_pb_column][\/et_pb_row][et_pb_row _builder_version=&#8220;4.16&#8243; background_size=&#8220;initial&#8220; background_position=&#8220;top_left&#8220; background_repeat=&#8220;repeat&#8220; global_colors_info=&#8220;{}&#8220;][et_pb_column type=&#8220;4_4&#8243; _builder_version=&#8220;4.16&#8243; custom_padding=&#8220;|||&#8220; global_colors_info=&#8220;{}&#8220; custom_padding__hover=&#8220;|||&#8220;][et_pb_divider color=&#8220;#575656&#8243; divider_weight=&#8220;3px&#8220; disabled_on=&#8220;off&#8220; _builder_version=&#8220;4.16&#8243; height=&#8220;3px&#8220; hide_on_mobile=&#8220;off&#8220; global_colors_info=&#8220;{}&#8220;][\/et_pb_divider][\/et_pb_column][\/et_pb_row][\/et_pb_section][et_pb_section fb_built=&#8220;1&#8243; custom_padding_last_edited=&#8220;on|desktop&#8220; module_id=&#8220;zoll&#8220; _builder_version=&#8220;4.16&#8243; background_color=&#8220;rgba(255,255,255,0.8)&#8220; custom_padding_tablet=&#8220;50px|0|50px|0&#8243; custom_padding_phone=&#8220;&#8220; transparent_background=&#8220;off&#8220; padding_mobile=&#8220;off&#8220; global_colors_info=&#8220;{}&#8220;][et_pb_row column_structure=&#8220;1_2,1_2&#8243; _builder_version=&#8220;4.16&#8243; global_colors_info=&#8220;{}&#8220;][et_pb_column type=&#8220;1_2&#8243; _builder_version=&#8220;4.16&#8243; custom_padding=&#8220;|||&#8220; global_colors_info=&#8220;{}&#8220; custom_padding__hover=&#8220;|||&#8220;][et_pb_text admin_label=&#8220;\u00dcberschrift &#8211; Zoll \/ Abfertigung&#8220; _builder_version=&#8220;4.24.3&#8243; text_text_color=&#8220;#222222&#8243; header_text_color=&#8220;#222222&#8243; background_size=&#8220;initial&#8220; background_position=&#8220;top_left&#8220; background_repeat=&#8220;repeat&#8220; module_alignment=&#8220;left&#8220; custom_padding=&#8220;3px|||||&#8220; use_border_color=&#8220;off&#8220; border_color=&#8220;#ffffff&#8220; border_style=&#8220;solid&#8220; global_colors_info=&#8220;{}&#8220;]<\/p>\n<h2><span style=\"color: #333333;\"><strong>Zoll<\/strong><\/span><\/h2>\n<h4><span style=\"color: #000000;\">Telefax +49-7841-2028-19<\/span><\/h4>\n<p>[\/et_pb_text][\/et_pb_column][et_pb_column type=&#8220;1_2&#8243; _builder_version=&#8220;4.16&#8243; custom_padding=&#8220;|||&#8220; global_colors_info=&#8220;{}&#8220; custom_padding__hover=&#8220;|||&#8220;][\/et_pb_column][\/et_pb_row][et_pb_row column_structure=&#8220;1_4,1_4,1_4,1_4&#8243; _builder_version=&#8220;4.16&#8243; background_size=&#8220;initial&#8220; background_position=&#8220;top_left&#8220; background_repeat=&#8220;repeat&#8220; global_colors_info=&#8220;{}&#8220;][et_pb_column type=&#8220;1_4&#8243; _builder_version=&#8220;4.16&#8243; custom_padding=&#8220;|||&#8220; global_colors_info=&#8220;{}&#8220; custom_padding__hover=&#8220;|||&#8220;][et_pb_team_member name=&#8220;Cornelia Meier&#8220; position=&#8220;Zoll&#8220; image_url=&#8220;https:\/\/decker-co.de\/wp-content\/uploads\/2021\/08\/Meier_Cornelia.jpg&#8220; admin_label=&#8220;Ralf Meier&#8220; _builder_version=&#8220;4.24.3&#8243; header_text_color=&#8220;#222222&#8243; header_font_size=&#8220;17&#8243; body_text_color=&#8220;#222222&#8243; body_font_size=&#8220;13&#8243; position_text_color=&#8220;#6d6d6d&#8220; background_size=&#8220;initial&#8220; background_position=&#8220;top_left&#8220; background_repeat=&#8220;repeat&#8220; use_border_color=&#8220;off&#8220; border_color=&#8220;#ffffff&#8220; border_style=&#8220;solid&#8220; global_colors_info=&#8220;{}&#8220;]<\/p>\n<p><span style=\"color: #000000;\"><a href=\"tel:+49-7841-2028-162\" style=\"color: #000000;\">&gt; +49-7841-2028-162<\/a><\/span><br \/><span style=\"color: #000000;\"><a href=\"mailto:cornelia.meier@decker-co.de\" title=\"cornelia.meier@decker-co.de\" style=\"color: #000000;\"> &gt;cornelia.meier@decker-co.de<\/a><\/span><\/p>\n<p>[\/et_pb_team_member][\/et_pb_column][et_pb_column type=&#8220;1_4&#8243; _builder_version=&#8220;4.16&#8243; custom_padding=&#8220;|||&#8220; global_colors_info=&#8220;{}&#8220; custom_padding__hover=&#8220;|||&#8220;][\/et_pb_column][et_pb_column type=&#8220;1_4&#8243; _builder_version=&#8220;4.16&#8243; custom_padding=&#8220;|||&#8220; global_colors_info=&#8220;{}&#8220; custom_padding__hover=&#8220;|||&#8220;][\/et_pb_column][et_pb_column type=&#8220;1_4&#8243; _builder_version=&#8220;4.16&#8243; custom_padding=&#8220;|||&#8220; global_colors_info=&#8220;{}&#8220; custom_padding__hover=&#8220;|||&#8220;][\/et_pb_column][\/et_pb_row][et_pb_row _builder_version=&#8220;4.16&#8243; background_size=&#8220;initial&#8220; background_position=&#8220;top_left&#8220; background_repeat=&#8220;repeat&#8220; global_colors_info=&#8220;{}&#8220;][et_pb_column type=&#8220;4_4&#8243; _builder_version=&#8220;4.16&#8243; custom_padding=&#8220;|||&#8220; global_colors_info=&#8220;{}&#8220; custom_padding__hover=&#8220;|||&#8220;][et_pb_divider color=&#8220;#575656&#8243; divider_weight=&#8220;3px&#8220; disabled_on=&#8220;off&#8220; _builder_version=&#8220;4.16&#8243; height=&#8220;3px&#8220; hide_on_mobile=&#8220;off&#8220; global_colors_info=&#8220;{}&#8220;][\/et_pb_divider][\/et_pb_column][\/et_pb_row][\/et_pb_section][et_pb_section fb_built=&#8220;1&#8243; custom_padding_last_edited=&#8220;on|desktop&#8220; module_id=&#8220;internationaler-verkehr&#8220; _builder_version=&#8220;4.16&#8243; background_color=&#8220;rgba(255,255,255,0.8)&#8220; custom_padding_tablet=&#8220;50px|0|50px|0&#8243; custom_padding_phone=&#8220;&#8220; transparent_background=&#8220;off&#8220; padding_mobile=&#8220;off&#8220; global_colors_info=&#8220;{}&#8220;][et_pb_row _builder_version=&#8220;4.16&#8243; background_size=&#8220;initial&#8220; background_position=&#8220;top_left&#8220; background_repeat=&#8220;repeat&#8220; global_colors_info=&#8220;{}&#8220;][et_pb_column type=&#8220;4_4&#8243; _builder_version=&#8220;4.16&#8243; custom_padding=&#8220;|||&#8220; global_colors_info=&#8220;{}&#8220; custom_padding__hover=&#8220;|||&#8220;][et_pb_text admin_label=&#8220;\u00dcberschrift &#8211; Internationaler Verkehr&#8220; _builder_version=&#8220;4.16&#8243; text_text_color=&#8220;#222222&#8243; header_text_color=&#8220;#222222&#8243; background_size=&#8220;initial&#8220; background_position=&#8220;top_left&#8220; background_repeat=&#8220;repeat&#8220; module_alignment=&#8220;left&#8220; border_style=&#8220;solid&#8220; global_colors_info=&#8220;{}&#8220;]<\/p>\n<h2><span style=\"color: #333333;\"><strong>Internationaler Verkehr<\/strong><\/span><\/h2>\n<h4><span style=\"color: #000000;\">Telefax +49-7841-2028-19<\/span><\/h4>\n<p>[\/et_pb_text][\/et_pb_column][\/et_pb_row][et_pb_row column_structure=&#8220;1_4,1_4,1_4,1_4&#8243; _builder_version=&#8220;4.16&#8243; background_size=&#8220;initial&#8220; background_position=&#8220;top_left&#8220; background_repeat=&#8220;repeat&#8220; global_colors_info=&#8220;{}&#8220;][et_pb_column type=&#8220;1_4&#8243; _builder_version=&#8220;4.16&#8243; custom_padding=&#8220;|||&#8220; global_colors_info=&#8220;{}&#8220; custom_padding__hover=&#8220;|||&#8220;][et_pb_team_member name=&#8220;Rainer Schopf&#8220; position=&#8220;Leitung Internationale Verkehre&#8220; image_url=&#8220;https:\/\/decker-co.de\/wp-content\/uploads\/2016\/12\/Decker-228-Rainer_Schopf_450x300_WEB-RGB_161209.jpg&#8220; admin_label=&#8220;Rainer Schopf (Teamleitung)&#8220; _builder_version=&#8220;4.24.3&#8243; header_text_color=&#8220;#222222&#8243; header_font_size=&#8220;17&#8243; body_text_color=&#8220;#222222&#8243; body_font_size=&#8220;13&#8243; position_text_color=&#8220;#6d6d6d&#8220; background_size=&#8220;initial&#8220; background_position=&#8220;top_left&#8220; background_repeat=&#8220;repeat&#8220; use_border_color=&#8220;off&#8220; global_colors_info=&#8220;{}&#8220;]<\/p>\n<p><a href=\"tel:+49-7841-2028-10\"><span style=\"color: #222222;\">&gt; +49-7841-2028-10<\/span><\/a><br \/><a href=\"mailto:rainer.schopf@decker-co.de\"><span style=\"color: #222222;\"> &gt; rainer.schopf@decker-co.de<\/span><\/a><\/p>\n<p>[\/et_pb_team_member][\/et_pb_column][et_pb_column type=&#8220;1_4&#8243; _builder_version=&#8220;4.16&#8243; custom_padding=&#8220;|||&#8220; global_colors_info=&#8220;{}&#8220; custom_padding__hover=&#8220;|||&#8220;][et_pb_team_member name=&#8220;Sandra Ro\u00df&#8220; position=&#8220;Service Disposition&#8220; image_url=&#8220;https:\/\/decker-co.de\/wp-content\/uploads\/2016\/12\/Decker-034-Sandra_Ross_450x300_WEB-RGB_161209.jpg&#8220; admin_label=&#8220;Sandra Ro\u00df&#8220; _builder_version=&#8220;4.24.3&#8243; header_text_color=&#8220;#222222&#8243; header_font_size=&#8220;17&#8243; body_text_color=&#8220;#222222&#8243; body_font_size=&#8220;13&#8243; position_text_color=&#8220;#6d6d6d&#8220; background_size=&#8220;initial&#8220; background_position=&#8220;top_left&#8220; background_repeat=&#8220;repeat&#8220; use_border_color=&#8220;off&#8220; global_colors_info=&#8220;{}&#8220;]<\/p>\n<p><span style=\"color: #000000;\"><a href=\"tel:+49-7841-2028-18\" style=\"color: #000000;\">&gt; +49-7841-2028-18<\/a><\/span><br \/><span style=\"color: #666699;\"><a href=\"mailto:sandra.ross@decker-co.de\"><span style=\"color: #222222;\"><span style=\"color: #000000;\">&gt; sandra.ross@decker-co.de<\/span><\/span><\/a><br \/><\/span><\/p>\n<p>[\/et_pb_team_member][\/et_pb_column][et_pb_column type=&#8220;1_4&#8243; _builder_version=&#8220;4.16&#8243; custom_padding=&#8220;|||&#8220; global_colors_info=&#8220;{}&#8220; custom_padding__hover=&#8220;|||&#8220;][et_pb_team_member name=&#8220;Olivier Watbled&#8220; position=&#8220;Bereichsleitung Charter-Spezial&#8220; image_url=&#8220;https:\/\/decker-co.de\/wp-content\/uploads\/2021\/08\/Watbled_Olivier.jpg&#8220; admin_label=&#8220;Olivier Watbled&#8220; _builder_version=&#8220;4.24.3&#8243; header_text_color=&#8220;#222222&#8243; header_font_size=&#8220;17&#8243; body_text_color=&#8220;#222222&#8243; body_font_size=&#8220;13&#8243; position_text_color=&#8220;#6d6d6d&#8220; background_size=&#8220;initial&#8220; background_position=&#8220;top_left&#8220; background_repeat=&#8220;repeat&#8220; use_border_color=&#8220;off&#8220; border_color=&#8220;#ffffff&#8220; border_style=&#8220;solid&#8220; saved_tabs=&#8220;all&#8220; global_colors_info=&#8220;{}&#8220;]<\/p>\n<p><span style=\"color: #000000;\"><a href=\"tel:+49-7841-2028-160\" style=\"color: #000000;\">&gt; +49-7841-2028-160<\/a><\/span><br \/><span style=\"color: #000000;\"><a href=\"mailto:olivier.watbledt@decker-co.de\" style=\"color: #000000;\"> &gt; olivier.watbled@decker-co.de<\/a><\/span><\/p>\n<p>[\/et_pb_team_member][\/et_pb_column][et_pb_column type=&#8220;1_4&#8243; _builder_version=&#8220;4.16&#8243; custom_padding=&#8220;|||&#8220; global_colors_info=&#8220;{}&#8220; custom_padding__hover=&#8220;|||&#8220;][et_pb_team_member name=&#8220;Patrice Simon&#8220; position=&#8220;Disposition Internationale Verkehre&#8220; image_url=&#8220;https:\/\/decker-co.de\/wp-content\/uploads\/2024\/10\/Simon-Patrice.jpg&#8220; admin_label=&#8220;Ralf Meier&#8220; _builder_version=&#8220;4.27.2&#8243; header_text_color=&#8220;#222222&#8243; header_font_size=&#8220;17&#8243; body_text_color=&#8220;#222222&#8243; body_font_size=&#8220;13&#8243; position_text_color=&#8220;#6d6d6d&#8220; background_size=&#8220;initial&#8220; background_position=&#8220;top_left&#8220; background_repeat=&#8220;repeat&#8220; use_border_color=&#8220;off&#8220; border_color=&#8220;#ffffff&#8220; border_style=&#8220;solid&#8220; global_colors_info=&#8220;{}&#8220;]<\/p>\n<p><span style=\"color: #000000;\"><a href=\"tel:+49-7841-2028-130\" style=\"color: #000000;\">&gt; +49-7841-2028-130<\/a><\/span><br \/><span style=\"color: #000000;\"><a href=\"mailto:patrice.simon@decker-co.de\" style=\"color: #000000;\"> &gt; patrice.simon@decker-co.de<\/a><\/span><\/p>\n<p>[\/et_pb_team_member][\/et_pb_column][\/et_pb_row][et_pb_row _builder_version=&#8220;4.16&#8243; background_size=&#8220;initial&#8220; background_position=&#8220;top_left&#8220; background_repeat=&#8220;repeat&#8220; global_colors_info=&#8220;{}&#8220;][et_pb_column type=&#8220;4_4&#8243; _builder_version=&#8220;4.16&#8243; custom_padding=&#8220;|||&#8220; global_colors_info=&#8220;{}&#8220; custom_padding__hover=&#8220;|||&#8220;][et_pb_divider color=&#8220;#575656&#8243; divider_weight=&#8220;3px&#8220; disabled_on=&#8220;off&#8220; _builder_version=&#8220;4.16&#8243; height=&#8220;3px&#8220; hide_on_mobile=&#8220;off&#8220; global_colors_info=&#8220;{}&#8220;][\/et_pb_divider][\/et_pb_column][\/et_pb_row][\/et_pb_section][et_pb_section fb_built=&#8220;1&#8243; custom_padding_last_edited=&#8220;on|desktop&#8220; module_id=&#8220;sammelgut&#8220; _builder_version=&#8220;4.16&#8243; background_color=&#8220;rgba(255,255,255,0.8)&#8220; custom_padding_tablet=&#8220;50px|0|50px|0&#8243; custom_padding_phone=&#8220;&#8220; transparent_background=&#8220;off&#8220; padding_mobile=&#8220;off&#8220; global_colors_info=&#8220;{}&#8220;][et_pb_row _builder_version=&#8220;4.16&#8243; background_size=&#8220;initial&#8220; background_position=&#8220;top_left&#8220; background_repeat=&#8220;repeat&#8220; global_colors_info=&#8220;{}&#8220;][et_pb_column type=&#8220;4_4&#8243; _builder_version=&#8220;4.16&#8243; custom_padding=&#8220;|||&#8220; global_colors_info=&#8220;{}&#8220; custom_padding__hover=&#8220;|||&#8220;][et_pb_text admin_label=&#8220;\u00dcberschrift &#8211; Sammelgut VTL&#8220; _builder_version=&#8220;4.16&#8243; text_text_color=&#8220;#222222&#8243; header_text_color=&#8220;#222222&#8243; background_size=&#8220;initial&#8220; background_position=&#8220;top_left&#8220; background_repeat=&#8220;repeat&#8220; module_alignment=&#8220;left&#8220; use_border_color=&#8220;off&#8220; global_colors_info=&#8220;{}&#8220;]<\/p>\n<h2><span style=\"color: #333333;\"><strong>Sammelgut VTL \/ E.L.V.I.S.<\/strong><\/span><\/h2>\n<h4><span style=\"color: #000000;\">Telefax +49-7841-2028-40<\/span><\/h4>\n<p>[\/et_pb_text][\/et_pb_column][\/et_pb_row][et_pb_row column_structure=&#8220;1_4,1_4,1_4,1_4&#8243; _builder_version=&#8220;4.27.4&#8243; background_size=&#8220;initial&#8220; background_position=&#8220;top_left&#8220; background_repeat=&#8220;repeat&#8220; global_colors_info=&#8220;{}&#8220;][et_pb_column type=&#8220;1_4&#8243; _builder_version=&#8220;4.16&#8243; custom_padding=&#8220;|||&#8220; global_colors_info=&#8220;{}&#8220; custom_padding__hover=&#8220;|||&#8220;][et_pb_team_member name=&#8220;Maren Glaser&#8220; position=&#8220;Teamleitung Sammelgut \/ Systemverkehre&#8220; image_url=&#8220;https:\/\/decker-co.de\/wp-content\/uploads\/2016\/12\/Decker-310-Maren_Glaser_450x300_WEB-RGB_161209.jpg&#8220; admin_label=&#8220;Maren Glaser&#8220; _builder_version=&#8220;4.27.5&#8243; header_text_color=&#8220;#222222&#8243; header_font_size=&#8220;17&#8243; body_text_color=&#8220;#222222&#8243; body_font_size=&#8220;13&#8243; position_text_color=&#8220;#6d6d6d&#8220; background_size=&#8220;initial&#8220; background_position=&#8220;top_left&#8220; background_repeat=&#8220;repeat&#8220; border_style=&#8220;solid&#8220; global_colors_info=&#8220;{}&#8220;]<\/p>\n<p><a href=\"tel:+49-7841-2028-250\"><span style=\"color: #222222;\">&gt; +49-7841-2028-250<\/span><\/a><br \/><a href=\"mailto:maren.glaser@decker-co.de\"><span style=\"color: #222222;\"> &gt;\u00a0maren.glaser@decker-co.de<\/span><\/a><\/p>\n<p>[\/et_pb_team_member][\/et_pb_column][et_pb_column type=&#8220;1_4&#8243; _builder_version=&#8220;4.16&#8243; custom_padding=&#8220;|||&#8220; global_colors_info=&#8220;{}&#8220; custom_padding__hover=&#8220;|||&#8220;][et_pb_team_member name=&#8220;Denis Zink&#8220; position=&#8220;Sammelgut&#8220; image_url=&#8220;https:\/\/decker-co.de\/wp-content\/uploads\/2023\/01\/Zink_Denis.jpg&#8220; admin_label=&#8220;Denis Zink&#8220; _builder_version=&#8220;4.27.4&#8243; header_text_color=&#8220;#222222&#8243; header_font_size=&#8220;17&#8243; body_text_color=&#8220;#222222&#8243; body_font_size=&#8220;13&#8243; position_text_color=&#8220;#6d6d6d&#8220; background_size=&#8220;initial&#8220; background_position=&#8220;top_left&#8220; background_repeat=&#8220;repeat&#8220; use_border_color=&#8220;off&#8220; border_color=&#8220;#ffffff&#8220; border_style=&#8220;solid&#8220; global_colors_info=&#8220;{}&#8220;]<\/p>\n<p><span style=\"color: #000000;\"><a href=\"tel:+49-7841-2028-251\" style=\"color: #000000;\">&gt; +49-7841-2028-251<\/a><\/span><br \/><span style=\"color: #000000;\"><a href=\"mailto:denis.zink@decker-co.de\" title=\"denis.zink@decker-co.de\" style=\"color: #000000;\"> &gt; denis.zink@decker-co.de<\/a><\/span><\/p>\n<p>[\/et_pb_team_member][\/et_pb_column][et_pb_column type=&#8220;1_4&#8243; _builder_version=&#8220;4.16&#8243; custom_padding=&#8220;|||&#8220; global_colors_info=&#8220;{}&#8220; custom_padding__hover=&#8220;|||&#8220;][et_pb_team_member name=&#8220;Jens Fai\u00dft&#8220; position=&#8220;Sammelgut&#8220; image_url=&#8220;https:\/\/decker-co.de\/wp-content\/uploads\/2017\/11\/Faisst_Jens.png&#8220; admin_label=&#8220;Jens Fai\u00dft&#8220; _builder_version=&#8220;4.27.4&#8243; header_text_color=&#8220;#222222&#8243; header_font_size=&#8220;17&#8243; body_text_color=&#8220;#222222&#8243; body_font_size=&#8220;13&#8243; position_text_color=&#8220;#6d6d6d&#8220; background_size=&#8220;initial&#8220; background_position=&#8220;top_left&#8220; background_repeat=&#8220;repeat&#8220; global_colors_info=&#8220;{}&#8220;]<\/p>\n<p><span style=\"color: #000000;\"><a href=\"tel:+49-7841-2028-92\" style=\"color: #000000;\">&gt; +49-7841-2028-92<\/a><\/span><br \/><span style=\"color: #000000;\"><a href=\"mailto:jens.faisst@decker-co.de\" style=\"color: #000000;\"> &gt; jens.faisst@decker-co.de<\/a><\/span><\/p>\n<p>[\/et_pb_team_member][\/et_pb_column][et_pb_column type=&#8220;1_4&#8243; _builder_version=&#8220;4.16&#8243; custom_padding=&#8220;|||&#8220; global_colors_info=&#8220;{}&#8220; custom_padding__hover=&#8220;|||&#8220;][\/et_pb_column][\/et_pb_row][et_pb_row column_structure=&#8220;1_4,1_4,1_4,1_4&#8243; _builder_version=&#8220;4.27.4&#8243; background_size=&#8220;initial&#8220; background_position=&#8220;top_left&#8220; background_repeat=&#8220;repeat&#8220; global_colors_info=&#8220;{}&#8220;][et_pb_column type=&#8220;1_4&#8243; _builder_version=&#8220;4.16&#8243; custom_padding=&#8220;|||&#8220; global_colors_info=&#8220;{}&#8220; custom_padding__hover=&#8220;|||&#8220;][et_pb_team_member name=&#8220;Diana Quicker&#8220; position=&#8220;Sammelgut \/ Eingang&#8220; image_url=&#8220;https:\/\/decker-co.de\/wp-content\/uploads\/2017\/11\/Quicker_Diana.jpg&#8220; admin_label=&#8220;Diana Quicker&#8220; _builder_version=&#8220;4.24.3&#8243; header_text_color=&#8220;#222222&#8243; header_font_size=&#8220;17&#8243; body_text_color=&#8220;#222222&#8243; body_font_size=&#8220;13&#8243; position_text_color=&#8220;#6d6d6d&#8220; background_size=&#8220;initial&#8220; background_position=&#8220;top_left&#8220; background_repeat=&#8220;repeat&#8220; global_colors_info=&#8220;{}&#8220;]<\/p>\n<p><span style=\"color: #000000;\"><a href=\"tel:+49-7841-2028-252\" style=\"color: #000000;\">&gt; +49-7841-2028-252<\/a><\/span><br \/><span style=\"color: #000000;\"><a href=\"mailto:diana.quicker@decker-co.de\" style=\"color: #000000;\"> &gt; diana.quicker@decker-co.de<\/a><\/span><\/p>\n<p>[\/et_pb_team_member][\/et_pb_column][et_pb_column type=&#8220;1_4&#8243; _builder_version=&#8220;4.16&#8243; custom_padding=&#8220;|||&#8220; global_colors_info=&#8220;{}&#8220; custom_padding__hover=&#8220;|||&#8220;][et_pb_team_member name=&#8220;Adrian Gund&#8220; position=&#8220;Sammelgut \/ Abfertigung&#8220; image_url=&#8220;https:\/\/decker-co.de\/wp-content\/uploads\/2021\/08\/Gund_Adrian.jpg&#8220; admin_label=&#8220;Karim Boucena&#8220; _builder_version=&#8220;4.27.4&#8243; header_text_color=&#8220;#222222&#8243; header_font_size=&#8220;17&#8243; body_text_color=&#8220;#222222&#8243; body_font_size=&#8220;13&#8243; position_text_color=&#8220;#6d6d6d&#8220; background_size=&#8220;initial&#8220; background_position=&#8220;top_left&#8220; background_repeat=&#8220;repeat&#8220; use_border_color=&#8220;off&#8220; border_color=&#8220;#ffffff&#8220; border_style=&#8220;solid&#8220; global_colors_info=&#8220;{}&#8220;]<\/p>\n<p><span style=\"color: #222222;\">&gt; <a href=\"tel:+4978412028240\" style=\"color: #222222;\">+49 7841-2028-240<\/a><\/span><br \/><a href=\"mailto:adrian.gund@decker-co.de\"><span style=\"color: #222222;\"> &gt; adrian.gund@decker-co.de<\/span><\/a><\/p>\n<p>[\/et_pb_team_member][\/et_pb_column][et_pb_column type=&#8220;1_4&#8243; _builder_version=&#8220;4.16&#8243; custom_padding=&#8220;|||&#8220; global_colors_info=&#8220;{}&#8220; custom_padding__hover=&#8220;|||&#8220;][\/et_pb_column][et_pb_column type=&#8220;1_4&#8243; _builder_version=&#8220;4.16&#8243; custom_padding=&#8220;|||&#8220; global_colors_info=&#8220;{}&#8220; custom_padding__hover=&#8220;|||&#8220;][\/et_pb_column][\/et_pb_row][et_pb_row _builder_version=&#8220;4.16&#8243; background_size=&#8220;initial&#8220; background_position=&#8220;top_left&#8220; background_repeat=&#8220;repeat&#8220; global_colors_info=&#8220;{}&#8220;][et_pb_column type=&#8220;4_4&#8243; _builder_version=&#8220;4.16&#8243; custom_padding=&#8220;|||&#8220; global_colors_info=&#8220;{}&#8220; custom_padding__hover=&#8220;|||&#8220;][et_pb_divider color=&#8220;#575656&#8243; divider_weight=&#8220;3px&#8220; disabled_on=&#8220;off&#8220; _builder_version=&#8220;4.16&#8243; height=&#8220;3px&#8220; hide_on_mobile=&#8220;off&#8220; global_colors_info=&#8220;{}&#8220;][\/et_pb_divider][\/et_pb_column][\/et_pb_row][\/et_pb_section][et_pb_section fb_built=&#8220;1&#8243; custom_padding_last_edited=&#8220;on|desktop&#8220; module_id=&#8220;nahverkehr&#8220; _builder_version=&#8220;4.24.3&#8243; background_color=&#8220;rgba(255,255,255,0.8)&#8220; custom_padding_tablet=&#8220;50px|0|50px|0&#8243; custom_padding_phone=&#8220;&#8220; transparent_background=&#8220;off&#8220; padding_mobile=&#8220;off&#8220; global_colors_info=&#8220;{}&#8220;][et_pb_row _builder_version=&#8220;4.16&#8243; background_size=&#8220;initial&#8220; background_position=&#8220;top_left&#8220; background_repeat=&#8220;repeat&#8220; global_colors_info=&#8220;{}&#8220;][et_pb_column type=&#8220;4_4&#8243; _builder_version=&#8220;4.16&#8243; custom_padding=&#8220;|||&#8220; global_colors_info=&#8220;{}&#8220; custom_padding__hover=&#8220;|||&#8220;][et_pb_text admin_label=&#8220;\u00dcberschrift &#8211; Nahverkehr&#8220; _builder_version=&#8220;4.16&#8243; text_text_color=&#8220;#222222&#8243; header_text_color=&#8220;#222222&#8243; background_size=&#8220;initial&#8220; background_position=&#8220;top_left&#8220; background_repeat=&#8220;repeat&#8220; module_alignment=&#8220;left&#8220; use_border_color=&#8220;off&#8220; border_color=&#8220;#ffffff&#8220; border_style=&#8220;solid&#8220; global_colors_info=&#8220;{}&#8220;]<\/p>\n<h2><span style=\"color: #333333;\"><strong>Nahverkehr<\/strong><\/span><\/h2>\n<h4><span style=\"color: #000000;\">Telefax +49-7841-2028-40<\/span><\/h4>\n<p>[\/et_pb_text][\/et_pb_column][\/et_pb_row][et_pb_row column_structure=&#8220;1_4,1_4,1_4,1_4&#8243; _builder_version=&#8220;4.16&#8243; background_size=&#8220;initial&#8220; background_position=&#8220;top_left&#8220; background_repeat=&#8220;repeat&#8220; global_colors_info=&#8220;{}&#8220;][et_pb_column type=&#8220;1_4&#8243; _builder_version=&#8220;4.16&#8243; custom_padding=&#8220;|||&#8220; global_colors_info=&#8220;{}&#8220; custom_padding__hover=&#8220;|||&#8220;][et_pb_team_member name=&#8220;Dennis Schunke&#8220; position=&#8220;Leitung Nationale Verkehre&#8220; image_url=&#8220;https:\/\/decker-co.de\/wp-content\/uploads\/2016\/12\/Decker-114-Dennis_Schunke_450x300_WEB-RGB_161209.jpg&#8220; admin_label=&#8220;Dennis Schunke&#8220; _builder_version=&#8220;4.27.5&#8243; header_text_color=&#8220;#222222&#8243; header_font_size=&#8220;17&#8243; body_text_color=&#8220;#222222&#8243; body_font_size=&#8220;13&#8243; position_text_color=&#8220;#6d6d6d&#8220; background_size=&#8220;initial&#8220; background_position=&#8220;top_left&#8220; background_repeat=&#8220;repeat&#8220; use_border_color=&#8220;off&#8220; border_color=&#8220;#ffffff&#8220; border_style=&#8220;solid&#8220; global_colors_info=&#8220;{}&#8220;]<\/p>\n<p><span style=\"color: #000000;\"><a href=\"tel:+49-7841-2028-34\" style=\"color: #000000;\">&gt; +49-7841-2028-34<\/a><\/span><br \/><span style=\"color: #000000;\"><a href=\"mailto:dennis.schunke@decker-co.de\" style=\"color: #000000;\"> &gt;\u00a0dennis.schunke@decker-co.de<\/a><\/span><\/p>\n<p>[\/et_pb_team_member][\/et_pb_column][et_pb_column type=&#8220;1_4&#8243; _builder_version=&#8220;4.16&#8243; custom_padding=&#8220;|||&#8220; global_colors_info=&#8220;{}&#8220; custom_padding__hover=&#8220;|||&#8220;][et_pb_team_member name=&#8220;Gunter M\u00fcller&#8220; position=&#8220;Disposition Nahverkehr&#8220; image_url=&#8220;https:\/\/decker-co.de\/wp-content\/uploads\/2016\/12\/Decker-269-Gunter_Mueller_450x300_WEB-RGB_161209.jpg&#8220; admin_label=&#8220;Gunter M\u00fcller&#8220; _builder_version=&#8220;4.27.4&#8243; header_text_color=&#8220;#222222&#8243; header_font_size=&#8220;17&#8243; body_text_color=&#8220;#222222&#8243; body_font_size=&#8220;13&#8243; position_text_color=&#8220;#6d6d6d&#8220; background_size=&#8220;initial&#8220; background_position=&#8220;top_left&#8220; background_repeat=&#8220;repeat&#8220; use_border_color=&#8220;off&#8220; border_color=&#8220;#ffffff&#8220; border_style=&#8220;solid&#8220; global_colors_info=&#8220;{}&#8220;]<\/p>\n<p><span style=\"color: #000000;\"><a href=\"tel:+49-7841-2028-50\" style=\"color: #000000;\">&gt; +49-7841-2028-50<\/a><\/span><br \/><span style=\"color: #000000;\"><a href=\"mailto:gunter.mueller@decker-co.de\" style=\"color: #000000;\"> &gt; gunter.mueller@decker-co.de<\/a><\/span><\/p>\n<p>[\/et_pb_team_member][\/et_pb_column][et_pb_column type=&#8220;1_4&#8243; _builder_version=&#8220;4.16&#8243; custom_padding=&#8220;|||&#8220; global_colors_info=&#8220;{}&#8220; custom_padding__hover=&#8220;|||&#8220;][et_pb_team_member name=&#8220;Michael Noriller&#8220; position=&#8220;Disposition Nahverkehr&#8220; image_url=&#8220;https:\/\/decker-co.de\/wp-content\/uploads\/2025\/08\/Noriller_Michael.jpg&#8220; admin_label=&#8220;Michael Noriller&#8220; _builder_version=&#8220;4.27.4&#8243; header_text_color=&#8220;#222222&#8243; header_font_size=&#8220;17&#8243; body_text_color=&#8220;#222222&#8243; body_font_size=&#8220;13&#8243; position_text_color=&#8220;#6d6d6d&#8220; background_size=&#8220;initial&#8220; background_position=&#8220;top_left&#8220; background_repeat=&#8220;repeat&#8220; use_border_color=&#8220;off&#8220; border_color=&#8220;#ffffff&#8220; border_style=&#8220;solid&#8220; global_colors_info=&#8220;{}&#8220;]<\/p>\n<p><span style=\"color: #000000;\"><a href=\"tel:+49-7841-2028-31\" style=\"color: #000000;\">&gt; +49-7841-2028-31<\/a><\/span><br \/><span style=\"color: #000000;\"><a href=\"mailto:michael.noriller@decker-co.de\" style=\"color: #000000;\"> &gt; michael.noriller@decker-co.de<\/a><\/span><\/p>\n<p>[\/et_pb_team_member][\/et_pb_column][et_pb_column type=&#8220;1_4&#8243; _builder_version=&#8220;4.16&#8243; custom_padding=&#8220;|||&#8220; global_colors_info=&#8220;{}&#8220; custom_padding__hover=&#8220;|||&#8220;][\/et_pb_column][\/et_pb_row][et_pb_row _builder_version=&#8220;4.16&#8243; background_size=&#8220;initial&#8220; background_position=&#8220;top_left&#8220; background_repeat=&#8220;repeat&#8220; global_colors_info=&#8220;{}&#8220;][et_pb_column type=&#8220;4_4&#8243; _builder_version=&#8220;4.16&#8243; custom_padding=&#8220;|||&#8220; global_colors_info=&#8220;{}&#8220; custom_padding__hover=&#8220;|||&#8220;][et_pb_divider color=&#8220;#575656&#8243; divider_weight=&#8220;3px&#8220; disabled_on=&#8220;off&#8220; _builder_version=&#8220;4.27.5&#8243; height=&#8220;3px&#8220; hide_on_mobile=&#8220;off&#8220; global_colors_info=&#8220;{}&#8220;][\/et_pb_divider][\/et_pb_column][\/et_pb_row][\/et_pb_section][et_pb_section fb_built=&#8220;1&#8243; custom_padding_last_edited=&#8220;on|desktop&#8220; module_id=&#8220;logistik&#8220; _builder_version=&#8220;4.27.5&#8243; background_color=&#8220;rgba(255,255,255,0.8)&#8220; custom_padding_tablet=&#8220;50px|0|50px|0&#8243; custom_padding_phone=&#8220;&#8220; transparent_background=&#8220;off&#8220; padding_mobile=&#8220;off&#8220; global_colors_info=&#8220;{}&#8220;][et_pb_row column_structure=&#8220;1_2,1_4,1_4&#8243; _builder_version=&#8220;4.16&#8243; background_size=&#8220;initial&#8220; background_position=&#8220;top_left&#8220; background_repeat=&#8220;repeat&#8220; global_colors_info=&#8220;{}&#8220;][et_pb_column type=&#8220;1_2&#8243; _builder_version=&#8220;4.16&#8243; custom_padding=&#8220;|||&#8220; global_colors_info=&#8220;{}&#8220; custom_padding__hover=&#8220;|||&#8220;][et_pb_text admin_label=&#8220;Lagerleitstand&#8220; _builder_version=&#8220;4.17.3&#8243; text_text_color=&#8220;#222222&#8243; header_text_color=&#8220;#222222&#8243; background_size=&#8220;initial&#8220; background_position=&#8220;top_left&#8220; background_repeat=&#8220;repeat&#8220; module_alignment=&#8220;left&#8220; use_border_color=&#8220;off&#8220; border_color=&#8220;#ffffff&#8220; border_style=&#8220;solid&#8220; global_colors_info=&#8220;{}&#8220;]<\/p>\n<h2><span style=\"color: #333333;\"><strong>Logistik<\/strong><\/span><\/h2>\n<p>[\/et_pb_text][\/et_pb_column][et_pb_column type=&#8220;1_4&#8243; _builder_version=&#8220;4.16&#8243; custom_padding=&#8220;|||&#8220; global_colors_info=&#8220;{}&#8220; custom_padding__hover=&#8220;|||&#8220;][\/et_pb_column][et_pb_column type=&#8220;1_4&#8243; _builder_version=&#8220;4.16&#8243; custom_padding=&#8220;|||&#8220; global_colors_info=&#8220;{}&#8220; custom_padding__hover=&#8220;|||&#8220;][\/et_pb_column][\/et_pb_row][et_pb_row column_structure=&#8220;1_4,1_4,1_4,1_4&#8243; _builder_version=&#8220;4.16&#8243; background_size=&#8220;initial&#8220; background_position=&#8220;top_left&#8220; background_repeat=&#8220;repeat&#8220; global_colors_info=&#8220;{}&#8220;][et_pb_column type=&#8220;1_4&#8243; _builder_version=&#8220;4.16&#8243; custom_padding=&#8220;|||&#8220; global_colors_info=&#8220;{}&#8220; custom_padding__hover=&#8220;|||&#8220;][et_pb_team_member name=&#8220;Tobias Ebler&#8220; position=&#8220;Logistikleiter&#8220; image_url=&#8220;https:\/\/decker-co.de\/wp-content\/uploads\/2026\/02\/Ebler_Tobias.jpg&#8220; admin_label=&#8220;Felix Leppert&#8220; _builder_version=&#8220;4.27.5&#8243; header_text_color=&#8220;#222222&#8243; header_font_size=&#8220;17&#8243; body_text_color=&#8220;#222222&#8243; body_font_size=&#8220;13&#8243; position_text_color=&#8220;#707070&#8243; background_size=&#8220;initial&#8220; background_position=&#8220;top_left&#8220; background_repeat=&#8220;repeat&#8220; global_colors_info=&#8220;{}&#8220;]<\/p>\n<p><span style=\"color: #000000;\"><a href=\"tel:+49-7841-2028-390\" style=\"color: #000000;\">+49-7841-2028-390<\/a><\/span><br \/><span style=\"color: #000000;\"><a href=\"mailto:tobias.ebler@decker-co.de\" style=\"color: #000000;\">&gt; tobias.ebler@decker-co.de<\/a><\/span><\/p>\n<p>[\/et_pb_team_member][\/et_pb_column][et_pb_column type=&#8220;1_4&#8243; _builder_version=&#8220;4.16&#8243; custom_padding=&#8220;|||&#8220; global_colors_info=&#8220;{}&#8220; custom_padding__hover=&#8220;|||&#8220;][et_pb_team_member name=&#8220;Catherina W\u00f6rner &#8220; position=&#8220;Logistik Administration&#8220; image_url=&#8220;https:\/\/decker-co.de\/wp-content\/uploads\/2024\/01\/Woerner_Catherina.jpg&#8220; admin_label=&#8220;Felix Leppert&#8220; _builder_version=&#8220;4.24.3&#8243; header_text_color=&#8220;#222222&#8243; header_font_size=&#8220;17&#8243; body_text_color=&#8220;#222222&#8243; body_font_size=&#8220;13&#8243; position_text_color=&#8220;#707070&#8243; background_size=&#8220;initial&#8220; background_position=&#8220;top_left&#8220; background_repeat=&#8220;repeat&#8220; global_colors_info=&#8220;{}&#8220;]<\/p>\n<p><span style=\"color: #000000;\"><a href=\"tel:+49-7841-2028-601\" style=\"color: #000000;\">+49-7841-2028-601<\/a><\/span><br \/><span style=\"color: #000000;\"><a href=\"mailto:catherina.woerner@decker-co.de\" style=\"color: #000000;\">&gt; catherina.woerner@decker-co.de<\/a><\/span><\/p>\n<p>[\/et_pb_team_member][\/et_pb_column][et_pb_column type=&#8220;1_4&#8243; _builder_version=&#8220;4.24.3&#8243; _module_preset=&#8220;default&#8220; global_colors_info=&#8220;{}&#8220;][\/et_pb_column][et_pb_column type=&#8220;1_4&#8243; _builder_version=&#8220;4.16&#8243; custom_padding=&#8220;|||&#8220; global_colors_info=&#8220;{}&#8220; custom_padding__hover=&#8220;|||&#8220;][\/et_pb_column][\/et_pb_row][et_pb_row _builder_version=&#8220;4.16&#8243; background_size=&#8220;initial&#8220; background_position=&#8220;top_left&#8220; background_repeat=&#8220;repeat&#8220; global_colors_info=&#8220;{}&#8220;][et_pb_column type=&#8220;4_4&#8243; _builder_version=&#8220;4.16&#8243; custom_padding=&#8220;|||&#8220; global_colors_info=&#8220;{}&#8220; custom_padding__hover=&#8220;|||&#8220;][et_pb_divider color=&#8220;#575656&#8243; divider_weight=&#8220;3px&#8220; disabled_on=&#8220;off&#8220; _builder_version=&#8220;4.16&#8243; height=&#8220;5px&#8220; hide_on_mobile=&#8220;off&#8220; global_colors_info=&#8220;{}&#8220;][\/et_pb_divider][\/et_pb_column][\/et_pb_row][\/et_pb_section][et_pb_section fb_built=&#8220;1&#8243; custom_padding_last_edited=&#8220;on|desktop&#8220; module_id=&#8220;paletten&#8220; _builder_version=&#8220;4.16&#8243; background_color=&#8220;rgba(255,255,255,0.8)&#8220; custom_padding_tablet=&#8220;50px|0|50px|0&#8243; custom_padding_phone=&#8220;&#8220; transparent_background=&#8220;off&#8220; padding_mobile=&#8220;off&#8220; global_colors_info=&#8220;{}&#8220;][et_pb_row _builder_version=&#8220;4.16&#8243; background_size=&#8220;initial&#8220; background_position=&#8220;top_left&#8220; background_repeat=&#8220;repeat&#8220; global_colors_info=&#8220;{}&#8220;][et_pb_column type=&#8220;4_4&#8243; _builder_version=&#8220;4.16&#8243; custom_padding=&#8220;|||&#8220; global_colors_info=&#8220;{}&#8220; custom_padding__hover=&#8220;|||&#8220;][et_pb_text admin_label=&#8220;Palettenabteilung&#8220; _builder_version=&#8220;4.27.6&#8243; text_text_color=&#8220;#222222&#8243; header_text_color=&#8220;#222222&#8243; background_size=&#8220;initial&#8220; background_position=&#8220;top_left&#8220; background_repeat=&#8220;repeat&#8220; module_alignment=&#8220;left&#8220; use_border_color=&#8220;off&#8220; border_color=&#8220;#ffffff&#8220; border_style=&#8220;solid&#8220; global_colors_info=&#8220;{}&#8220;]<\/p>\n<h2><span style=\"color: #333333;\"><strong>Lademittelabteilung<\/strong><\/span><\/h2>\n<h4><span style=\"color: #000000;\">Telefax +49-7841-2028-768<\/span><\/h4>\n<p>[\/et_pb_text][\/et_pb_column][\/et_pb_row][et_pb_row column_structure=&#8220;1_4,1_4,1_4,1_4&#8243; _builder_version=&#8220;4.16&#8243; background_size=&#8220;initial&#8220; background_position=&#8220;top_left&#8220; background_repeat=&#8220;repeat&#8220; global_colors_info=&#8220;{}&#8220;][et_pb_column type=&#8220;1_4&#8243; _builder_version=&#8220;4.16&#8243; custom_padding=&#8220;|||&#8220; global_colors_info=&#8220;{}&#8220; custom_padding__hover=&#8220;|||&#8220;][et_pb_team_member name=&#8220;Patric Kast&#8220; position=&#8220;Teamleitung Paletten&#8220; image_url=&#8220;https:\/\/decker-co.de\/wp-content\/uploads\/2026\/01\/Kast_Patric.jpg&#8220; admin_label=&#8220;Patric Kast&#8220; _builder_version=&#8220;4.27.5&#8243; header_text_color=&#8220;#222222&#8243; header_font_size=&#8220;17&#8243; body_text_color=&#8220;#222222&#8243; body_font_size=&#8220;13&#8243; position_text_color=&#8220;#6d6d6d&#8220; background_size=&#8220;initial&#8220; background_position=&#8220;top_left&#8220; background_repeat=&#8220;repeat&#8220; use_border_color=&#8220;off&#8220; border_color=&#8220;#ffffff&#8220; border_style=&#8220;solid&#8220; global_colors_info=&#8220;{}&#8220;]<\/p>\n<p><span style=\"color: #000000;\"><a href=\"tel:+49-7841-2028-602\" style=\"color: #000000;\">&gt; +49-7841-2028-602<\/a><\/span><br \/><span style=\"color: #222222;\"><span style=\"color: #000000;\"><a href=\"mailto:patric.kast@decker-co.de\" style=\"color: #000000;\">&gt;\u00a0patric.kast@decker-co.de<\/a><\/span><br \/><\/span><\/p>\n<p>[\/et_pb_team_member][\/et_pb_column][et_pb_column type=&#8220;1_4&#8243; _builder_version=&#8220;4.16&#8243; custom_padding=&#8220;|||&#8220; global_colors_info=&#8220;{}&#8220; custom_padding__hover=&#8220;|||&#8220;][et_pb_team_member name=&#8220;Sabine Hermann&#8220; position=&#8220;Paletten&#8220; image_url=&#8220;https:\/\/decker-co.de\/wp-content\/uploads\/2016\/12\/Decker-095-Sabine_Hermann_450x300_WEB-RGB_161209n.jpg&#8220; admin_label=&#8220;Sabine Hermann&#8220; _builder_version=&#8220;4.24.3&#8243; header_text_color=&#8220;#222222&#8243; header_font_size=&#8220;17&#8243; body_text_color=&#8220;#222222&#8243; body_font_size=&#8220;13&#8243; position_text_color=&#8220;#6d6d6d&#8220; background_size=&#8220;initial&#8220; background_position=&#8220;top_left&#8220; background_repeat=&#8220;repeat&#8220; use_border_color=&#8220;off&#8220; global_colors_info=&#8220;{}&#8220;]<\/p>\n<p><span style=\"color: #000000;\"><a href=\"tel:+49-7841-2028-69\" style=\"color: #000000;\">&gt; +49-7841-2028-69<\/a><\/span><br \/><span style=\"color: #000000;\"><a href=\"mailto:sabine.hermann@decker-co.de\" style=\"color: #000000;\"> &gt;\u00a0sabine.hermann@decker-co.de<\/a><\/span><\/p>\n<p>[\/et_pb_team_member][\/et_pb_column][et_pb_column type=&#8220;1_4&#8243; _builder_version=&#8220;4.16&#8243; custom_padding=&#8220;|||&#8220; global_colors_info=&#8220;{}&#8220; custom_padding__hover=&#8220;|||&#8220;][et_pb_team_member name=&#8220;Daniel G\u00f6hr&#8220; position=&#8220;Paletten&#8220; image_url=&#8220;https:\/\/decker-co.de\/wp-content\/uploads\/2016\/12\/Decker-215-Daniel_Goer_450x300_WEB-RGB_161209.jpg&#8220; admin_label=&#8220;Daniel G\u00f6hr&#8220; _builder_version=&#8220;4.24.3&#8243; header_text_color=&#8220;#222222&#8243; header_font_size=&#8220;17&#8243; body_text_color=&#8220;#222222&#8243; body_font_size=&#8220;13&#8243; position_text_color=&#8220;#6d6d6d&#8220; background_size=&#8220;initial&#8220; background_position=&#8220;top_left&#8220; background_repeat=&#8220;repeat&#8220; use_border_color=&#8220;off&#8220; border_color=&#8220;#ffffff&#8220; border_style=&#8220;solid&#8220; global_colors_info=&#8220;{}&#8220;]<\/p>\n<p><span style=\"color: #000000;\"><a href=\"tel:+49-7841-2028-766\" style=\"color: #000000;\">&gt; +49-7841-2028-766<\/a><\/span><br \/><span style=\"color: #000000;\"><a href=\"mailto:daniel.goehr@decker-co.de\" style=\"color: #000000;\"> &gt; daniel.goehr@decker-co.de<\/a><\/span><\/p>\n<p>[\/et_pb_team_member][\/et_pb_column][et_pb_column type=&#8220;1_4&#8243; _builder_version=&#8220;4.16&#8243; custom_padding=&#8220;|||&#8220; global_colors_info=&#8220;{}&#8220; custom_padding__hover=&#8220;|||&#8220;][\/et_pb_column][\/et_pb_row][et_pb_row _builder_version=&#8220;4.16&#8243; background_size=&#8220;initial&#8220; background_position=&#8220;top_left&#8220; background_repeat=&#8220;repeat&#8220; global_colors_info=&#8220;{}&#8220;][et_pb_column type=&#8220;4_4&#8243; _builder_version=&#8220;4.16&#8243; custom_padding=&#8220;|||&#8220; global_colors_info=&#8220;{}&#8220; custom_padding__hover=&#8220;|||&#8220;][et_pb_divider color=&#8220;#575656&#8243; divider_weight=&#8220;3px&#8220; disabled_on=&#8220;off&#8220; _builder_version=&#8220;4.16&#8243; height=&#8220;3px&#8220; hide_on_mobile=&#8220;off&#8220; global_colors_info=&#8220;{}&#8220;][\/et_pb_divider][\/et_pb_column][\/et_pb_row][\/et_pb_section][et_pb_section fb_built=&#8220;1&#8243; custom_padding_last_edited=&#8220;on|desktop&#8220; module_id=&#8220;abrechnung&#8220; _builder_version=&#8220;4.16&#8243; background_color=&#8220;rgba(255,255,255,0.8)&#8220; custom_padding_tablet=&#8220;50px|0|50px|0&#8243; custom_padding_phone=&#8220;&#8220; transparent_background=&#8220;off&#8220; padding_mobile=&#8220;off&#8220; global_colors_info=&#8220;{}&#8220;][et_pb_row _builder_version=&#8220;4.16&#8243; background_size=&#8220;initial&#8220; background_position=&#8220;top_left&#8220; background_repeat=&#8220;repeat&#8220; global_colors_info=&#8220;{}&#8220;][et_pb_column type=&#8220;4_4&#8243; _builder_version=&#8220;4.16&#8243; custom_padding=&#8220;|||&#8220; global_colors_info=&#8220;{}&#8220; custom_padding__hover=&#8220;|||&#8220;][et_pb_text admin_label=&#8220;Abrechnung \/ Belege&#8220; _builder_version=&#8220;4.16&#8243; text_text_color=&#8220;#222222&#8243; header_text_color=&#8220;#222222&#8243; background_size=&#8220;initial&#8220; background_position=&#8220;top_left&#8220; background_repeat=&#8220;repeat&#8220; module_alignment=&#8220;left&#8220; use_border_color=&#8220;off&#8220; border_color=&#8220;#ffffff&#8220; border_style=&#8220;solid&#8220; global_colors_info=&#8220;{}&#8220;]<\/p>\n<h2><span style=\"color: #333333;\"><strong>Abrechnung \/ Belege<\/strong><\/span><\/h2>\n<h4><span style=\"color: #000000;\">Telefax +49-7841-2028-760<\/span><\/h4>\n<p>[\/et_pb_text][\/et_pb_column][\/et_pb_row][et_pb_row column_structure=&#8220;1_4,1_4,1_4,1_4&#8243; _builder_version=&#8220;4.16&#8243; background_size=&#8220;initial&#8220; background_position=&#8220;top_left&#8220; background_repeat=&#8220;repeat&#8220; global_colors_info=&#8220;{}&#8220;][et_pb_column type=&#8220;1_4&#8243; _builder_version=&#8220;4.16&#8243; custom_padding=&#8220;|||&#8220; global_colors_info=&#8220;{}&#8220; custom_padding__hover=&#8220;|||&#8220;][et_pb_team_member name=&#8220;Anja Ziel&#8220; position=&#8220;Teamleitung Abrechnung&#8220; image_url=&#8220;https:\/\/decker-co.de\/wp-content\/uploads\/2016\/12\/Decker-177-Anja_Ziel_450x300_WEB-RGB_161209.jpg&#8220; admin_label=&#8220;Anja Ziel&#8220; _builder_version=&#8220;4.24.3&#8243; header_text_color=&#8220;#222222&#8243; header_font_size=&#8220;17&#8243; body_text_color=&#8220;#222222&#8243; body_font_size=&#8220;13&#8243; position_text_color=&#8220;#6d6d6d&#8220; background_size=&#8220;initial&#8220; background_position=&#8220;top_left&#8220; background_repeat=&#8220;repeat&#8220; use_border_color=&#8220;off&#8220; border_color=&#8220;#ffffff&#8220; border_style=&#8220;solid&#8220; global_colors_info=&#8220;{}&#8220;]<\/p>\n<p><span style=\"color: #000000;\">&gt; <a href=\"tel:+49-7841-2028-61\" style=\"color: #000000;\">+49-7841-2028-61<\/a><\/span><br \/><span style=\"color: #000000;\"><a href=\"mailto:anja.ziel@decker-co.de\" style=\"color: #000000;\"> &gt; anja.ziel@decker-co.de<\/a><\/span><\/p>\n<p>[\/et_pb_team_member][\/et_pb_column][et_pb_column type=&#8220;1_4&#8243; _builder_version=&#8220;4.16&#8243; custom_padding=&#8220;|||&#8220; global_colors_info=&#8220;{}&#8220; custom_padding__hover=&#8220;|||&#8220;][et_pb_team_member name=&#8220;Martin Ruh&#8220; position=&#8220;Abrechnung&#8220; image_url=&#8220;https:\/\/decker-co.de\/wp-content\/uploads\/2016\/12\/Decker-189-Martin_Ruh_450x300_WEB-RGB_161209.jpg&#8220; admin_label=&#8220;Martin Ruh&#8220; _builder_version=&#8220;4.24.3&#8243; header_text_color=&#8220;#222222&#8243; header_font_size=&#8220;17&#8243; body_text_color=&#8220;#222222&#8243; body_font_size=&#8220;13&#8243; position_text_color=&#8220;#6d6d6d&#8220; background_size=&#8220;initial&#8220; background_position=&#8220;top_left&#8220; background_repeat=&#8220;repeat&#8220; use_border_color=&#8220;off&#8220; border_color=&#8220;#ffffff&#8220; border_style=&#8220;solid&#8220; global_colors_info=&#8220;{}&#8220;]<\/p>\n<p><span style=\"color: #000000;\"><a href=\"tel:+49-7841-2028-62\" style=\"color: #000000;\">&gt; +49-7841-2028-62<\/a><\/span><br \/><span style=\"color: #000000;\"><a href=\"mailto:martin.ruh@decker-co.de\" style=\"color: #000000;\"> &gt; martin.ruh@decker-co.de<\/a><\/span><\/p>\n<p>[\/et_pb_team_member][\/et_pb_column][et_pb_column type=&#8220;1_4&#8243; _builder_version=&#8220;4.16&#8243; custom_padding=&#8220;|||&#8220; global_colors_info=&#8220;{}&#8220; custom_padding__hover=&#8220;|||&#8220;][et_pb_team_member name=&#8220;Ulrike Liebich&#8220; position=&#8220;Abrechnung&#8220; image_url=&#8220;https:\/\/decker-co.de\/wp-content\/uploads\/2016\/12\/Liebich_Ulrike.jpg&#8220; admin_label=&#8220;Ulrike Liebich&#8220; _builder_version=&#8220;4.24.3&#8243; header_text_color=&#8220;#222222&#8243; header_font_size=&#8220;17&#8243; body_text_color=&#8220;#222222&#8243; body_font_size=&#8220;13&#8243; position_text_color=&#8220;#6d6d6d&#8220; background_size=&#8220;initial&#8220; background_position=&#8220;top_left&#8220; background_repeat=&#8220;repeat&#8220; border_style=&#8220;solid&#8220; global_colors_info=&#8220;{}&#8220;]<\/p>\n<p><span style=\"color: #000000;\"><a href=\"tel:+49-7841-2028-65\" style=\"color: #000000;\">&gt; +49-7841-2028-65<\/a><\/span><br \/><span style=\"color: #000000;\"><a href=\"mailto:ulrike.liebich@decker-co.de\" style=\"color: #000000;\"> &gt; ulrike.liebich@decker-co.de<\/a><\/span><\/p>\n<p>[\/et_pb_team_member][\/et_pb_column][et_pb_column type=&#8220;1_4&#8243; _builder_version=&#8220;4.16&#8243; custom_padding=&#8220;|||&#8220; global_colors_info=&#8220;{}&#8220; custom_padding__hover=&#8220;|||&#8220;][et_pb_team_member name=&#8220;Michael Ketterer&#8220; position=&#8220;Abrechnung&#8220; image_url=&#8220;https:\/\/decker-co.de\/wp-content\/uploads\/2016\/12\/Decker-207-Michael_Ketterer_450x300_WEB-RGB_161209.jpg&#8220; admin_label=&#8220;Michael Ketterer&#8220; _builder_version=&#8220;4.27.4&#8243; header_text_color=&#8220;#222222&#8243; header_font_size=&#8220;17&#8243; body_text_color=&#8220;#222222&#8243; body_font_size=&#8220;13&#8243; position_text_color=&#8220;#6d6d6d&#8220; background_size=&#8220;initial&#8220; background_position=&#8220;top_left&#8220; background_repeat=&#8220;repeat&#8220; use_border_color=&#8220;off&#8220; global_colors_info=&#8220;{}&#8220;]<\/p>\n<p><span style=\"color: #000000;\"><a href=\"tel:+49-7841-2028-63\" style=\"color: #000000;\">&gt; +49-7841-2028-63<\/a><\/span><br \/><span style=\"color: #000000;\"><a href=\"mailto:michael.ketterer@decker-co.de\" style=\"color: #000000;\"> &gt; michael.ketterer@decker-co.de<\/a><\/span><\/p>\n<p>[\/et_pb_team_member][\/et_pb_column][\/et_pb_row][et_pb_row _builder_version=&#8220;4.16&#8243; background_size=&#8220;initial&#8220; background_position=&#8220;top_left&#8220; background_repeat=&#8220;repeat&#8220; global_colors_info=&#8220;{}&#8220;][et_pb_column type=&#8220;4_4&#8243; _builder_version=&#8220;4.16&#8243; custom_padding=&#8220;|||&#8220; global_colors_info=&#8220;{}&#8220; custom_padding__hover=&#8220;|||&#8220;][et_pb_divider color=&#8220;#575656&#8243; divider_weight=&#8220;3px&#8220; disabled_on=&#8220;off&#8220; _builder_version=&#8220;4.16&#8243; height=&#8220;3px&#8220; hide_on_mobile=&#8220;off&#8220; global_colors_info=&#8220;{}&#8220;][\/et_pb_divider][\/et_pb_column][\/et_pb_row][et_pb_row _builder_version=&#8220;4.16&#8243; background_size=&#8220;initial&#8220; background_position=&#8220;top_left&#8220; background_repeat=&#8220;repeat&#8220; global_colors_info=&#8220;{}&#8220;][et_pb_column type=&#8220;4_4&#8243; _builder_version=&#8220;4.16&#8243; custom_padding=&#8220;|||&#8220; global_colors_info=&#8220;{}&#8220; custom_padding__hover=&#8220;|||&#8220;][et_pb_divider show_divider=&#8220;off&#8220; disabled_on=&#8220;off&#8220; _builder_version=&#8220;4.16&#8243; hide_on_mobile=&#8220;off&#8220; global_colors_info=&#8220;{}&#8220;][\/et_pb_divider][\/et_pb_column][\/et_pb_row][\/et_pb_section][et_pb_section fb_built=&#8220;1&#8243; custom_padding_last_edited=&#8220;on|desktop&#8220; module_id=&#8220;buchhaltung&#8220; _builder_version=&#8220;4.16&#8243; background_color=&#8220;rgba(255,255,255,0.8)&#8220; custom_padding_tablet=&#8220;50px|0|50px|0&#8243; custom_padding_phone=&#8220;&#8220; transparent_background=&#8220;off&#8220; padding_mobile=&#8220;off&#8220; global_colors_info=&#8220;{}&#8220;][et_pb_row _builder_version=&#8220;4.16&#8243; background_size=&#8220;initial&#8220; background_position=&#8220;top_left&#8220; background_repeat=&#8220;repeat&#8220; global_colors_info=&#8220;{}&#8220;][et_pb_column type=&#8220;4_4&#8243; _builder_version=&#8220;4.16&#8243; custom_padding=&#8220;|||&#8220; global_colors_info=&#8220;{}&#8220; custom_padding__hover=&#8220;|||&#8220;][et_pb_text admin_label=&#8220;Buchhaltung&#8220; _builder_version=&#8220;4.16&#8243; text_text_color=&#8220;#222222&#8243; header_text_color=&#8220;#222222&#8243; background_size=&#8220;initial&#8220; background_position=&#8220;top_left&#8220; background_repeat=&#8220;repeat&#8220; module_alignment=&#8220;left&#8220; use_border_color=&#8220;off&#8220; border_color=&#8220;#ffffff&#8220; border_style=&#8220;solid&#8220; global_colors_info=&#8220;{}&#8220;]<\/p>\n<h2><span style=\"color: #333333;\"><strong>Buchhaltung<\/strong><\/span><\/h2>\n<h4><span style=\"color: #000000;\">Telefax +49-7841-2028-785<\/span><\/h4>\n<p>[\/et_pb_text][\/et_pb_column][\/et_pb_row][et_pb_row column_structure=&#8220;1_4,1_4,1_4,1_4&#8243; _builder_version=&#8220;4.16&#8243; background_size=&#8220;initial&#8220; background_position=&#8220;top_left&#8220; background_repeat=&#8220;repeat&#8220; global_colors_info=&#8220;{}&#8220;][et_pb_column type=&#8220;1_4&#8243; _builder_version=&#8220;4.16&#8243; custom_padding=&#8220;|||&#8220; global_colors_info=&#8220;{}&#8220; custom_padding__hover=&#8220;|||&#8220;][et_pb_team_member name=&#8220;Miriam Weck&#8220; position=&#8220;Teamleitung Buchhaltung&#8220; image_url=&#8220;https:\/\/decker-co.de\/wp-content\/uploads\/2016\/12\/Decker-204-Miriam_Weck_450x300_WEB-RGB_161209.jpg&#8220; admin_label=&#8220;Miriam Weck&#8220; _builder_version=&#8220;4.24.3&#8243; header_text_color=&#8220;#222222&#8243; header_font_size=&#8220;17&#8243; body_text_color=&#8220;#222222&#8243; body_font_size=&#8220;13&#8243; position_text_color=&#8220;#6d6d6d&#8220; background_size=&#8220;initial&#8220; background_position=&#8220;top_left&#8220; background_repeat=&#8220;repeat&#8220; use_border_color=&#8220;off&#8220; border_color=&#8220;#ffffff&#8220; border_style=&#8220;solid&#8220; global_colors_info=&#8220;{}&#8220;]<\/p>\n<p><span style=\"color: #000000;\"><a href=\"tel:+49-7841-2028-86\" style=\"color: #000000;\">&gt; +49-7841-2028-86<\/a><\/span><br \/><span style=\"color: #000000;\"><a href=\"mailto:miriam.weck@decker-co.de\" style=\"color: #000000;\"> &gt; miriam.weck@decker-co.de<\/a><\/span><\/p>\n<p>[\/et_pb_team_member][\/et_pb_column][et_pb_column type=&#8220;1_4&#8243; _builder_version=&#8220;4.16&#8243; custom_padding=&#8220;|||&#8220; global_colors_info=&#8220;{}&#8220; custom_padding__hover=&#8220;|||&#8220;][et_pb_team_member name=&#8220;Simone Kramer&#8220; position=&#8220;Buchhaltung&#8220; image_url=&#8220;https:\/\/decker-co.de\/wp-content\/uploads\/2025\/10\/Avatar_Frau.jpg&#8220; admin_label=&#8220;Miriam Weck&#8220; _builder_version=&#8220;4.27.4&#8243; header_text_color=&#8220;#222222&#8243; header_font_size=&#8220;17&#8243; body_text_color=&#8220;#222222&#8243; body_font_size=&#8220;13&#8243; position_text_color=&#8220;#6d6d6d&#8220; background_size=&#8220;initial&#8220; background_position=&#8220;top_left&#8220; background_repeat=&#8220;repeat&#8220; use_border_color=&#8220;off&#8220; border_color=&#8220;#ffffff&#8220; border_style=&#8220;solid&#8220; global_colors_info=&#8220;{}&#8220;]<\/p>\n<p><span style=\"color: #000000;\"><a href=\"tel:+49-7841-2028-83\" style=\"color: #000000;\">&gt; +49-7841-2028-83<\/a><\/span><br \/><span style=\"color: #000000;\"><a href=\"mailto:simone.kramer@decker-co.de\" style=\"color: #000000;\">&gt; simone.kramer@decker-co.de<\/a><\/span><\/p>\n<p>[\/et_pb_team_member][\/et_pb_column][et_pb_column type=&#8220;1_4&#8243; _builder_version=&#8220;4.16&#8243; custom_padding=&#8220;|||&#8220; global_colors_info=&#8220;{}&#8220; custom_padding__hover=&#8220;|||&#8220;][\/et_pb_column][et_pb_column type=&#8220;1_4&#8243; _builder_version=&#8220;4.16&#8243; custom_padding=&#8220;|||&#8220; global_colors_info=&#8220;{}&#8220; custom_padding__hover=&#8220;|||&#8220;][\/et_pb_column][\/et_pb_row][et_pb_row _builder_version=&#8220;4.16&#8243; background_size=&#8220;initial&#8220; background_position=&#8220;top_left&#8220; background_repeat=&#8220;repeat&#8220; global_colors_info=&#8220;{}&#8220;][et_pb_column type=&#8220;4_4&#8243; _builder_version=&#8220;4.16&#8243; custom_padding=&#8220;|||&#8220; global_colors_info=&#8220;{}&#8220; custom_padding__hover=&#8220;|||&#8220;][et_pb_divider color=&#8220;#575656&#8243; divider_weight=&#8220;3px&#8220; disabled_on=&#8220;off&#8220; _builder_version=&#8220;4.16&#8243; height=&#8220;3px&#8220; hide_on_mobile=&#8220;off&#8220; global_colors_info=&#8220;{}&#8220;][\/et_pb_divider][\/et_pb_column][\/et_pb_row][\/et_pb_section][et_pb_section fb_built=&#8220;1&#8243; custom_padding_last_edited=&#8220;on|desktop&#8220; module_id=&#8220;personal&#8220; _builder_version=&#8220;4.16&#8243; background_color=&#8220;rgba(255,255,255,0.8)&#8220; custom_padding_tablet=&#8220;50px|0|50px|0&#8243; custom_padding_phone=&#8220;&#8220; transparent_background=&#8220;off&#8220; padding_mobile=&#8220;off&#8220; global_colors_info=&#8220;{}&#8220;][et_pb_row column_structure=&#8220;1_2,1_2&#8243; _builder_version=&#8220;4.16&#8243; background_size=&#8220;initial&#8220; background_position=&#8220;top_left&#8220; background_repeat=&#8220;repeat&#8220; global_colors_info=&#8220;{}&#8220;][et_pb_column type=&#8220;1_2&#8243; _builder_version=&#8220;4.16&#8243; custom_padding=&#8220;|||&#8220; global_colors_info=&#8220;{}&#8220; custom_padding__hover=&#8220;|||&#8220;][et_pb_text admin_label=&#8220;Personal \/ Lohnbuchhaltung&#8220; _builder_version=&#8220;4.24.3&#8243; text_text_color=&#8220;#222222&#8243; header_text_color=&#8220;#222222&#8243; background_size=&#8220;initial&#8220; background_position=&#8220;top_left&#8220; background_repeat=&#8220;repeat&#8220; module_alignment=&#8220;left&#8220; use_border_color=&#8220;off&#8220; border_color=&#8220;#ffffff&#8220; border_style=&#8220;solid&#8220; global_colors_info=&#8220;{}&#8220;]<\/p>\n<h2><span style=\"color: #333333;\"><strong>Personal \/ Lohnbuchhaltung<\/strong><\/span><\/h2>\n<h4><span style=\"color: #333333;\">Telefax +49-7841-2028-89<\/span><\/h4>\n<p>[\/et_pb_text][\/et_pb_column][et_pb_column type=&#8220;1_2&#8243; _builder_version=&#8220;4.16&#8243; custom_padding=&#8220;|||&#8220; global_colors_info=&#8220;{}&#8220; custom_padding__hover=&#8220;|||&#8220;][\/et_pb_column][\/et_pb_row][et_pb_row column_structure=&#8220;1_4,1_4,1_4,1_4&#8243; _builder_version=&#8220;4.16&#8243; background_size=&#8220;initial&#8220; background_position=&#8220;top_left&#8220; background_repeat=&#8220;repeat&#8220; global_colors_info=&#8220;{}&#8220;][et_pb_column type=&#8220;1_4&#8243; _builder_version=&#8220;4.16&#8243; custom_padding=&#8220;|||&#8220; global_colors_info=&#8220;{}&#8220; custom_padding__hover=&#8220;|||&#8220;][et_pb_team_member name=&#8220;Mich\u00e8le Trenkle&#8220; position=&#8220;Personal&#8220; image_url=&#8220;https:\/\/decker-co.de\/wp-content\/uploads\/2016\/12\/Decker-130-Michele_Antonacci_450x300_WEB-RGB_161209.jpg&#8220; admin_label=&#8220;Mich\u00e8le Trenkle&#8220; _builder_version=&#8220;4.27.4&#8243; header_text_color=&#8220;#222222&#8243; header_font_size=&#8220;17&#8243; body_text_color=&#8220;#222222&#8243; body_font_size=&#8220;13&#8243; position_text_color=&#8220;#707070&#8243; background_size=&#8220;initial&#8220; background_position=&#8220;top_left&#8220; background_repeat=&#8220;repeat&#8220; global_colors_info=&#8220;{}&#8220;]<\/p>\n<p><span style=\"color: #000000;\"><a href=\"tel:+49-7841-2028-42\" style=\"color: #000000;\">&gt; +49-7841-2028-42<\/a><\/span><br \/><span style=\"color: #000000;\"><a href=\"mailto:michele.trenkle@decker-co.de\" style=\"color: #000000;\"> &gt; michele.trenkle@decker-co.de<\/a><\/span><\/p>\n<p>[\/et_pb_team_member][\/et_pb_column][et_pb_column type=&#8220;1_4&#8243; _builder_version=&#8220;4.16&#8243; custom_padding=&#8220;|||&#8220; global_colors_info=&#8220;{}&#8220; custom_padding__hover=&#8220;|||&#8220;][et_pb_team_member name=&#8220;Christiane Troesch&#8220; position=&#8220;Lohnbuchhaltung&#8220; image_url=&#8220;https:\/\/decker-co.de\/wp-content\/uploads\/2016\/12\/Decker-005-Christiane_Troesch_450x300_WEB-RGB_161209.jpg&#8220; admin_label=&#8220;Christiane Troesch&#8220; _builder_version=&#8220;4.16&#8243; header_text_color=&#8220;#222222&#8243; header_font_size=&#8220;17&#8243; body_text_color=&#8220;#222222&#8243; body_font_size=&#8220;13&#8243; position_text_color=&#8220;#707070&#8243; background_size=&#8220;initial&#8220; background_position=&#8220;top_left&#8220; background_repeat=&#8220;repeat&#8220; use_border_color=&#8220;off&#8220; border_color=&#8220;#ffffff&#8220; border_style=&#8220;solid&#8220; global_colors_info=&#8220;{}&#8220;]<\/p>\n<p><span style=\"color: #000000;\"><a href=\"tel:+49-7841-2028-82\" style=\"color: #000000;\">&gt; +49-7841-2028-82<\/a><\/span><br \/><span style=\"color: #000000;\"><a href=\"mailto:christiane.troesch@decker-co.de\" style=\"color: #000000;\"> &gt; christiane.troesch@decker-co.de<\/a><\/span><\/p>\n<p>[\/et_pb_team_member][\/et_pb_column][et_pb_column type=&#8220;1_4&#8243; _builder_version=&#8220;4.16&#8243; custom_padding=&#8220;|||&#8220; global_colors_info=&#8220;{}&#8220; custom_padding__hover=&#8220;|||&#8220;][\/et_pb_column][et_pb_column type=&#8220;1_4&#8243; _builder_version=&#8220;4.16&#8243; custom_padding=&#8220;|||&#8220; global_colors_info=&#8220;{}&#8220; custom_padding__hover=&#8220;|||&#8220;][\/et_pb_column][\/et_pb_row][et_pb_row _builder_version=&#8220;4.16&#8243; background_size=&#8220;initial&#8220; background_position=&#8220;top_left&#8220; background_repeat=&#8220;repeat&#8220; global_colors_info=&#8220;{}&#8220;][et_pb_column type=&#8220;4_4&#8243; _builder_version=&#8220;4.16&#8243; custom_padding=&#8220;|||&#8220; global_colors_info=&#8220;{}&#8220; custom_padding__hover=&#8220;|||&#8220;][et_pb_divider color=&#8220;#575656&#8243; divider_weight=&#8220;3px&#8220; disabled_on=&#8220;off&#8220; _builder_version=&#8220;4.16&#8243; height=&#8220;3px&#8220; hide_on_mobile=&#8220;off&#8220; global_colors_info=&#8220;{}&#8220;][\/et_pb_divider][\/et_pb_column][\/et_pb_row][\/et_pb_section][et_pb_section fb_built=&#8220;1&#8243; custom_padding_last_edited=&#8220;on|desktop&#8220; module_id=&#8220;ausbildung&#8220; _builder_version=&#8220;4.27.4&#8243; background_color=&#8220;rgba(255,255,255,0.8)&#8220; custom_padding_tablet=&#8220;50px|0|50px|0&#8243; custom_padding_phone=&#8220;&#8220; transparent_background=&#8220;off&#8220; padding_mobile=&#8220;off&#8220; global_colors_info=&#8220;{}&#8220;][et_pb_row column_structure=&#8220;1_2,1_2&#8243; _builder_version=&#8220;4.16&#8243; background_size=&#8220;initial&#8220; background_position=&#8220;top_left&#8220; background_repeat=&#8220;repeat&#8220; global_colors_info=&#8220;{}&#8220;][et_pb_column type=&#8220;1_2&#8243; _builder_version=&#8220;4.16&#8243; custom_padding=&#8220;|||&#8220; global_colors_info=&#8220;{}&#8220; custom_padding__hover=&#8220;|||&#8220;][et_pb_text admin_label=&#8220;Personal \/ Lohnbuchhaltung&#8220; _builder_version=&#8220;4.24.3&#8243; text_text_color=&#8220;#222222&#8243; header_text_color=&#8220;#222222&#8243; background_size=&#8220;initial&#8220; background_position=&#8220;top_left&#8220; background_repeat=&#8220;repeat&#8220; module_alignment=&#8220;left&#8220; use_border_color=&#8220;off&#8220; border_color=&#8220;#ffffff&#8220; border_style=&#8220;solid&#8220; global_colors_info=&#8220;{}&#8220;]<\/p>\n<h2><span style=\"color: #333333;\"><strong>Ausbildung<\/strong><\/span><\/h2>\n<p>[\/et_pb_text][\/et_pb_column][et_pb_column type=&#8220;1_2&#8243; _builder_version=&#8220;4.16&#8243; custom_padding=&#8220;|||&#8220; global_colors_info=&#8220;{}&#8220; custom_padding__hover=&#8220;|||&#8220;][\/et_pb_column][\/et_pb_row][et_pb_row column_structure=&#8220;1_4,1_4,1_4,1_4&#8243; _builder_version=&#8220;4.16&#8243; background_size=&#8220;initial&#8220; background_position=&#8220;top_left&#8220; background_repeat=&#8220;repeat&#8220; global_colors_info=&#8220;{}&#8220;][et_pb_column type=&#8220;1_4&#8243; _builder_version=&#8220;4.16&#8243; custom_padding=&#8220;|||&#8220; global_colors_info=&#8220;{}&#8220; custom_padding__hover=&#8220;|||&#8220;][et_pb_team_member name=&#8220;Mich\u00e8le Trenkle&#8220; position=&#8220;Ausbildung&#8220; image_url=&#8220;https:\/\/decker-co.de\/wp-content\/uploads\/2016\/12\/Decker-130-Michele_Antonacci_450x300_WEB-RGB_161209.jpg&#8220; admin_label=&#8220;Mich\u00e8le Trenkle&#8220; _builder_version=&#8220;4.27.4&#8243; header_text_color=&#8220;#222222&#8243; header_font_size=&#8220;17&#8243; body_text_color=&#8220;#222222&#8243; body_font_size=&#8220;13&#8243; position_text_color=&#8220;#707070&#8243; background_size=&#8220;initial&#8220; background_position=&#8220;top_left&#8220; background_repeat=&#8220;repeat&#8220; global_colors_info=&#8220;{}&#8220;]<\/p>\n<p><span style=\"color: #000000;\"><a href=\"tel:+49-7841-2028-42\" style=\"color: #000000;\">&gt; +49-7841-2028-42<\/a><\/span><br \/><span style=\"color: #000000;\"><a href=\"mailto:michele.trenkle@decker-co.de\" style=\"color: #000000;\"> &gt; michele.trenkle@decker-co.de<\/a><\/span><\/p>\n<p>[\/et_pb_team_member][\/et_pb_column][et_pb_column type=&#8220;1_4&#8243; _builder_version=&#8220;4.16&#8243; custom_padding=&#8220;|||&#8220; global_colors_info=&#8220;{}&#8220; custom_padding__hover=&#8220;|||&#8220;][et_pb_team_member name=&#8220;Felix Leppert&#8220; position=&#8220;Ausbildung&#8220; image_url=&#8220;https:\/\/decker-co.de\/wp-content\/uploads\/2023\/01\/Leppert_Felix.jpg&#8220; admin_label=&#8220;Danielo Woyt&#8220; _builder_version=&#8220;4.19.4&#8243; header_text_color=&#8220;#222222&#8243; header_font_size=&#8220;17&#8243; body_text_color=&#8220;#222222&#8243; body_font_size=&#8220;13&#8243; position_text_color=&#8220;#707070&#8243; background_size=&#8220;initial&#8220; background_position=&#8220;top_left&#8220; background_repeat=&#8220;repeat&#8220; border_style=&#8220;solid&#8220; global_colors_info=&#8220;{}&#8220;]<\/p>\n<p><span style=\"color: #000000;\"><a href=\"tel:+49-7841-2028-600\" style=\"color: #000000;\">&gt; +49-7841-2028-600<\/a><\/span><br \/><a href=\"mailto:felix.leppert@decker-co.de\"><span style=\"color: #222222;\"><span style=\"color: #000000;\">&gt;felix.leppert@decker-co.de<\/span><\/span><\/a><\/p>\n<p>[\/et_pb_team_member][\/et_pb_column][et_pb_column type=&#8220;1_4&#8243; _builder_version=&#8220;4.16&#8243; custom_padding=&#8220;|||&#8220; global_colors_info=&#8220;{}&#8220; custom_padding__hover=&#8220;|||&#8220;][et_pb_team_member name=&#8220;Maren Glaser&#8220; position=&#8220;Ausbildung&#8220; image_url=&#8220;https:\/\/decker-co.de\/wp-content\/uploads\/2016\/12\/Decker-310-Maren_Glaser_450x300_WEB-RGB_161209.jpg&#8220; admin_label=&#8220;Maren Glaser&#8220; _builder_version=&#8220;4.24.3&#8243; header_text_color=&#8220;#222222&#8243; header_font_size=&#8220;17&#8243; body_text_color=&#8220;#222222&#8243; body_font_size=&#8220;13&#8243; position_text_color=&#8220;#707070&#8243; background_size=&#8220;initial&#8220; background_position=&#8220;top_left&#8220; background_repeat=&#8220;repeat&#8220; border_style=&#8220;solid&#8220; global_colors_info=&#8220;{}&#8220;]<\/p>\n<p><a href=\"tel:+49-7841-2028-250\"><span style=\"color: #222222;\">&gt; +49-7841-2028-250<\/span><\/a><br \/><a href=\"mailto:maren.glaser@decker-co.de\"><span style=\"color: #222222;\"> &gt;\u00a0maren.glaser@decker-co.de<\/span><\/a><\/p>\n<p>[\/et_pb_team_member][\/et_pb_column][et_pb_column type=&#8220;1_4&#8243; _builder_version=&#8220;4.16&#8243; custom_padding=&#8220;|||&#8220; global_colors_info=&#8220;{}&#8220; custom_padding__hover=&#8220;|||&#8220;][\/et_pb_column][\/et_pb_row][et_pb_row _builder_version=&#8220;4.16&#8243; background_size=&#8220;initial&#8220; background_position=&#8220;top_left&#8220; background_repeat=&#8220;repeat&#8220; global_colors_info=&#8220;{}&#8220;][et_pb_column type=&#8220;4_4&#8243; _builder_version=&#8220;4.16&#8243; custom_padding=&#8220;|||&#8220; global_colors_info=&#8220;{}&#8220; custom_padding__hover=&#8220;|||&#8220;][et_pb_divider color=&#8220;#575656&#8243; divider_weight=&#8220;3px&#8220; disabled_on=&#8220;off&#8220; _builder_version=&#8220;4.16&#8243; height=&#8220;3px&#8220; hide_on_mobile=&#8220;off&#8220; global_colors_info=&#8220;{}&#8220;][\/et_pb_divider][\/et_pb_column][\/et_pb_row][\/et_pb_section][et_pb_section fb_built=&#8220;1&#8243; custom_padding_last_edited=&#8220;on|desktop&#8220; module_id=&#8220;schadensabteilung&#8220; _builder_version=&#8220;4.16&#8243; background_color=&#8220;rgba(255,255,255,0.8)&#8220; custom_padding_tablet=&#8220;50px|0|50px|0&#8243; custom_padding_phone=&#8220;&#8220; transparent_background=&#8220;off&#8220; padding_mobile=&#8220;off&#8220; global_colors_info=&#8220;{}&#8220;][et_pb_row padding_mobile=&#8220;off&#8220; column_padding_mobile=&#8220;on&#8220; _builder_version=&#8220;4.16&#8243; background_size=&#8220;initial&#8220; background_position=&#8220;top_left&#8220; background_repeat=&#8220;repeat&#8220; global_colors_info=&#8220;{}&#8220;][et_pb_column type=&#8220;4_4&#8243; _builder_version=&#8220;4.16&#8243; custom_padding=&#8220;|||&#8220; global_colors_info=&#8220;{}&#8220; custom_padding__hover=&#8220;|||&#8220;][et_pb_text admin_label=&#8220;Schadensabteilung&#8220; _builder_version=&#8220;4.16&#8243; text_text_color=&#8220;#222222&#8243; header_text_color=&#8220;#222222&#8243; background_size=&#8220;initial&#8220; background_position=&#8220;top_left&#8220; background_repeat=&#8220;repeat&#8220; module_alignment=&#8220;left&#8220; use_border_color=&#8220;off&#8220; border_color=&#8220;#ffffff&#8220; border_style=&#8220;solid&#8220; global_colors_info=&#8220;{}&#8220;]<\/p>\n<h2><span style=\"color: #333333;\"><strong>Schadensabteilung<\/strong><\/span><\/h2>\n<h4><span style=\"color: #000000;\">Telefax +49-7841-2028-89<\/span><\/h4>\n<p>[\/et_pb_text][\/et_pb_column][\/et_pb_row][et_pb_row column_structure=&#8220;1_4,1_4,1_4,1_4&#8243; _builder_version=&#8220;4.16&#8243; background_size=&#8220;initial&#8220; background_position=&#8220;top_left&#8220; background_repeat=&#8220;repeat&#8220; min_height=&#8220;342.7px&#8220; global_colors_info=&#8220;{}&#8220;][et_pb_column type=&#8220;1_4&#8243; _builder_version=&#8220;4.16&#8243; custom_padding=&#8220;|||&#8220; global_colors_info=&#8220;{}&#8220; custom_padding__hover=&#8220;|||&#8220;][et_pb_team_member name=&#8220;Manfred Mertz&#8220; position=&#8220;Versicherung&#8220; image_url=&#8220;https:\/\/decker-co.de\/wp-content\/uploads\/2024\/04\/Mertz_Manfred_3.jpg&#8220; admin_label=&#8220;Manfred Mertz&#8220; _builder_version=&#8220;4.25.0&#8243; header_text_color=&#8220;#222222&#8243; header_font_size=&#8220;17&#8243; body_text_color=&#8220;#222222&#8243; body_font_size=&#8220;13&#8243; position_text_color=&#8220;#6d6d6d&#8220; background_size=&#8220;initial&#8220; background_position=&#8220;top_left&#8220; background_repeat=&#8220;repeat&#8220; global_colors_info=&#8220;{}&#8220;]<\/p>\n<p><span style=\"color: #000000;\"><a href=\"tel:+49-7841-2028-80\" style=\"color: #000000;\">&gt; +49-7841-2028-80<\/a><\/span><br \/><span style=\"color: #000000;\"><a href=\"mailto:manfred.mertz@decker-co.de\" style=\"color: #000000;\"> &gt; manfred.mertz@decker-co.de<\/a><\/span><\/p>\n<p>[\/et_pb_team_member][\/et_pb_column][et_pb_column type=&#8220;1_4&#8243; _builder_version=&#8220;4.16&#8243; custom_padding=&#8220;|||&#8220; global_colors_info=&#8220;{}&#8220; custom_padding__hover=&#8220;|||&#8220;][et_pb_team_member name=&#8220;Ursula Riehle&#8220; position=&#8220;Schadensbearbeitung&#8220; image_url=&#8220;https:\/\/decker-co.de\/wp-content\/uploads\/2017\/11\/Riehle_Ursula.jpg&#8220; admin_label=&#8220;Ursula Riehle&#8220; _builder_version=&#8220;4.25.0&#8243; header_text_color=&#8220;#222222&#8243; header_font_size=&#8220;17&#8243; body_text_color=&#8220;#222222&#8243; body_font_size=&#8220;13&#8243; position_text_color=&#8220;#6d6d6d&#8220; background_size=&#8220;initial&#8220; background_position=&#8220;top_left&#8220; background_repeat=&#8220;repeat&#8220; global_colors_info=&#8220;{}&#8220;]<\/p>\n<p><span style=\"color: #000000;\"><a href=\"tel:+49-7841-2028-680\" style=\"color: #000000;\">&gt; +49-7841-2028-680<\/a><\/span><br \/><span style=\"color: #000000;\"><a href=\"mailto:ursula.riehle@decker-co.de\" style=\"color: #000000;\">&gt;\u00a0ursula.riehle@decker-co.de<\/a><\/span><\/p>\n<p>[\/et_pb_team_member][\/et_pb_column][et_pb_column type=&#8220;1_4&#8243; _builder_version=&#8220;4.16&#8243; custom_padding=&#8220;|||&#8220; global_colors_info=&#8220;{}&#8220; custom_padding__hover=&#8220;|||&#8220;][\/et_pb_column][et_pb_column type=&#8220;1_4&#8243; _builder_version=&#8220;4.16&#8243; custom_padding=&#8220;|||&#8220; global_colors_info=&#8220;{}&#8220; custom_padding__hover=&#8220;|||&#8220;][\/et_pb_column][\/et_pb_row][et_pb_row _builder_version=&#8220;4.16&#8243; background_size=&#8220;initial&#8220; background_position=&#8220;top_left&#8220; background_repeat=&#8220;repeat&#8220; global_colors_info=&#8220;{}&#8220;][et_pb_column type=&#8220;4_4&#8243; _builder_version=&#8220;4.16&#8243; custom_padding=&#8220;|||&#8220; global_colors_info=&#8220;{}&#8220; custom_padding__hover=&#8220;|||&#8220;][et_pb_divider color=&#8220;#575656&#8243; divider_weight=&#8220;3px&#8220; disabled_on=&#8220;off&#8220; _builder_version=&#8220;4.16&#8243; height=&#8220;4px&#8220; hide_on_mobile=&#8220;off&#8220; global_colors_info=&#8220;{}&#8220;][\/et_pb_divider][\/et_pb_column][\/et_pb_row][\/et_pb_section][et_pb_section fb_built=&#8220;1&#8243; custom_padding_last_edited=&#8220;on|desktop&#8220; module_id=&#8220;projekte&#8220; _builder_version=&#8220;4.16&#8243; background_color=&#8220;rgba(255,255,255,0.8)&#8220; custom_padding_tablet=&#8220;50px|0|50px|0&#8243; custom_padding_phone=&#8220;&#8220; transparent_background=&#8220;off&#8220; padding_mobile=&#8220;off&#8220; global_colors_info=&#8220;{}&#8220;][et_pb_row column_structure=&#8220;1_2,1_2&#8243; _builder_version=&#8220;4.16&#8243; background_size=&#8220;initial&#8220; background_position=&#8220;top_left&#8220; background_repeat=&#8220;repeat&#8220; global_colors_info=&#8220;{}&#8220;][et_pb_column type=&#8220;1_2&#8243; _builder_version=&#8220;4.16&#8243; custom_padding=&#8220;|||&#8220; global_colors_info=&#8220;{}&#8220; custom_padding__hover=&#8220;|||&#8220;][et_pb_text admin_label=&#8220;Projekte&#8220; _builder_version=&#8220;4.16&#8243; text_text_color=&#8220;#222222&#8243; header_text_color=&#8220;#222222&#8243; background_size=&#8220;initial&#8220; background_position=&#8220;top_left&#8220; background_repeat=&#8220;repeat&#8220; module_alignment=&#8220;left&#8220; use_border_color=&#8220;off&#8220; border_color=&#8220;#ffffff&#8220; border_style=&#8220;solid&#8220; global_colors_info=&#8220;{}&#8220;]<\/p>\n<h2><span style=\"color: #333333;\"><strong>Projekte<\/strong><\/span><\/h2>\n<p>[\/et_pb_text][\/et_pb_column][et_pb_column type=&#8220;1_2&#8243; _builder_version=&#8220;4.16&#8243; custom_padding=&#8220;|||&#8220; global_colors_info=&#8220;{}&#8220; custom_padding__hover=&#8220;|||&#8220;][et_pb_text admin_label=&#8220;EDV&#8220; _builder_version=&#8220;4.23.4&#8243; text_text_color=&#8220;#222222&#8243; header_text_color=&#8220;#222222&#8243; background_size=&#8220;initial&#8220; background_position=&#8220;top_left&#8220; background_repeat=&#8220;repeat&#8220; module_alignment=&#8220;left&#8220; use_border_color=&#8220;off&#8220; global_colors_info=&#8220;{}&#8220;]<\/p>\n<h2><span style=\"color: #333333;\"><strong>IT-Beauftragte<\/strong><\/span><\/h2>\n<p>[\/et_pb_text][\/et_pb_column][\/et_pb_row][et_pb_row column_structure=&#8220;1_4,1_4,1_4,1_4&#8243; _builder_version=&#8220;4.16&#8243; background_size=&#8220;initial&#8220; background_position=&#8220;top_left&#8220; background_repeat=&#8220;repeat&#8220; global_colors_info=&#8220;{}&#8220;][et_pb_column type=&#8220;1_4&#8243; _builder_version=&#8220;4.16&#8243; custom_padding=&#8220;|||&#8220; global_colors_info=&#8220;{}&#8220; custom_padding__hover=&#8220;|||&#8220;][et_pb_team_member name=&#8220;Marianne Peraldo&#8220; position=&#8220;Projektmanagement&#8220; image_url=&#8220;https:\/\/decker-co.de\/wp-content\/uploads\/2016\/12\/Decker-118-Marianne_Peraldo_450x300_WEB-RGB_161209.jpg&#8220; admin_label=&#8220;Marianne Peraldo&#8220; _builder_version=&#8220;4.25.0&#8243; header_text_color=&#8220;#222222&#8243; header_font_size=&#8220;17&#8243; body_text_color=&#8220;#222222&#8243; body_font_size=&#8220;13&#8243; position_text_color=&#8220;#6d6d6d&#8220; background_size=&#8220;initial&#8220; background_position=&#8220;top_left&#8220; background_repeat=&#8220;repeat&#8220; border_style=&#8220;solid&#8220; global_colors_info=&#8220;{}&#8220;]<\/p>\n<p><span style=\"color: #000000;\"><a href=\"tel:+49-7841-2028-603\" style=\"color: #000000;\">&gt; +49-7841-2028-603<\/a><\/span><br \/><a href=\"mailto:marianne.peraldo@decker-co.de\"><span style=\"color: #222222;\"><span style=\"color: #000000;\"> &gt; marianne.peraldo@decker-co.de<\/span><\/span><\/a><\/p>\n<p>[\/et_pb_team_member][\/et_pb_column][et_pb_column type=&#8220;1_4&#8243; _builder_version=&#8220;4.16&#8243; custom_padding=&#8220;|||&#8220; global_colors_info=&#8220;{}&#8220; custom_padding__hover=&#8220;|||&#8220;][\/et_pb_column][et_pb_column type=&#8220;1_4&#8243; _builder_version=&#8220;4.16&#8243; custom_padding=&#8220;|||&#8220; global_colors_info=&#8220;{}&#8220; custom_padding__hover=&#8220;|||&#8220;][et_pb_team_member name=&#8220;Daniel St\u00f6rk&#8220; position=&#8220;Controlling und IT&#8220; image_url=&#8220;https:\/\/decker-co.de\/wp-content\/uploads\/2016\/12\/Decker-Avatar_Mann_450x300_WEB-RGB.jpg&#8220; admin_label=&#8220;Daniel St\u00f6rk&#8220; _builder_version=&#8220;4.25.0&#8243; header_text_color=&#8220;#222222&#8243; header_font_size=&#8220;17&#8243; body_text_color=&#8220;#222222&#8243; body_font_size=&#8220;13&#8243; position_text_color=&#8220;#6d6d6d&#8220; background_size=&#8220;initial&#8220; background_position=&#8220;top_left&#8220; background_repeat=&#8220;repeat&#8220; use_border_color=&#8220;off&#8220; global_colors_info=&#8220;{}&#8220;]<\/p>\n<p><span style=\"color: #000000;\"><a href=\"tel:+49-7841-2028-64\" style=\"color: #000000;\">&gt; +49-7841-2028-64<\/a><\/span><br \/><span style=\"color: #000000;\"><a href=\"mailto:daniel.stoerk@decker-co.de\" style=\"color: #000000;\"> &gt; daniel.stoerk@decker-co.de<\/a><\/span><\/p>\n<p>[\/et_pb_team_member][\/et_pb_column][et_pb_column type=&#8220;1_4&#8243; _builder_version=&#8220;4.16&#8243; custom_padding=&#8220;|||&#8220; global_colors_info=&#8220;{}&#8220; custom_padding__hover=&#8220;|||&#8220;][et_pb_team_member name=&#8220;Heiko Pflumm&#8220; position=&#8220;IT&#8220; image_url=&#8220;https:\/\/decker-co.de\/wp-content\/uploads\/2016\/12\/Decker-Avatar_Mann_450x300_WEB-RGB.jpg&#8220; admin_label=&#8220;Daniel St\u00f6rk&#8220; _builder_version=&#8220;4.24.3&#8243; header_text_color=&#8220;#222222&#8243; header_font_size=&#8220;17&#8243; body_text_color=&#8220;#222222&#8243; body_font_size=&#8220;13&#8243; position_text_color=&#8220;#6d6d6d&#8220; background_size=&#8220;initial&#8220; background_position=&#8220;top_left&#8220; background_repeat=&#8220;repeat&#8220; use_border_color=&#8220;off&#8220; global_colors_info=&#8220;{}&#8220;]<\/p>\n<p><span style=\"color: #000000;\"><a href=\"tel:+49-7841-2028-700\" style=\"color: #000000;\">&gt; +49-7841-2028-700<\/a><\/span><br \/><span style=\"color: #000000;\"><a href=\"mailto:heiko.pflumm@decker-co.de\" style=\"color: #000000;\"> &gt; heiko.pflumm@decker-co.de<\/a><\/span><\/p>\n<p>[\/et_pb_team_member][\/et_pb_column][\/et_pb_row][et_pb_row _builder_version=&#8220;4.16&#8243; background_size=&#8220;initial&#8220; background_position=&#8220;top_left&#8220; background_repeat=&#8220;repeat&#8220; global_colors_info=&#8220;{}&#8220;][et_pb_column type=&#8220;4_4&#8243; _builder_version=&#8220;4.16&#8243; custom_padding=&#8220;|||&#8220; global_colors_info=&#8220;{}&#8220; custom_padding__hover=&#8220;|||&#8220;][et_pb_divider color=&#8220;#575656&#8243; divider_weight=&#8220;3px&#8220; disabled_on=&#8220;off&#8220; _builder_version=&#8220;4.16&#8243; height=&#8220;5px&#8220; hide_on_mobile=&#8220;off&#8220; global_colors_info=&#8220;{}&#8220;][\/et_pb_divider][\/et_pb_column][\/et_pb_row][\/et_pb_section][et_pb_section fb_built=&#8220;1&#8243; custom_padding_last_edited=&#8220;on|desktop&#8220; module_id=&#8220;lagermeister&#8220; _builder_version=&#8220;4.27.5&#8243; background_color=&#8220;rgba(255,255,255,0.8)&#8220; custom_padding_tablet=&#8220;50px|0|50px|0&#8243; custom_padding_phone=&#8220;&#8220; transparent_background=&#8220;off&#8220; padding_mobile=&#8220;off&#8220; global_colors_info=&#8220;{}&#8220;][et_pb_row column_structure=&#8220;1_2,1_4,1_4&#8243; _builder_version=&#8220;4.16&#8243; background_size=&#8220;initial&#8220; background_position=&#8220;top_left&#8220; background_repeat=&#8220;repeat&#8220; global_colors_info=&#8220;{}&#8220;][et_pb_column type=&#8220;1_2&#8243; _builder_version=&#8220;4.16&#8243; custom_padding=&#8220;|||&#8220; global_colors_info=&#8220;{}&#8220; custom_padding__hover=&#8220;|||&#8220;][et_pb_text admin_label=&#8220;Lagerleitstand&#8220; _builder_version=&#8220;4.27.4&#8243; text_text_color=&#8220;#222222&#8243; header_text_color=&#8220;#222222&#8243; background_size=&#8220;initial&#8220; background_position=&#8220;top_left&#8220; background_repeat=&#8220;repeat&#8220; module_alignment=&#8220;left&#8220; use_border_color=&#8220;off&#8220; border_color=&#8220;#ffffff&#8220; border_style=&#8220;solid&#8220; global_colors_info=&#8220;{}&#8220;]<\/p>\n<h2><span style=\"color: #333333;\"><strong>Lagermeister<\/strong><\/span><\/h2>\n<p>[\/et_pb_text][\/et_pb_column][et_pb_column type=&#8220;1_4&#8243; _builder_version=&#8220;4.16&#8243; custom_padding=&#8220;|||&#8220; global_colors_info=&#8220;{}&#8220; custom_padding__hover=&#8220;|||&#8220;][\/et_pb_column][et_pb_column type=&#8220;1_4&#8243; _builder_version=&#8220;4.16&#8243; custom_padding=&#8220;|||&#8220; global_colors_info=&#8220;{}&#8220; custom_padding__hover=&#8220;|||&#8220;][\/et_pb_column][\/et_pb_row][et_pb_row column_structure=&#8220;1_4,1_4,1_4,1_4&#8243; _builder_version=&#8220;4.16&#8243; background_size=&#8220;initial&#8220; background_position=&#8220;top_left&#8220; background_repeat=&#8220;repeat&#8220; global_colors_info=&#8220;{}&#8220;][et_pb_column type=&#8220;1_4&#8243; _builder_version=&#8220;4.16&#8243; custom_padding=&#8220;|||&#8220; global_colors_info=&#8220;{}&#8220; custom_padding__hover=&#8220;|||&#8220;][et_pb_team_member name=&#8220;Alexander Ernst&#8220; position=&#8220;Lagermeister&#8220; image_url=&#8220;https:\/\/decker-co.de\/wp-content\/uploads\/2020\/06\/Ernst_Alexander.jpg&#8220; admin_label=&#8220;Danielo Woyt&#8220; _builder_version=&#8220;4.23.4&#8243; header_text_color=&#8220;#222222&#8243; header_font_size=&#8220;17&#8243; body_text_color=&#8220;#222222&#8243; body_font_size=&#8220;13&#8243; position_text_color=&#8220;#707070&#8243; background_size=&#8220;initial&#8220; background_position=&#8220;top_left&#8220; background_repeat=&#8220;repeat&#8220; border_style=&#8220;solid&#8220; global_colors_info=&#8220;{}&#8220;]<\/p>\n<p><span style=\"color: #000000;\"><a href=\"tel:+49-7841-2028-50\" style=\"color: #000000;\">&gt; +49-7841-2028-50<\/a><\/span><br \/><a href=\"mailto:alexander.ernst@decker-co.de\"><span style=\"color: #222222;\"><span style=\"color: #000000;\"> &gt; alexander.ernst@decker-co.de<\/span><\/span><\/a><\/p>\n<p>[\/et_pb_team_member][\/et_pb_column][et_pb_column type=&#8220;1_4&#8243; _builder_version=&#8220;4.16&#8243; custom_padding=&#8220;|||&#8220; global_colors_info=&#8220;{}&#8220; custom_padding__hover=&#8220;|||&#8220;][et_pb_team_member name=&#8220;Frank Gieringer&#8220; position=&#8220;Lagermeister&#8220; image_url=&#8220;https:\/\/decker-co.de\/wp-content\/uploads\/2025\/01\/Gieringer_Frank.jpg&#8220; admin_label=&#8220;Danielo Woyt&#8220; _builder_version=&#8220;4.27.4&#8243; header_text_color=&#8220;#222222&#8243; header_font_size=&#8220;17&#8243; body_text_color=&#8220;#222222&#8243; body_font_size=&#8220;13&#8243; position_text_color=&#8220;#707070&#8243; background_size=&#8220;initial&#8220; background_position=&#8220;top_left&#8220; background_repeat=&#8220;repeat&#8220; border_style=&#8220;solid&#8220; global_colors_info=&#8220;{}&#8220;]<\/p>\n<p><span style=\"color: #000000;\"><a href=\"tel:+49-7841-2028-50\" style=\"color: #000000;\">&gt; +49-7841-2028-50<\/a><\/span><br \/><a href=\"mailto:alexander.ernst@decker-co.de\"><span style=\"color: #222222;\"><span style=\"color: #000000;\"><\/span><\/span><\/a><span style=\"color: #000000;\"><a href=\"mailto:frank.gieringer@decker-co.de\" style=\"color: #000000;\">&gt; frank.gieringer@decker-co.de<\/a><\/span><\/p>\n<p>[\/et_pb_team_member][\/et_pb_column][et_pb_column type=&#8220;1_4&#8243; _builder_version=&#8220;4.24.3&#8243; _module_preset=&#8220;default&#8220; global_colors_info=&#8220;{}&#8220;][\/et_pb_column][et_pb_column type=&#8220;1_4&#8243; _builder_version=&#8220;4.16&#8243; custom_padding=&#8220;|||&#8220; global_colors_info=&#8220;{}&#8220; custom_padding__hover=&#8220;|||&#8220;][\/et_pb_column][\/et_pb_row][et_pb_row _builder_version=&#8220;4.16&#8243; background_size=&#8220;initial&#8220; background_position=&#8220;top_left&#8220; background_repeat=&#8220;repeat&#8220; global_colors_info=&#8220;{}&#8220;][et_pb_column type=&#8220;4_4&#8243; _builder_version=&#8220;4.16&#8243; custom_padding=&#8220;|||&#8220; global_colors_info=&#8220;{}&#8220; custom_padding__hover=&#8220;|||&#8220;][et_pb_divider color=&#8220;#575656&#8243; divider_weight=&#8220;3px&#8220; disabled_on=&#8220;off&#8220; _builder_version=&#8220;4.16&#8243; height=&#8220;5px&#8220; hide_on_mobile=&#8220;off&#8220; global_colors_info=&#8220;{}&#8220;][\/et_pb_divider][\/et_pb_column][\/et_pb_row][\/et_pb_section][et_pb_section fb_built=&#8220;1&#8243; custom_padding_last_edited=&#8220;on|desktop&#8220; module_id=&#8220;umschlag&#8220; _builder_version=&#8220;4.27.5&#8243; background_color=&#8220;rgba(255,255,255,0.8)&#8220; custom_padding_tablet=&#8220;50px|0|50px|0&#8243; custom_padding_phone=&#8220;&#8220; transparent_background=&#8220;off&#8220; padding_mobile=&#8220;off&#8220; global_colors_info=&#8220;{}&#8220;][et_pb_row _builder_version=&#8220;4.16&#8243; background_size=&#8220;initial&#8220; background_position=&#8220;top_left&#8220; background_repeat=&#8220;repeat&#8220; global_colors_info=&#8220;{}&#8220;][et_pb_column type=&#8220;4_4&#8243; _builder_version=&#8220;4.16&#8243; custom_padding=&#8220;|||&#8220; global_colors_info=&#8220;{}&#8220; custom_padding__hover=&#8220;|||&#8220;][et_pb_text admin_label=&#8220;Lagerleitstand&#8220; _builder_version=&#8220;4.27.4&#8243; text_text_color=&#8220;#222222&#8243; header_text_color=&#8220;#222222&#8243; background_size=&#8220;initial&#8220; background_position=&#8220;top_left&#8220; background_repeat=&#8220;repeat&#8220; module_alignment=&#8220;left&#8220; custom_padding=&#8220;3px|||||&#8220; use_border_color=&#8220;off&#8220; border_color=&#8220;#ffffff&#8220; border_style=&#8220;solid&#8220; global_colors_info=&#8220;{}&#8220;]<\/p>\n<h2><span style=\"color: #333333;\"><strong>Fuhrpark- und Umschlagsleitung<\/strong><\/span><\/h2>\n<p>[\/et_pb_text][\/et_pb_column][\/et_pb_row][et_pb_row column_structure=&#8220;1_4,1_4,1_4,1_4&#8243; _builder_version=&#8220;4.16&#8243; background_size=&#8220;initial&#8220; background_position=&#8220;top_left&#8220; background_repeat=&#8220;repeat&#8220; global_colors_info=&#8220;{}&#8220;][et_pb_column type=&#8220;1_4&#8243; _builder_version=&#8220;4.16&#8243; custom_padding=&#8220;|||&#8220; global_colors_info=&#8220;{}&#8220; custom_padding__hover=&#8220;|||&#8220;][et_pb_team_member name=&#8220;Felix Leppert&#8220; position=&#8220;Fuhrpark- und Umschlagsleitung&#8220; image_url=&#8220;https:\/\/decker-co.de\/wp-content\/uploads\/2023\/01\/Leppert_Felix.jpg&#8220; admin_label=&#8220;Danielo Woyt&#8220; _builder_version=&#8220;4.27.4&#8243; header_text_color=&#8220;#222222&#8243; header_font_size=&#8220;17&#8243; body_text_color=&#8220;#222222&#8243; body_font_size=&#8220;13&#8243; position_text_color=&#8220;#707070&#8243; background_size=&#8220;initial&#8220; background_position=&#8220;top_left&#8220; background_repeat=&#8220;repeat&#8220; border_style=&#8220;solid&#8220; global_colors_info=&#8220;{}&#8220;]<\/p>\n<p><span style=\"color: #000000;\"><a href=\"tel:+49-7841-2028-600\" style=\"color: #000000;\">&gt; +49-7841-2028-600<\/a><\/span><br \/><a href=\"mailto:felix.leppert@decker-co.de\"><span style=\"color: #222222;\"><span style=\"color: #000000;\">&gt;felix.leppert@decker-co.de<\/span><\/span><\/a><\/p>\n<p>[\/et_pb_team_member][\/et_pb_column][et_pb_column type=&#8220;1_4&#8243; _builder_version=&#8220;4.16&#8243; custom_padding=&#8220;|||&#8220; global_colors_info=&#8220;{}&#8220; custom_padding__hover=&#8220;|||&#8220;][et_pb_team_member name=&#8220;Patric Kast&#8220; position=&#8220;Fuhrpark- und Umschlagsleitung&#8220; image_url=&#8220;https:\/\/decker-co.de\/wp-content\/uploads\/2026\/01\/Kast_Patric.jpg&#8220; admin_label=&#8220;Patric Kast&#8220; _builder_version=&#8220;4.27.5&#8243; header_text_color=&#8220;#222222&#8243; header_font_size=&#8220;17&#8243; body_text_color=&#8220;#222222&#8243; body_font_size=&#8220;13&#8243; position_text_color=&#8220;#6d6d6d&#8220; background_size=&#8220;initial&#8220; background_position=&#8220;top_left&#8220; background_repeat=&#8220;repeat&#8220; use_border_color=&#8220;off&#8220; border_color=&#8220;#ffffff&#8220; border_style=&#8220;solid&#8220; global_colors_info=&#8220;{}&#8220;]<\/p>\n<p><span style=\"color: #000000;\"><a href=\"tel:+49-7841-2028-602\" style=\"color: #000000;\">&gt; +49-7841-2028-602<\/a><\/span><br \/><span style=\"color: #222222;\"><span style=\"color: #000000;\"><a href=\"mailto:patric.kast@decker-co.de\" style=\"color: #000000;\">&gt;\u00a0patric.kast@decker-co.de<\/a><\/span><br \/><\/span><\/p>\n<p>[\/et_pb_team_member][\/et_pb_column][et_pb_column type=&#8220;1_4&#8243; _builder_version=&#8220;4.24.3&#8243; _module_preset=&#8220;default&#8220; global_colors_info=&#8220;{}&#8220;][\/et_pb_column][et_pb_column type=&#8220;1_4&#8243; _builder_version=&#8220;4.16&#8243; custom_padding=&#8220;|||&#8220; global_colors_info=&#8220;{}&#8220; custom_padding__hover=&#8220;|||&#8220;][\/et_pb_column][\/et_pb_row][et_pb_row _builder_version=&#8220;4.16&#8243; background_size=&#8220;initial&#8220; background_position=&#8220;top_left&#8220; background_repeat=&#8220;repeat&#8220; global_colors_info=&#8220;{}&#8220;][et_pb_column type=&#8220;4_4&#8243; _builder_version=&#8220;4.16&#8243; custom_padding=&#8220;|||&#8220; global_colors_info=&#8220;{}&#8220; custom_padding__hover=&#8220;|||&#8220;][et_pb_divider color=&#8220;#575656&#8243; divider_weight=&#8220;3px&#8220; disabled_on=&#8220;off&#8220; _builder_version=&#8220;4.16&#8243; height=&#8220;3px&#8220; hide_on_mobile=&#8220;off&#8220; global_colors_info=&#8220;{}&#8220;][\/et_pb_divider][\/et_pb_column][\/et_pb_row][\/et_pb_section][et_pb_section fb_built=&#8220;1&#8243; custom_padding_last_edited=&#8220;on|desktop&#8220; module_id=&#8220;technik&#8220; _builder_version=&#8220;4.27.5&#8243; background_color=&#8220;rgba(255,255,255,0.8)&#8220; custom_padding_tablet=&#8220;50px|0|50px|0&#8243; custom_padding_phone=&#8220;&#8220; transparent_background=&#8220;off&#8220; padding_mobile=&#8220;off&#8220; global_colors_info=&#8220;{}&#8220;][et_pb_row column_structure=&#8220;1_2,1_2&#8243; _builder_version=&#8220;4.16&#8243; background_size=&#8220;initial&#8220; background_position=&#8220;top_left&#8220; background_repeat=&#8220;repeat&#8220; global_colors_info=&#8220;{}&#8220;][et_pb_column type=&#8220;1_2&#8243; _builder_version=&#8220;4.16&#8243; custom_padding=&#8220;|||&#8220; global_colors_info=&#8220;{}&#8220; custom_padding__hover=&#8220;|||&#8220;][et_pb_text admin_label=&#8220;Fuhrpark&#8220; _builder_version=&#8220;4.27.4&#8243; text_text_color=&#8220;#222222&#8243; header_text_color=&#8220;#222222&#8243; background_size=&#8220;initial&#8220; background_position=&#8220;top_left&#8220; background_repeat=&#8220;repeat&#8220; module_alignment=&#8220;left&#8220; use_border_color=&#8220;off&#8220; border_color=&#8220;#ffffff&#8220; border_style=&#8220;solid&#8220; global_colors_info=&#8220;{}&#8220;]<\/p>\n<h2><span style=\"color: #333333;\"><strong>Technik<\/strong><\/span><\/h2>\n<h4><span style=\"color: #000000;\">Telefax +49-7841-2028-708<\/span><\/h4>\n<p>[\/et_pb_text][\/et_pb_column][et_pb_column type=&#8220;1_2&#8243; _builder_version=&#8220;4.16&#8243; custom_padding=&#8220;|||&#8220; global_colors_info=&#8220;{}&#8220; custom_padding__hover=&#8220;|||&#8220;][\/et_pb_column][\/et_pb_row][et_pb_row column_structure=&#8220;1_4,1_4,1_4,1_4&#8243; _builder_version=&#8220;4.16&#8243; background_size=&#8220;initial&#8220; background_position=&#8220;top_left&#8220; background_repeat=&#8220;repeat&#8220; global_colors_info=&#8220;{}&#8220;][et_pb_column type=&#8220;1_4&#8243; _builder_version=&#8220;4.16&#8243; custom_padding=&#8220;|||&#8220; global_colors_info=&#8220;{}&#8220; custom_padding__hover=&#8220;|||&#8220;][et_pb_team_member name=&#8220;Gottfried Lutze&#8220; position=&#8220;Leitung Technik&#8220; image_url=&#8220;https:\/\/decker-co.de\/wp-content\/uploads\/2016\/12\/Decker-320-Gottfried_Lutz_450x300_WEB-RGB_161209.png&#8220; admin_label=&#8220;Gottfried Lutze&#8220; _builder_version=&#8220;4.16&#8243; header_text_color=&#8220;#222222&#8243; header_font_size=&#8220;17&#8243; body_text_color=&#8220;#222222&#8243; body_font_size=&#8220;13&#8243; position_text_color=&#8220;#707070&#8243; background_size=&#8220;initial&#8220; background_position=&#8220;top_left&#8220; background_repeat=&#8220;repeat&#8220; border_style=&#8220;solid&#8220; global_colors_info=&#8220;{}&#8220;]<\/p>\n<p><span style=\"color: #000000;\"><a href=\"tel:+49-7841-2028-54\" style=\"color: #000000;\">&gt; +49-7841-2028-54<\/a><\/span><br \/><span style=\"color: #000000;\"><a href=\"mailto:gottfried.lutze@decker-co.de\" style=\"color: #000000;\"> &gt; gottfried.lutze@decker-co.de<\/a><\/span><\/p>\n<p>[\/et_pb_team_member][\/et_pb_column][et_pb_column type=&#8220;1_4&#8243; _builder_version=&#8220;4.16&#8243; custom_padding=&#8220;|||&#8220; global_colors_info=&#8220;{}&#8220; custom_padding__hover=&#8220;|||&#8220;][et_pb_team_member name=&#8220;Johann Lutze&#8220; position=&#8220;Werkstatt, Geb\u00e4udetechnik&#8220; image_url=&#8220;https:\/\/decker-co.de\/wp-content\/uploads\/2024\/04\/Lutze_Johann.jpg&#8220; admin_label=&#8220;Johann Lutze&#8220; _builder_version=&#8220;4.27.4&#8243; header_text_color=&#8220;#222222&#8243; header_font_size=&#8220;17&#8243; body_text_color=&#8220;#222222&#8243; body_font_size=&#8220;13&#8243; position_text_color=&#8220;#707070&#8243; background_size=&#8220;initial&#8220; background_position=&#8220;top_left&#8220; background_repeat=&#8220;repeat&#8220; border_style=&#8220;solid&#8220; global_colors_info=&#8220;{}&#8220;]<\/p>\n<p><span style=\"color: #000000;\"><a href=\"tel:+49-7841-2028-54\" style=\"color: #000000;\">&gt; +49-7841-2028-54<\/a><\/span><br \/><span style=\"color: #000000;\"><a href=\"mailto:johann.lutze@decker-co.de\" style=\"color: #000000;\"> &gt; johann.lutze@decker-co.de<\/a><\/span><\/p>\n<p>[\/et_pb_team_member][\/et_pb_column][et_pb_column type=&#8220;1_4&#8243; _builder_version=&#8220;4.16&#8243; custom_padding=&#8220;|||&#8220; global_colors_info=&#8220;{}&#8220; custom_padding__hover=&#8220;|||&#8220;][et_pb_team_member name=&#8220;Sven Wilkens&#8220; position=&#8220;Werkstatt&#8220; image_url=&#8220;https:\/\/decker-co.de\/wp-content\/uploads\/2026\/02\/Wilkens_Sven.jpg&#8220; admin_label=&#8220;Johann Lutze&#8220; _builder_version=&#8220;4.27.5&#8243; header_text_color=&#8220;#222222&#8243; header_font_size=&#8220;17&#8243; body_text_color=&#8220;#222222&#8243; body_font_size=&#8220;13&#8243; position_text_color=&#8220;#707070&#8243; background_size=&#8220;initial&#8220; background_position=&#8220;top_left&#8220; background_repeat=&#8220;repeat&#8220; border_style=&#8220;solid&#8220; global_colors_info=&#8220;{}&#8220;]<\/p>\n<p><span style=\"color: #000000;\"><a href=\"tel:+49-7841-2028-54\" style=\"color: #000000;\">&gt; +49-7841-2028-54<\/a><\/span><br \/><span style=\"color: #000000;\"><a href=\"mailto:sven.wilkens@decker-co.de\" style=\"color: #000000;\"> &gt; sven.wilkens@decker-co.de<\/a><\/span><\/p>\n<p>[\/et_pb_team_member][\/et_pb_column][et_pb_column type=&#8220;1_4&#8243; _builder_version=&#8220;4.16&#8243; custom_padding=&#8220;|||&#8220; global_colors_info=&#8220;{}&#8220; custom_padding__hover=&#8220;|||&#8220;][\/et_pb_column][\/et_pb_row][et_pb_row _builder_version=&#8220;4.16&#8243; background_size=&#8220;initial&#8220; background_position=&#8220;top_left&#8220; background_repeat=&#8220;repeat&#8220; global_colors_info=&#8220;{}&#8220;][et_pb_column type=&#8220;4_4&#8243; _builder_version=&#8220;4.16&#8243; custom_padding=&#8220;|||&#8220; global_colors_info=&#8220;{}&#8220; custom_padding__hover=&#8220;|||&#8220;][et_pb_divider color=&#8220;#575656&#8243; divider_weight=&#8220;3px&#8220; disabled_on=&#8220;off&#8220; _builder_version=&#8220;4.16&#8243; height=&#8220;3px&#8220; hide_on_mobile=&#8220;off&#8220; global_colors_info=&#8220;{}&#8220;][\/et_pb_divider][\/et_pb_column][\/et_pb_row][\/et_pb_section][et_pb_section fb_built=&#8220;1&#8243; custom_padding_last_edited=&#8220;on|desktop&#8220; module_id=&#8220;assistenz&#8220; _builder_version=&#8220;4.16&#8243; background_color=&#8220;rgba(255,255,255,0.8)&#8220; custom_padding_tablet=&#8220;50px|0|50px|0&#8243; custom_padding_phone=&#8220;&#8220; transparent_background=&#8220;off&#8220; padding_mobile=&#8220;off&#8220; global_colors_info=&#8220;{}&#8220;][et_pb_row column_structure=&#8220;1_2,1_2&#8243; _builder_version=&#8220;4.16&#8243; background_size=&#8220;initial&#8220; background_position=&#8220;top_left&#8220; background_repeat=&#8220;repeat&#8220; global_colors_info=&#8220;{}&#8220;][et_pb_column type=&#8220;1_2&#8243; _builder_version=&#8220;4.16&#8243; custom_padding=&#8220;|||&#8220; global_colors_info=&#8220;{}&#8220; custom_padding__hover=&#8220;|||&#8220;][et_pb_text admin_label=&#8220;Kaufm\u00e4nnische Leitung&#8220; _builder_version=&#8220;4.16&#8243; text_text_color=&#8220;#222222&#8243; header_text_color=&#8220;#222222&#8243; background_size=&#8220;initial&#8220; background_position=&#8220;top_left&#8220; background_repeat=&#8220;repeat&#8220; module_alignment=&#8220;left&#8220; use_border_color=&#8220;off&#8220; border_color=&#8220;#ffffff&#8220; border_style=&#8220;solid&#8220; global_colors_info=&#8220;{}&#8220;]<\/p>\n<h2><strong>Kaufm\u00e4nnische<br \/>\n<\/strong><strong>Leitung<\/strong><\/h2>\n<p>[\/et_pb_text][\/et_pb_column][et_pb_column type=&#8220;1_2&#8243; _builder_version=&#8220;4.16&#8243; custom_padding=&#8220;|||&#8220; global_colors_info=&#8220;{}&#8220; custom_padding__hover=&#8220;|||&#8220;][et_pb_text admin_label=&#8220;Assistenz der Gesch\u00e4ftsleitung&#8220; _builder_version=&#8220;4.16&#8243; text_text_color=&#8220;#222222&#8243; header_text_color=&#8220;#222222&#8243; background_size=&#8220;initial&#8220; background_position=&#8220;top_left&#8220; background_repeat=&#8220;repeat&#8220; module_alignment=&#8220;left&#8220; use_border_color=&#8220;off&#8220; border_color=&#8220;#ffffff&#8220; border_style=&#8220;solid&#8220; global_colors_info=&#8220;{}&#8220;]<\/p>\n<h2><strong>Assistenz der<br \/>\n<\/strong><strong>Gesch\u00e4ftsleitung<\/strong><\/h2>\n<p>[\/et_pb_text][\/et_pb_column][\/et_pb_row][et_pb_row column_structure=&#8220;1_4,1_4,1_4,1_4&#8243; _builder_version=&#8220;4.16&#8243; background_size=&#8220;initial&#8220; background_position=&#8220;top_left&#8220; background_repeat=&#8220;repeat&#8220; global_colors_info=&#8220;{}&#8220;][et_pb_column type=&#8220;1_4&#8243; _builder_version=&#8220;4.16&#8243; custom_padding=&#8220;|||&#8220; global_colors_info=&#8220;{}&#8220; custom_padding__hover=&#8220;|||&#8220;][et_pb_team_member name=&#8220;Mich\u00e8le Trenkle&#8220; position=&#8220;Kaufm\u00e4nnische Leitung&#8220; image_url=&#8220;https:\/\/decker-co.de\/wp-content\/uploads\/2016\/12\/Decker-130-Michele_Antonacci_450x300_WEB-RGB_161209.jpg&#8220; admin_label=&#8220;Mich\u00e8le Trenkle&#8220; _builder_version=&#8220;4.16&#8243; header_text_color=&#8220;#222222&#8243; header_font_size=&#8220;17&#8243; body_text_color=&#8220;#222222&#8243; body_font_size=&#8220;13&#8243; position_text_color=&#8220;#707070&#8243; background_size=&#8220;initial&#8220; background_position=&#8220;top_left&#8220; background_repeat=&#8220;repeat&#8220; global_colors_info=&#8220;{}&#8220;]<\/p>\n<p><span style=\"color: #000000;\"><a href=\"tel:+49-7841-2028-42\" style=\"color: #000000;\">&gt; +49-7841-2028-42<\/a><\/span><br \/><span style=\"color: #000000;\"><a href=\"mailto:michele.trenkle@decker-co.de\" style=\"color: #000000;\"> &gt; michele.trenkle@decker-co.de<\/a><\/span><\/p>\n<p>[\/et_pb_team_member][\/et_pb_column][et_pb_column type=&#8220;1_4&#8243; _builder_version=&#8220;4.16&#8243; custom_padding=&#8220;|||&#8220; global_colors_info=&#8220;{}&#8220; custom_padding__hover=&#8220;|||&#8220;][\/et_pb_column][et_pb_column type=&#8220;1_4&#8243; _builder_version=&#8220;4.16&#8243; custom_padding=&#8220;|||&#8220; global_colors_info=&#8220;{}&#8220; custom_padding__hover=&#8220;|||&#8220;][et_pb_team_member name=&#8220;Christiane Troesch&#8220; position=&#8220;Assistenz der Gesch\u00e4ftsleitung&#8220; image_url=&#8220;https:\/\/decker-co.de\/wp-content\/uploads\/2016\/12\/Decker-272-Christiane_Troesch_450x300_WEB-RGB_161209.jpg&#8220; admin_label=&#8220;Christiane Troesch&#8220; _builder_version=&#8220;4.16&#8243; header_text_color=&#8220;#222222&#8243; header_font_size=&#8220;17&#8243; body_text_color=&#8220;#222222&#8243; body_font_size=&#8220;13&#8243; position_text_color=&#8220;#707070&#8243; background_size=&#8220;initial&#8220; background_position=&#8220;top_left&#8220; background_repeat=&#8220;repeat&#8220; use_border_color=&#8220;off&#8220; border_color=&#8220;#ffffff&#8220; border_style=&#8220;solid&#8220; global_colors_info=&#8220;{}&#8220;]<\/p>\n<p><span style=\"color: #000000;\"><a href=\"tel:+49-7841-2028-82\" style=\"color: #000000;\">&gt; +49-7841-2028-82<\/a><\/span><br \/><span style=\"color: #000000;\"><a href=\"mailto:christiane.troesch@decker-co.de\" style=\"color: #000000;\"> &gt; christiane.troesch@decker-co.de<\/a><\/span><\/p>\n<p>[\/et_pb_team_member][\/et_pb_column][et_pb_column type=&#8220;1_4&#8243; _builder_version=&#8220;4.16&#8243; custom_padding=&#8220;|||&#8220; global_colors_info=&#8220;{}&#8220; custom_padding__hover=&#8220;|||&#8220;][\/et_pb_column][\/et_pb_row][et_pb_row _builder_version=&#8220;4.16&#8243; background_size=&#8220;initial&#8220; background_position=&#8220;top_left&#8220; background_repeat=&#8220;repeat&#8220; global_colors_info=&#8220;{}&#8220;][et_pb_column type=&#8220;4_4&#8243; _builder_version=&#8220;4.16&#8243; custom_padding=&#8220;|||&#8220; global_colors_info=&#8220;{}&#8220; custom_padding__hover=&#8220;|||&#8220;][et_pb_divider color=&#8220;#575656&#8243; divider_weight=&#8220;3px&#8220; disabled_on=&#8220;off&#8220; _builder_version=&#8220;4.16&#8243; height=&#8220;3px&#8220; hide_on_mobile=&#8220;off&#8220; global_colors_info=&#8220;{}&#8220;][\/et_pb_divider][\/et_pb_column][\/et_pb_row][\/et_pb_section][et_pb_section fb_built=&#8220;1&#8243; custom_padding_last_edited=&#8220;on|desktop&#8220; module_id=&#8220;gl&#8220; _builder_version=&#8220;4.24.3&#8243; background_color=&#8220;rgba(255,255,255,0.8)&#8220; custom_padding_tablet=&#8220;50px|0|50px|0&#8243; custom_padding_phone=&#8220;&#8220; transparent_background=&#8220;off&#8220; padding_mobile=&#8220;off&#8220; global_colors_info=&#8220;{}&#8220;][et_pb_row _builder_version=&#8220;4.16&#8243; background_size=&#8220;initial&#8220; background_position=&#8220;top_left&#8220; background_repeat=&#8220;repeat&#8220; global_colors_info=&#8220;{}&#8220;][et_pb_column type=&#8220;4_4&#8243; _builder_version=&#8220;4.16&#8243; custom_padding=&#8220;|||&#8220; global_colors_info=&#8220;{}&#8220; custom_padding__hover=&#8220;|||&#8220;][et_pb_text admin_label=&#8220;Gesch\u00e4ftsleitung&#8220; _builder_version=&#8220;4.16&#8243; text_text_color=&#8220;#222222&#8243; header_text_color=&#8220;#222222&#8243; background_size=&#8220;initial&#8220; background_position=&#8220;top_left&#8220; background_repeat=&#8220;repeat&#8220; module_alignment=&#8220;left&#8220; use_border_color=&#8220;off&#8220; border_color=&#8220;#ffffff&#8220; border_style=&#8220;solid&#8220; global_colors_info=&#8220;{}&#8220;]<\/p>\n<h2><strong>Gesch\u00e4ftsleitung<\/strong><\/h2>\n<p>[\/et_pb_text][\/et_pb_column][\/et_pb_row][et_pb_row column_structure=&#8220;1_4,1_4,1_4,1_4&#8243; _builder_version=&#8220;4.16&#8243; background_size=&#8220;initial&#8220; background_position=&#8220;top_left&#8220; background_repeat=&#8220;repeat&#8220; global_colors_info=&#8220;{}&#8220;][et_pb_column type=&#8220;1_4&#8243; _builder_version=&#8220;4.16&#8243; custom_padding=&#8220;|||&#8220; global_colors_info=&#8220;{}&#8220; custom_padding__hover=&#8220;|||&#8220;][et_pb_team_member name=&#8220;Tobias Haas&#8220; position=&#8220;Gesch\u00e4ftsf\u00fchrer&#8220; image_url=&#8220;https:\/\/decker-co.de\/wp-content\/uploads\/2016\/12\/Decker-220-Tobias_Haas_450x300_WEB-RGB_161209.jpg&#8220; admin_label=&#8220;Tobias Haas&#8220; _builder_version=&#8220;4.16&#8243; header_text_color=&#8220;#222222&#8243; header_font_size=&#8220;17&#8243; body_text_color=&#8220;#222222&#8243; body_font_size=&#8220;13&#8243; position_text_color=&#8220;#707070&#8243; background_size=&#8220;initial&#8220; background_position=&#8220;top_left&#8220; background_repeat=&#8220;repeat&#8220; use_border_color=&#8220;off&#8220; border_color=&#8220;#ffffff&#8220; border_style=&#8220;solid&#8220; global_colors_info=&#8220;{}&#8220;]<\/p>\n<p><span style=\"color: #000000;\"><a href=\"tel:+49-7841-2028-47\" style=\"color: #000000;\">&gt; +49-7841-2028-47<\/a><\/span><br \/><a href=\"mailto:tobias.haas@decker-co.de\"><span style=\"color: #222222;\"><span style=\"color: #000000;\"> &gt; tobias.haas@decker-co.de<\/span><\/span><\/a><\/p>\n<p>[\/et_pb_team_member][\/et_pb_column][et_pb_column type=&#8220;1_4&#8243; _builder_version=&#8220;4.16&#8243; custom_padding=&#8220;|||&#8220; global_colors_info=&#8220;{}&#8220; custom_padding__hover=&#8220;|||&#8220;][et_pb_team_member name=&#8220;J\u00fcrgen Fr\u00f6mberg&#8220; position=&#8220;Gesch\u00e4ftsf\u00fchrer&#8220; image_url=&#8220;https:\/\/decker-co.de\/wp-content\/uploads\/2016\/12\/Decker-335-Juergen_Froemberg_450x300_WEB-RGB_161209.jpg&#8220; admin_label=&#8220;J\u00fcrgen Fr\u00f6mberg&#8220; _builder_version=&#8220;4.16&#8243; header_text_color=&#8220;#222222&#8243; header_font_size=&#8220;17&#8243; body_text_color=&#8220;#222222&#8243; body_font_size=&#8220;13&#8243; position_text_color=&#8220;#707070&#8243; background_size=&#8220;initial&#8220; background_position=&#8220;top_left&#8220; background_repeat=&#8220;repeat&#8220; use_border_color=&#8220;off&#8220; border_color=&#8220;#ffffff&#8220; border_style=&#8220;solid&#8220; global_colors_info=&#8220;{}&#8220;]<\/p>\n<p><span style=\"color: #000000;\"><a href=\"tel:+49-7841-2028-605\" style=\"color: #000000;\">&gt; +49-7841-2028-605<\/a><\/span><br \/><span style=\"color: #000000;\"><a href=\"mailto:juergen.froemberg@decker-co.de\" style=\"color: #000000;\"> &gt; juergen.froemberg@decker-co.de<\/a><\/span><\/p>\n<p>[\/et_pb_team_member][\/et_pb_column][et_pb_column type=&#8220;1_4&#8243; _builder_version=&#8220;4.16&#8243; custom_padding=&#8220;|||&#8220; global_colors_info=&#8220;{}&#8220; custom_padding__hover=&#8220;|||&#8220;][et_pb_team_member name=&#8220;Florian Manz&#8220; position=&#8220;Prokurist \/ Speditionsleitung&#8220; image_url=&#8220;https:\/\/decker-co.de\/wp-content\/uploads\/2016\/12\/Decker-062-Florian_Manz_450x300_WEB-RGB_161209.jpg&#8220; admin_label=&#8220;Florian Manz&#8220; _builder_version=&#8220;4.27.5&#8243; header_text_color=&#8220;#222222&#8243; header_font_size=&#8220;17&#8243; body_text_color=&#8220;#222222&#8243; body_font_size=&#8220;13&#8243; position_text_color=&#8220;#6d6d6d&#8220; background_size=&#8220;initial&#8220; background_position=&#8220;top_left&#8220; background_repeat=&#8220;repeat&#8220; use_border_color=&#8220;off&#8220; border_color=&#8220;#ffffff&#8220; border_style=&#8220;solid&#8220; global_colors_info=&#8220;{}&#8220;]<\/p>\n<p><span style=\"color: #000000;\"><a href=\"tel:+49-7841-2028-35\" style=\"color: #000000;\">&gt; +49-7841-2028-35<\/a><\/span><br \/><span style=\"color: #000000;\"><a href=\"mailto:florian.manz@decker-co.de\" style=\"color: #000000;\"> &gt; florian.manz@decker-co.de<\/a><\/span><\/p>\n<p>[\/et_pb_team_member][\/et_pb_column][et_pb_column type=&#8220;1_4&#8243; _builder_version=&#8220;4.16&#8243; custom_padding=&#8220;|||&#8220; global_colors_info=&#8220;{}&#8220; custom_padding__hover=&#8220;|||&#8220;][\/et_pb_column][\/et_pb_row][\/et_pb_section]<\/p>\n","protected":false},"excerpt":{"rendered":"<p>&gt;\u00a0Zentrale \/ Sekretariat&gt; Auftragsannahme&gt; Kundenbetreuung&gt;\u00a0Nationaler Fernverkehr&gt;\u00a0Schweiz\u00a0Verkehre&gt; Zoll &nbsp;&gt; Internationaler Verkehr&gt; Sammelgut VTL \/ E.L.V.I.S.&gt;\u00a0Nahverkehr&gt; Logistik&gt; Lademittelabteilung&gt; Abrechnung \/ Belege&gt;\u00a0Buchhaltung&gt;\u00a0Personal \/ Lohnbuchhaltung&gt; Ausbildung&gt; Schadensabteilung&gt;\u00a0Projekte&gt; IT-Beauftragte&gt; Lagermeister&gt; Fuhrpark-\/ Umschlagsleitung&gt; Technik&gt;\u00a0Kaufm\u00e4nnische Leitung&gt;\u00a0Assistenz der Gesch\u00e4ftsleitung&gt; Gesch\u00e4ftsleitungZentrale +49-7841-202820Auftragsannahme\u00a0\/ Service Telefax +49-7841-2028-40&gt; +49-7841-2028-21&gt; ralph.muehl@decker-co.de&gt; +49-7841-2028-48&gt;\u00a0katja.neurohr@decker-co.de&gt; +49-7841-2028-220&gt; daniela.bumbar@decker-co.de&gt; +49-7841-2028-43&gt; doris.konnerth@decker-co.deKundenbetreuung Telefax +49-7841-2028-790&gt; +49-7841-2028-29 &gt; dieter.friedmann@decker-co.de&gt; +49-7841-2028-45 &gt; kerstin.grampp@decker-co.de&gt; +49-7841-2028-46&gt;marius.greiser@decker-co.de&gt; +49-7841-2028-253&gt;marilena.billetta@decker-co.deNationaler Fernverkehr Telefax [&hellip;]<\/p>\n","protected":false},"author":2,"featured_media":0,"parent":0,"menu_order":20,"comment_status":"closed","ping_status":"closed","template":"","meta":{"_et_pb_use_builder":"on","_et_pb_old_content":"<p>Gm\u00e4e\u00df eneir Sutide eneir elgnihcesn Uvinister\u00e4t ist es nchit witihcg inwlecehr Rneflogheie die Bstachuebn in eneim Wrot snid, das ezniige waswcthiig ist, ist da\u00df der estre und der leztte Bstabchue an der ritihcegnPstoiion snid. Der Rset knan ein ttoaelr Bsin\u00f6ldn sien, tedztorm knan manihn onhe Pemoblre lseen. Das ist so, wiel wir nciht jeedn Bstachuebn enzelinleesn, snderon das Wrot als gseatems.<\/p><p>Ehct ksras! Das ghet wicklirh!<\/p>","_et_gb_content_width":"","footnotes":""},"class_list":["post-2746","page","type-page","status-publish","hentry"],"_links":{"self":[{"href":"https:\/\/decker-co.de\/de\/fr\/wp-json\/wp\/v2\/pages\/2746","targetHints":{"allow":["GET"]}}],"collection":[{"href":"https:\/\/decker-co.de\/de\/fr\/wp-json\/wp\/v2\/pages"}],"about":[{"href":"https:\/\/decker-co.de\/de\/fr\/wp-json\/wp\/v2\/types\/page"}],"author":[{"embeddable":true,"href":"https:\/\/decker-co.de\/de\/fr\/wp-json\/wp\/v2\/users\/2"}],"replies":[{"embeddable":true,"href":"https:\/\/decker-co.de\/de\/fr\/wp-json\/wp\/v2\/comments?post=2746"}],"version-history":[{"count":3,"href":"https:\/\/decker-co.de\/de\/fr\/wp-json\/wp\/v2\/pages\/2746\/revisions"}],"predecessor-version":[{"id":7503,"href":"https:\/\/decker-co.de\/de\/fr\/wp-json\/wp\/v2\/pages\/2746\/revisions\/7503"}],"wp:attachment":[{"href":"https:\/\/decker-co.de\/de\/fr\/wp-json\/wp\/v2\/media?parent=2746"}],"curies":[{"name":"wp","href":"https:\/\/api.w.org\/{rel}","templated":true}]}}