{"id":2681,"date":"2016-12-08T14:13:50","date_gmt":"2016-12-08T14:13:50","guid":{"rendered":"http:\/\/decker-co.de\/?page_id=2681"},"modified":"2025-06-13T21:20:49","modified_gmt":"2025-06-13T21:20:49","slug":"historie","status":"publish","type":"page","link":"https:\/\/decker-co.de\/de\/historie\/","title":{"rendered":"Historie"},"content":{"rendered":"<p>[et_pb_section fb_built=&#8220;1&#8243; fullwidth=&#8220;on&#8220; custom_padding_last_edited=&#8220;on|desktop&#8220; admin_label=&#8220;Sektion&#8220; _builder_version=&#8220;4.16&#8243; custom_padding_tablet=&#8220;50px|0|50px|0&#8243; custom_padding_phone=&#8220;&#8220; transparent_background=&#8220;off&#8220; padding_mobile=&#8220;off&#8220; global_colors_info=&#8220;{}&#8220;][et_pb_fullwidth_slider admin_label=&#8220;Slider vollbreit &#8211; Adresse &#8211; Anfahrt&#8220; _builder_version=&#8220;4.16&#8243; background_position=&#8220;top_left&#8220; module_alignment=&#8220;center&#8220; content_width=&#8220;50%&#8220; custom_padding=&#8220;|||&#8220; custom_padding_tablet=&#8220;|||&#8220; custom_padding_phone=&#8220;|||&#8220; auto=&#8220;on&#8220; auto_speed=&#8220;2500&#8243; box_shadow_style=&#8220;preset6&#8243; box_shadow_blur=&#8220;10px&#8220; box_shadow_color=&#8220;rgba(0,0,0,0.1)&#8220; remove_inner_shadow=&#8220;off&#8220; hide_content_on_mobile=&#8220;off&#8220; hide_cta_on_mobile=&#8220;off&#8220; show_inner_shadow=&#8220;on&#8220; button_letter_spacing_hover=&#8220;0&#8243; global_colors_info=&#8220;{}&#8220; button_text_size__hover_enabled=&#8220;off&#8220; button_one_text_size__hover_enabled=&#8220;off&#8220; button_two_text_size__hover_enabled=&#8220;off&#8220; button_text_color__hover_enabled=&#8220;off&#8220; button_one_text_color__hover_enabled=&#8220;off&#8220; button_two_text_color__hover_enabled=&#8220;off&#8220; button_border_width__hover_enabled=&#8220;off&#8220; button_one_border_width__hover_enabled=&#8220;off&#8220; button_two_border_width__hover_enabled=&#8220;off&#8220; button_border_color__hover_enabled=&#8220;off&#8220; button_one_border_color__hover_enabled=&#8220;off&#8220; button_two_border_color__hover_enabled=&#8220;off&#8220; button_border_radius__hover_enabled=&#8220;off&#8220; button_one_border_radius__hover_enabled=&#8220;off&#8220; button_two_border_radius__hover_enabled=&#8220;off&#8220; button_letter_spacing__hover_enabled=&#8220;on&#8220; button_letter_spacing__hover=&#8220;0&#8243; button_one_letter_spacing__hover_enabled=&#8220;off&#8220; button_two_letter_spacing__hover_enabled=&#8220;off&#8220; button_bg_color__hover_enabled=&#8220;off&#8220; button_one_bg_color__hover_enabled=&#8220;off&#8220; button_two_bg_color__hover_enabled=&#8220;off&#8220;][et_pb_slide use_bg_overlay=&#8220;off&#8220; use_text_overlay=&#8220;off&#8220; _builder_version=&#8220;4.16&#8243; header_font=&#8220;||||&#8220; body_font=&#8220;||||&#8220; background_image=&#8220;https:\/\/decker-co.de\/wp-content\/uploads\/2016\/09\/Decker_07_LKW-Detail_CF006637_1280x350_WEB-RGB_161208.jpg&#8220; button_icon_placement=&#8220;right&#8220; button_on_hover=&#8220;on&#8220; global_colors_info=&#8220;{}&#8220; button_text_size__hover_enabled=&#8220;off&#8220; button_one_text_size__hover_enabled=&#8220;off&#8220; button_two_text_size__hover_enabled=&#8220;off&#8220; button_text_color__hover_enabled=&#8220;off&#8220; button_one_text_color__hover_enabled=&#8220;off&#8220; button_two_text_color__hover_enabled=&#8220;off&#8220; button_border_width__hover_enabled=&#8220;off&#8220; button_one_border_width__hover_enabled=&#8220;off&#8220; button_two_border_width__hover_enabled=&#8220;off&#8220; button_border_color__hover_enabled=&#8220;off&#8220; button_one_border_color__hover_enabled=&#8220;off&#8220; button_two_border_color__hover_enabled=&#8220;off&#8220; button_border_radius__hover_enabled=&#8220;off&#8220; button_one_border_radius__hover_enabled=&#8220;off&#8220; button_two_border_radius__hover_enabled=&#8220;off&#8220; button_letter_spacing__hover_enabled=&#8220;off&#8220; button_one_letter_spacing__hover_enabled=&#8220;off&#8220; button_two_letter_spacing__hover_enabled=&#8220;off&#8220; button_bg_color__hover_enabled=&#8220;off&#8220; button_one_bg_color__hover_enabled=&#8220;off&#8220; button_two_bg_color__hover_enabled=&#8220;off&#8220; sticky_transition=&#8220;on&#8220;] [\/et_pb_slide][et_pb_slide use_bg_overlay=&#8220;off&#8220; use_text_overlay=&#8220;off&#8220; _builder_version=&#8220;4.16&#8243; header_font=&#8220;||||&#8220; body_font=&#8220;||||&#8220; background_image=&#8220;https:\/\/decker-co.de\/wp-content\/uploads\/2016\/12\/Slider_Historie-1951_01_1280x350_WEB-RGB.jpg&#8220; button_icon_placement=&#8220;right&#8220; button_on_hover=&#8220;on&#8220; global_colors_info=&#8220;{}&#8220; button_text_size__hover_enabled=&#8220;off&#8220; button_one_text_size__hover_enabled=&#8220;off&#8220; button_two_text_size__hover_enabled=&#8220;off&#8220; button_text_color__hover_enabled=&#8220;off&#8220; button_one_text_color__hover_enabled=&#8220;off&#8220; button_two_text_color__hover_enabled=&#8220;off&#8220; button_border_width__hover_enabled=&#8220;off&#8220; button_one_border_width__hover_enabled=&#8220;off&#8220; button_two_border_width__hover_enabled=&#8220;off&#8220; button_border_color__hover_enabled=&#8220;off&#8220; button_one_border_color__hover_enabled=&#8220;off&#8220; button_two_border_color__hover_enabled=&#8220;off&#8220; button_border_radius__hover_enabled=&#8220;off&#8220; button_one_border_radius__hover_enabled=&#8220;off&#8220; button_two_border_radius__hover_enabled=&#8220;off&#8220; button_letter_spacing__hover_enabled=&#8220;off&#8220; button_one_letter_spacing__hover_enabled=&#8220;off&#8220; button_two_letter_spacing__hover_enabled=&#8220;off&#8220; button_bg_color__hover_enabled=&#8220;off&#8220; button_one_bg_color__hover_enabled=&#8220;off&#8220; button_two_bg_color__hover_enabled=&#8220;off&#8220; sticky_transition=&#8220;on&#8220;] [\/et_pb_slide][et_pb_slide use_bg_overlay=&#8220;off&#8220; use_text_overlay=&#8220;off&#8220; _builder_version=&#8220;4.16&#8243; header_font=&#8220;||||&#8220; body_font=&#8220;||||&#8220; background_image=&#8220;https:\/\/decker-co.de\/wp-content\/uploads\/2016\/09\/Decker_02_Autobahn_7114_180x350_WEB-RGB_161208.jpg&#8220; button_icon_placement=&#8220;right&#8220; button_on_hover=&#8220;on&#8220; global_colors_info=&#8220;{}&#8220; button_text_size__hover_enabled=&#8220;off&#8220; button_one_text_size__hover_enabled=&#8220;off&#8220; button_two_text_size__hover_enabled=&#8220;off&#8220; button_text_color__hover_enabled=&#8220;off&#8220; button_one_text_color__hover_enabled=&#8220;off&#8220; button_two_text_color__hover_enabled=&#8220;off&#8220; button_border_width__hover_enabled=&#8220;off&#8220; button_one_border_width__hover_enabled=&#8220;off&#8220; button_two_border_width__hover_enabled=&#8220;off&#8220; button_border_color__hover_enabled=&#8220;off&#8220; button_one_border_color__hover_enabled=&#8220;off&#8220; button_two_border_color__hover_enabled=&#8220;off&#8220; button_border_radius__hover_enabled=&#8220;off&#8220; button_one_border_radius__hover_enabled=&#8220;off&#8220; button_two_border_radius__hover_enabled=&#8220;off&#8220; button_letter_spacing__hover_enabled=&#8220;off&#8220; button_one_letter_spacing__hover_enabled=&#8220;off&#8220; button_two_letter_spacing__hover_enabled=&#8220;off&#8220; button_bg_color__hover_enabled=&#8220;off&#8220; button_one_bg_color__hover_enabled=&#8220;off&#8220; button_two_bg_color__hover_enabled=&#8220;off&#8220; sticky_transition=&#8220;on&#8220;] [\/et_pb_slide][et_pb_slide use_bg_overlay=&#8220;off&#8220; use_text_overlay=&#8220;off&#8220; _builder_version=&#8220;4.16&#8243; header_font=&#8220;||||&#8220; body_font=&#8220;||||&#8220; background_image=&#8220;https:\/\/decker-co.de\/wp-content\/uploads\/2016\/09\/Decker_05_Landstrasse_009_1280x350_WEB-RGB_161208.jpg&#8220; button_icon_placement=&#8220;right&#8220; button_on_hover=&#8220;on&#8220; global_colors_info=&#8220;{}&#8220; button_text_size__hover_enabled=&#8220;off&#8220; button_one_text_size__hover_enabled=&#8220;off&#8220; button_two_text_size__hover_enabled=&#8220;off&#8220; button_text_color__hover_enabled=&#8220;off&#8220; button_one_text_color__hover_enabled=&#8220;off&#8220; button_two_text_color__hover_enabled=&#8220;off&#8220; button_border_width__hover_enabled=&#8220;off&#8220; button_one_border_width__hover_enabled=&#8220;off&#8220; button_two_border_width__hover_enabled=&#8220;off&#8220; button_border_color__hover_enabled=&#8220;off&#8220; button_one_border_color__hover_enabled=&#8220;off&#8220; button_two_border_color__hover_enabled=&#8220;off&#8220; button_border_radius__hover_enabled=&#8220;off&#8220; button_one_border_radius__hover_enabled=&#8220;off&#8220; button_two_border_radius__hover_enabled=&#8220;off&#8220; button_letter_spacing__hover_enabled=&#8220;off&#8220; button_one_letter_spacing__hover_enabled=&#8220;off&#8220; button_two_letter_spacing__hover_enabled=&#8220;off&#8220; button_bg_color__hover_enabled=&#8220;off&#8220; button_one_bg_color__hover_enabled=&#8220;off&#8220; button_two_bg_color__hover_enabled=&#8220;off&#8220; sticky_transition=&#8220;on&#8220;] [\/et_pb_slide][et_pb_slide use_bg_overlay=&#8220;off&#8220; use_text_overlay=&#8220;off&#8220; _builder_version=&#8220;4.16&#8243; header_font=&#8220;||||&#8220; body_font=&#8220;||||&#8220; background_image=&#8220;https:\/\/decker-co.de\/wp-content\/uploads\/2016\/09\/Decker_01_Werbeanlage-Nacht_WEB-RGB_5130_1280x350_WEB_RGB_161208.jpg&#8220; button_icon_placement=&#8220;right&#8220; button_on_hover=&#8220;on&#8220; global_colors_info=&#8220;{}&#8220; button_text_size__hover_enabled=&#8220;off&#8220; button_one_text_size__hover_enabled=&#8220;off&#8220; button_two_text_size__hover_enabled=&#8220;off&#8220; button_text_color__hover_enabled=&#8220;off&#8220; button_one_text_color__hover_enabled=&#8220;off&#8220; button_two_text_color__hover_enabled=&#8220;off&#8220; button_border_width__hover_enabled=&#8220;off&#8220; button_one_border_width__hover_enabled=&#8220;off&#8220; button_two_border_width__hover_enabled=&#8220;off&#8220; button_border_color__hover_enabled=&#8220;off&#8220; button_one_border_color__hover_enabled=&#8220;off&#8220; button_two_border_color__hover_enabled=&#8220;off&#8220; button_border_radius__hover_enabled=&#8220;off&#8220; button_one_border_radius__hover_enabled=&#8220;off&#8220; button_two_border_radius__hover_enabled=&#8220;off&#8220; button_letter_spacing__hover_enabled=&#8220;off&#8220; button_one_letter_spacing__hover_enabled=&#8220;off&#8220; button_two_letter_spacing__hover_enabled=&#8220;off&#8220; button_bg_color__hover_enabled=&#8220;off&#8220; button_one_bg_color__hover_enabled=&#8220;off&#8220; button_two_bg_color__hover_enabled=&#8220;off&#8220; sticky_transition=&#8220;on&#8220;] [\/et_pb_slide][et_pb_slide use_bg_overlay=&#8220;off&#8220; use_text_overlay=&#8220;off&#8220; _builder_version=&#8220;4.16&#8243; header_font=&#8220;||||&#8220; body_font=&#8220;||||&#8220; background_image=&#8220;https:\/\/decker-co.de\/wp-content\/uploads\/2016\/09\/Decker_03_Umschlaghale_066_1280x350_WEB-RGB_161208.jpg&#8220; button_icon_placement=&#8220;right&#8220; button_on_hover=&#8220;on&#8220; global_colors_info=&#8220;{}&#8220; button_text_size__hover_enabled=&#8220;off&#8220; button_one_text_size__hover_enabled=&#8220;off&#8220; button_two_text_size__hover_enabled=&#8220;off&#8220; button_text_color__hover_enabled=&#8220;off&#8220; button_one_text_color__hover_enabled=&#8220;off&#8220; button_two_text_color__hover_enabled=&#8220;off&#8220; button_border_width__hover_enabled=&#8220;off&#8220; button_one_border_width__hover_enabled=&#8220;off&#8220; button_two_border_width__hover_enabled=&#8220;off&#8220; button_border_color__hover_enabled=&#8220;off&#8220; button_one_border_color__hover_enabled=&#8220;off&#8220; button_two_border_color__hover_enabled=&#8220;off&#8220; button_border_radius__hover_enabled=&#8220;off&#8220; button_one_border_radius__hover_enabled=&#8220;off&#8220; button_two_border_radius__hover_enabled=&#8220;off&#8220; button_letter_spacing__hover_enabled=&#8220;off&#8220; button_one_letter_spacing__hover_enabled=&#8220;off&#8220; button_two_letter_spacing__hover_enabled=&#8220;off&#8220; button_bg_color__hover_enabled=&#8220;off&#8220; button_one_bg_color__hover_enabled=&#8220;off&#8220; button_two_bg_color__hover_enabled=&#8220;off&#8220; sticky_transition=&#8220;on&#8220;] [\/et_pb_slide][\/et_pb_fullwidth_slider][\/et_pb_section][et_pb_section fb_built=&#8220;1&#8243; admin_label=&#8220;Sektion&#8220; _builder_version=&#8220;4.16&#8243; background_color=&#8220;#666666&#8243; custom_padding=&#8220;0px|0px|0px|0px&#8220; transparent_background=&#8220;off&#8220; global_colors_info=&#8220;{}&#8220;][et_pb_row _builder_version=&#8220;4.16&#8243; global_colors_info=&#8220;{}&#8220;][et_pb_column type=&#8220;4_4&#8243; _builder_version=&#8220;4.16&#8243; global_colors_info=&#8220;{}&#8220;][et_pb_menu menu_id=&#8220;49&#8243; submenu_direction=&#8220;downwards&#8220; active_link_color=&#8220;#b3b3b3&#8243; mobile_menu_bg_color=&#8220;#666666&#8243; admin_label=&#8220;Men\u00fc Unternehmen DE&#8220; _builder_version=&#8220;4.16&#8243; menu_font=&#8220;|on|||&#8220; menu_font_size=&#8220;16px&#8220; background_color=&#8220;#666666&#8243; background_layout=&#8220;dark&#8220; menu_font_size_tablet=&#8220;15px&#8220; menu_font_size_phone=&#8220;14px&#8220; menu_font_size_last_edited=&#8220;on|desktop&#8220; global_colors_info=&#8220;{}&#8220;][\/et_pb_menu][\/et_pb_column][\/et_pb_row][\/et_pb_section][et_pb_section fb_built=&#8220;1&#8243; custom_padding_last_edited=&#8220;on|desktop&#8220; admin_label=&#8220;Sektion&#8220; _builder_version=&#8220;4.16&#8243; background_color=&#8220;rgba(255,255,255,0.8)&#8220; custom_padding_tablet=&#8220;50px|0|50px|0&#8243; custom_padding_phone=&#8220;&#8220; transparent_background=&#8220;off&#8220; padding_mobile=&#8220;off&#8220; global_colors_info=&#8220;{}&#8220;][et_pb_row column_structure=&#8220;1_2,1_2&#8243; admin_label=&#8220;Zeile&#8220; _builder_version=&#8220;4.16&#8243; background_size=&#8220;initial&#8220; background_position=&#8220;top_left&#8220; background_repeat=&#8220;repeat&#8220; global_colors_info=&#8220;{}&#8220;][et_pb_column type=&#8220;1_2&#8243; _builder_version=&#8220;4.16&#8243; custom_padding=&#8220;|||&#8220; global_colors_info=&#8220;{}&#8220; custom_padding__hover=&#8220;|||&#8220;][et_pb_text admin_label=&#8220;Text &#8211; Damals bis heute&#8220; _builder_version=&#8220;4.16&#8243; text_text_color=&#8220;#1c1c1c&#8220; text_font_size=&#8220;17&#8243; text_line_height=&#8220;2em&#8220; header_font=&#8220;|on|||&#8220; header_text_color=&#8220;#1c1c1c&#8220; header_font_size=&#8220;24px&#8220; background_size=&#8220;initial&#8220; background_position=&#8220;top_left&#8220; background_repeat=&#8220;repeat&#8220; use_border_color=&#8220;off&#8220; border_color=&#8220;#ffffff&#8220; border_style=&#8220;solid&#8220; global_colors_info=&#8220;{}&#8220;]<\/p>\n<div class=\"headline\">\n<div class=\"p\">\n<h2><strong>Von damals bis heute.<\/strong><\/h2>\n<p>Seit\u00a0<strong>1925\u00a0<\/strong>transportieren wir die unterschiedlichsten G\u00fcter. Aus kleinsten Anf\u00e4ngen entwickelten wir uns im Laufe der letzten Jahrzehnte best\u00e4ndig zu einem mittelst\u00e4ndischen Unternehmen mit regionaler Bedeutung in Mittelbaden. Die langj\u00e4hrige Erfahrung im Speditions- und Logistikbereich bildet den Hintergrund f\u00fcr eine innovative Entwicklung der Unternehmensziele \u2013 heute und in Zukunft.<\/p>\n<\/div>\n<\/div>\n<p>[\/et_pb_text][\/et_pb_column][et_pb_column type=&#8220;1_2&#8243; _builder_version=&#8220;4.16&#8243; custom_padding=&#8220;|||&#8220; global_colors_info=&#8220;{}&#8220; custom_padding__hover=&#8220;|||&#8220;][et_pb_image src=&#8220;https:\/\/decker-co.de\/wp-content\/uploads\/2016\/12\/Historisch-2015_02_800x600_WEB-RGB_161209.jpg&#8220; align_tablet=&#8220;center&#8220; align_phone=&#8220;&#8220; align_last_edited=&#8220;on|desktop&#8220; admin_label=&#8220;Bild&#8220; _builder_version=&#8220;4.27.4&#8243; animation_style=&#8220;slide&#8220; animation_direction=&#8220;left&#8220; animation_duration=&#8220;500ms&#8220; animation_intensity_slide=&#8220;10%&#8220; hover_enabled=&#8220;0&#8243; use_border_color=&#8220;off&#8220; border_color=&#8220;#ffffff&#8220; border_style=&#8220;solid&#8220; animation=&#8220;left&#8220; sticky=&#8220;off&#8220; global_colors_info=&#8220;{}&#8220; border_radii=&#8220;on|10px|10px|10px|10px&#8220; sticky_enabled=&#8220;0&#8243;][\/et_pb_image][\/et_pb_column][\/et_pb_row][\/et_pb_section][et_pb_section fb_built=&#8220;1&#8243; _builder_version=&#8220;4.16&#8243; _module_preset=&#8220;default&#8220; background_color=&#8220;#ededed&#8220; global_colors_info=&#8220;{}&#8220;][et_pb_row _builder_version=&#8220;4.16&#8243; _module_preset=&#8220;default&#8220; background_enable_color=&#8220;off&#8220; global_colors_info=&#8220;{}&#8220;][et_pb_column type=&#8220;4_4&#8243; _builder_version=&#8220;4.16&#8243; _module_preset=&#8220;default&#8220; global_colors_info=&#8220;{}&#8220;][et_pb_divider color=&#8220;#595959&#8243; divider_position=&#8220;center&#8220; divider_weight=&#8220;3px&#8220; _builder_version=&#8220;4.16&#8243; _module_preset=&#8220;default&#8220; global_colors_info=&#8220;{}&#8220;][\/et_pb_divider][\/et_pb_column][\/et_pb_row][\/et_pb_section][et_pb_section fb_built=&#8220;1&#8243; custom_padding_last_edited=&#8220;on|desktop&#8220; admin_label=&#8220;Sektion&#8220; _builder_version=&#8220;4.16&#8243; background_color=&#8220;#ededed&#8220; custom_padding_tablet=&#8220;50px|0|50px|0&#8243; custom_padding_phone=&#8220;&#8220; transparent_background=&#8220;off&#8220; padding_mobile=&#8220;off&#8220; global_colors_info=&#8220;{}&#8220;][et_pb_row column_structure=&#8220;1_2,1_4,1_4&#8243; admin_label=&#8220;Zeile&#8220; _builder_version=&#8220;4.16&#8243; background_size=&#8220;initial&#8220; background_position=&#8220;top_left&#8220; background_repeat=&#8220;repeat&#8220; global_colors_info=&#8220;{}&#8220;][et_pb_column type=&#8220;1_2&#8243; _builder_version=&#8220;4.16&#8243; custom_padding=&#8220;|||&#8220; global_colors_info=&#8220;{}&#8220; custom_padding__hover=&#8220;|||&#8220;][et_pb_text admin_label=&#8220;Text &#8211; 1925&#8243; _builder_version=&#8220;4.16&#8243; background_size=&#8220;initial&#8220; background_position=&#8220;top_left&#8220; background_repeat=&#8220;repeat&#8220; use_border_color=&#8220;off&#8220; border_color=&#8220;#ffffff&#8220; border_style=&#8220;solid&#8220; global_colors_info=&#8220;{}&#8220;]<span style=\"color: #000000;\"><strong>1925<br \/>\n<\/strong>Gr\u00fcndung der Spedition Decker durch Andreas Decker in Seebach\/Nordschwarzwald.<\/span><br \/>\n[\/et_pb_text][\/et_pb_column][et_pb_column type=&#8220;1_4&#8243; _builder_version=&#8220;4.16&#8243; custom_padding=&#8220;|||&#8220; global_colors_info=&#8220;{}&#8220; custom_padding__hover=&#8220;|||&#8220;][et_pb_image src=&#8220;https:\/\/decker-co.de\/wp-content\/uploads\/2016\/12\/01_Historisch-1925_01_800x600_WEB-RGB_161209.jpg&#8220; show_in_lightbox=&#8220;on&#8220; align_tablet=&#8220;center&#8220; align_phone=&#8220;&#8220; align_last_edited=&#8220;on|desktop&#8220; admin_label=&#8220;Bild&#8220; _builder_version=&#8220;4.27.4&#8243; hover_enabled=&#8220;0&#8243; use_border_color=&#8220;off&#8220; border_color=&#8220;#ffffff&#8220; border_style=&#8220;solid&#8220; animation=&#8220;off&#8220; sticky=&#8220;off&#8220; global_colors_info=&#8220;{}&#8220; border_radii=&#8220;on|10px|10px|10px|10px&#8220; sticky_enabled=&#8220;0&#8243;][\/et_pb_image][\/et_pb_column][et_pb_column type=&#8220;1_4&#8243; _builder_version=&#8220;4.16&#8243; custom_padding=&#8220;|||&#8220; global_colors_info=&#8220;{}&#8220; custom_padding__hover=&#8220;|||&#8220;][et_pb_image src=&#8220;https:\/\/decker-co.de\/wp-content\/uploads\/2016\/12\/02_Historisch-1938_01_800x600_WEB-RGB_161209.jpg&#8220; show_in_lightbox=&#8220;on&#8220; align_tablet=&#8220;center&#8220; align_phone=&#8220;&#8220; align_last_edited=&#8220;on|desktop&#8220; admin_label=&#8220;Bild&#8220; _builder_version=&#8220;4.27.4&#8243; hover_enabled=&#8220;0&#8243; use_border_color=&#8220;off&#8220; border_color=&#8220;#ffffff&#8220; border_style=&#8220;solid&#8220; animation=&#8220;off&#8220; sticky=&#8220;off&#8220; global_colors_info=&#8220;{}&#8220; border_radii=&#8220;on|10px|10px|10px|10px&#8220; sticky_enabled=&#8220;0&#8243;][\/et_pb_image][\/et_pb_column][\/et_pb_row][\/et_pb_section][et_pb_section fb_built=&#8220;1&#8243; _builder_version=&#8220;4.16&#8243; _module_preset=&#8220;default&#8220; background_color=&#8220;#ededed&#8220; global_colors_info=&#8220;{}&#8220;][et_pb_row _builder_version=&#8220;4.16&#8243; _module_preset=&#8220;default&#8220; background_enable_color=&#8220;off&#8220; global_colors_info=&#8220;{}&#8220;][et_pb_column type=&#8220;4_4&#8243; _builder_version=&#8220;4.16&#8243; _module_preset=&#8220;default&#8220; global_colors_info=&#8220;{}&#8220;][et_pb_divider color=&#8220;#595959&#8243; divider_position=&#8220;center&#8220; divider_weight=&#8220;3px&#8220; _builder_version=&#8220;4.16&#8243; _module_preset=&#8220;default&#8220; global_colors_info=&#8220;{}&#8220;][\/et_pb_divider][\/et_pb_column][\/et_pb_row][\/et_pb_section][et_pb_section fb_built=&#8220;1&#8243; custom_padding_last_edited=&#8220;on|desktop&#8220; admin_label=&#8220;Sektion&#8220; _builder_version=&#8220;4.16&#8243; background_color=&#8220;#ededed&#8220; custom_padding_tablet=&#8220;50px|0|50px|0&#8243; custom_padding_phone=&#8220;&#8220; transparent_background=&#8220;off&#8220; padding_mobile=&#8220;off&#8220; global_colors_info=&#8220;{}&#8220;][et_pb_row column_structure=&#8220;1_2,1_4,1_4&#8243; admin_label=&#8220;Zeile&#8220; _builder_version=&#8220;4.16&#8243; background_size=&#8220;initial&#8220; background_position=&#8220;top_left&#8220; background_repeat=&#8220;repeat&#8220; global_colors_info=&#8220;{}&#8220;][et_pb_column type=&#8220;1_2&#8243; _builder_version=&#8220;4.16&#8243; custom_padding=&#8220;|||&#8220; global_colors_info=&#8220;{}&#8220; custom_padding__hover=&#8220;|||&#8220;][et_pb_text admin_label=&#8220;Text &#8211; 1950&#8243; _builder_version=&#8220;4.16&#8243; background_size=&#8220;initial&#8220; background_position=&#8220;top_left&#8220; background_repeat=&#8220;repeat&#8220; use_border_color=&#8220;off&#8220; border_color=&#8220;#ffffff&#8220; border_style=&#8220;solid&#8220; global_colors_info=&#8220;{}&#8220;]<span style=\"color: #000000;\"><strong>1950<br \/>\n<\/strong>Andreas Deckers Sohn Wilhelm tritt in die Firma ein.<\/span><br \/>\n[\/et_pb_text][\/et_pb_column][et_pb_column type=&#8220;1_4&#8243; _builder_version=&#8220;4.16&#8243; custom_padding=&#8220;|||&#8220; global_colors_info=&#8220;{}&#8220; custom_padding__hover=&#8220;|||&#8220;][et_pb_image src=&#8220;https:\/\/decker-co.de\/wp-content\/uploads\/2016\/12\/03_Historisch-1951_01_800x600_WEB-RGB_161209.jpg&#8220; show_in_lightbox=&#8220;on&#8220; align_tablet=&#8220;center&#8220; align_phone=&#8220;&#8220; align_last_edited=&#8220;on|desktop&#8220; admin_label=&#8220;Bild&#8220; _builder_version=&#8220;4.27.4&#8243; hover_enabled=&#8220;0&#8243; use_border_color=&#8220;off&#8220; border_color=&#8220;#ffffff&#8220; border_style=&#8220;solid&#8220; animation=&#8220;off&#8220; sticky=&#8220;off&#8220; global_colors_info=&#8220;{}&#8220; border_radii=&#8220;on|10px|10px|10px|10px&#8220; sticky_enabled=&#8220;0&#8243;][\/et_pb_image][\/et_pb_column][et_pb_column type=&#8220;1_4&#8243; _builder_version=&#8220;4.16&#8243; custom_padding=&#8220;|||&#8220; global_colors_info=&#8220;{}&#8220; custom_padding__hover=&#8220;|||&#8220;][et_pb_image src=&#8220;https:\/\/decker-co.de\/wp-content\/uploads\/2016\/12\/04_Historisch-1952_01_800x600_WEB-RGB_161209.jpg&#8220; show_in_lightbox=&#8220;on&#8220; align_tablet=&#8220;center&#8220; align_phone=&#8220;&#8220; align_last_edited=&#8220;on|desktop&#8220; admin_label=&#8220;Bild&#8220; _builder_version=&#8220;4.27.4&#8243; hover_enabled=&#8220;0&#8243; use_border_color=&#8220;off&#8220; border_color=&#8220;#ffffff&#8220; border_style=&#8220;solid&#8220; animation=&#8220;off&#8220; sticky=&#8220;off&#8220; global_colors_info=&#8220;{}&#8220; border_radii=&#8220;on|10px|10px|10px|10px&#8220; sticky_enabled=&#8220;0&#8243;][\/et_pb_image][\/et_pb_column][\/et_pb_row][\/et_pb_section][et_pb_section fb_built=&#8220;1&#8243; _builder_version=&#8220;4.16&#8243; _module_preset=&#8220;default&#8220; background_color=&#8220;#ededed&#8220; global_colors_info=&#8220;{}&#8220;][et_pb_row _builder_version=&#8220;4.16&#8243; _module_preset=&#8220;default&#8220; background_enable_color=&#8220;off&#8220; global_colors_info=&#8220;{}&#8220;][et_pb_column type=&#8220;4_4&#8243; _builder_version=&#8220;4.16&#8243; _module_preset=&#8220;default&#8220; global_colors_info=&#8220;{}&#8220;][et_pb_divider color=&#8220;#595959&#8243; divider_position=&#8220;center&#8220; divider_weight=&#8220;3px&#8220; _builder_version=&#8220;4.16&#8243; _module_preset=&#8220;default&#8220; global_colors_info=&#8220;{}&#8220;][\/et_pb_divider][\/et_pb_column][\/et_pb_row][\/et_pb_section][et_pb_section fb_built=&#8220;1&#8243; custom_padding_last_edited=&#8220;on|desktop&#8220; admin_label=&#8220;Sektion&#8220; _builder_version=&#8220;4.16&#8243; background_color=&#8220;#ededed&#8220; custom_padding_tablet=&#8220;50px|0|50px|0&#8243; custom_padding_phone=&#8220;&#8220; transparent_background=&#8220;off&#8220; padding_mobile=&#8220;off&#8220; global_colors_info=&#8220;{}&#8220;][et_pb_row column_structure=&#8220;1_2,1_4,1_4&#8243; admin_label=&#8220;Zeile&#8220; _builder_version=&#8220;4.16&#8243; background_size=&#8220;initial&#8220; background_position=&#8220;top_left&#8220; background_repeat=&#8220;repeat&#8220; global_colors_info=&#8220;{}&#8220;][et_pb_column type=&#8220;1_2&#8243; _builder_version=&#8220;4.16&#8243; custom_padding=&#8220;|||&#8220; global_colors_info=&#8220;{}&#8220; custom_padding__hover=&#8220;|||&#8220;][et_pb_text admin_label=&#8220;Text &#8211; 1960&#8243; _builder_version=&#8220;4.16&#8243; background_size=&#8220;initial&#8220; background_position=&#8220;top_left&#8220; background_repeat=&#8220;repeat&#8220; use_border_color=&#8220;off&#8220; border_color=&#8220;#ffffff&#8220; border_style=&#8220;solid&#8220; global_colors_info=&#8220;{}&#8220;]<span style=\"color: #000000;\"><strong>1960<br \/>\n<\/strong>Wilhelm Decker \u00fcbernimmt die Firma und f\u00fchrt die Spedition als Transportbetrieb unter der Firmierung W. Decker Spedition\/Seebach.<\/span><br \/>\n[\/et_pb_text][\/et_pb_column][et_pb_column type=&#8220;1_4&#8243; _builder_version=&#8220;4.16&#8243; custom_padding=&#8220;|||&#8220; global_colors_info=&#8220;{}&#8220; custom_padding__hover=&#8220;|||&#8220;][et_pb_image src=&#8220;https:\/\/decker-co.de\/wp-content\/uploads\/2016\/12\/05_Historisch-1960_01_800x600_WEB-RGB_161209.jpg&#8220; show_in_lightbox=&#8220;on&#8220; align_tablet=&#8220;center&#8220; align_phone=&#8220;&#8220; align_last_edited=&#8220;on|desktop&#8220; admin_label=&#8220;Bild&#8220; _builder_version=&#8220;4.27.4&#8243; hover_enabled=&#8220;0&#8243; use_border_color=&#8220;off&#8220; border_color=&#8220;#ffffff&#8220; border_style=&#8220;solid&#8220; animation=&#8220;off&#8220; sticky=&#8220;off&#8220; global_colors_info=&#8220;{}&#8220; border_radii=&#8220;on|10px|10px|10px|10px&#8220; sticky_enabled=&#8220;0&#8243;][\/et_pb_image][\/et_pb_column][et_pb_column type=&#8220;1_4&#8243; _builder_version=&#8220;4.16&#8243; custom_padding=&#8220;|||&#8220; global_colors_info=&#8220;{}&#8220; custom_padding__hover=&#8220;|||&#8220;][et_pb_image src=&#8220;https:\/\/decker-co.de\/wp-content\/uploads\/2016\/12\/06_Historisch-1965_01_800x600_WEB-RGB_161209.jpg&#8220; show_in_lightbox=&#8220;on&#8220; align_tablet=&#8220;center&#8220; align_phone=&#8220;&#8220; align_last_edited=&#8220;on|desktop&#8220; admin_label=&#8220;Bild&#8220; _builder_version=&#8220;4.27.4&#8243; hover_enabled=&#8220;0&#8243; use_border_color=&#8220;off&#8220; border_color=&#8220;#ffffff&#8220; border_style=&#8220;solid&#8220; animation=&#8220;off&#8220; sticky=&#8220;off&#8220; global_colors_info=&#8220;{}&#8220; border_radii=&#8220;on|10px|10px|10px|10px&#8220; sticky_enabled=&#8220;0&#8243;][\/et_pb_image][\/et_pb_column][\/et_pb_row][\/et_pb_section][et_pb_section fb_built=&#8220;1&#8243; _builder_version=&#8220;4.16&#8243; _module_preset=&#8220;default&#8220; background_color=&#8220;#ededed&#8220; global_colors_info=&#8220;{}&#8220;][et_pb_row _builder_version=&#8220;4.16&#8243; _module_preset=&#8220;default&#8220; background_enable_color=&#8220;off&#8220; global_colors_info=&#8220;{}&#8220;][et_pb_column type=&#8220;4_4&#8243; _builder_version=&#8220;4.16&#8243; _module_preset=&#8220;default&#8220; global_colors_info=&#8220;{}&#8220;][et_pb_divider color=&#8220;#595959&#8243; divider_position=&#8220;center&#8220; divider_weight=&#8220;3px&#8220; _builder_version=&#8220;4.16&#8243; _module_preset=&#8220;default&#8220; global_colors_info=&#8220;{}&#8220;][\/et_pb_divider][\/et_pb_column][\/et_pb_row][\/et_pb_section][et_pb_section fb_built=&#8220;1&#8243; custom_padding_last_edited=&#8220;on|desktop&#8220; admin_label=&#8220;Sektion&#8220; _builder_version=&#8220;4.16&#8243; background_color=&#8220;#ededed&#8220; custom_padding_tablet=&#8220;50px|0|50px|0&#8243; custom_padding_phone=&#8220;&#8220; transparent_background=&#8220;off&#8220; padding_mobile=&#8220;off&#8220; global_colors_info=&#8220;{}&#8220;][et_pb_row column_structure=&#8220;1_2,1_4,1_4&#8243; admin_label=&#8220;Zeile&#8220; _builder_version=&#8220;4.16&#8243; background_size=&#8220;initial&#8220; background_position=&#8220;top_left&#8220; background_repeat=&#8220;repeat&#8220; global_colors_info=&#8220;{}&#8220;][et_pb_column type=&#8220;1_2&#8243; _builder_version=&#8220;4.16&#8243; custom_padding=&#8220;|||&#8220; global_colors_info=&#8220;{}&#8220; custom_padding__hover=&#8220;|||&#8220;][et_pb_text admin_label=&#8220;Text &#8211; 1988&#8243; _builder_version=&#8220;4.16&#8243; background_size=&#8220;initial&#8220; background_position=&#8220;top_left&#8220; background_repeat=&#8220;repeat&#8220; use_border_color=&#8220;off&#8220; border_color=&#8220;#ffffff&#8220; border_style=&#8220;solid&#8220; global_colors_info=&#8220;{}&#8220;]<span style=\"color: #000000;\"><strong>1988<br \/>\n<\/strong>Wilhelm Deckers Sohn Hilmar tritt in die Gesch\u00e4ftsf\u00fchrung der W. Decker Spedition.<\/span><br \/>\n[\/et_pb_text][\/et_pb_column][et_pb_column type=&#8220;1_4&#8243; _builder_version=&#8220;4.16&#8243; custom_padding=&#8220;|||&#8220; global_colors_info=&#8220;{}&#8220; custom_padding__hover=&#8220;|||&#8220;][et_pb_image src=&#8220;https:\/\/decker-co.de\/wp-content\/uploads\/2016\/12\/07_Historisch-1980_02_800x600_WEB-RGB_161209.jpg&#8220; show_in_lightbox=&#8220;on&#8220; align_tablet=&#8220;center&#8220; align_phone=&#8220;&#8220; align_last_edited=&#8220;on|desktop&#8220; admin_label=&#8220;Bild&#8220; _builder_version=&#8220;4.27.4&#8243; hover_enabled=&#8220;0&#8243; use_border_color=&#8220;off&#8220; border_color=&#8220;#ffffff&#8220; border_style=&#8220;solid&#8220; animation=&#8220;off&#8220; sticky=&#8220;off&#8220; global_colors_info=&#8220;{}&#8220; border_radii=&#8220;on|10px|10px|10px|10px&#8220; sticky_enabled=&#8220;0&#8243;][\/et_pb_image][\/et_pb_column][et_pb_column type=&#8220;1_4&#8243; _builder_version=&#8220;4.16&#8243; custom_padding=&#8220;|||&#8220; global_colors_info=&#8220;{}&#8220; custom_padding__hover=&#8220;|||&#8220;][\/et_pb_column][\/et_pb_row][\/et_pb_section][et_pb_section fb_built=&#8220;1&#8243; _builder_version=&#8220;4.16&#8243; _module_preset=&#8220;default&#8220; background_color=&#8220;#ededed&#8220; global_colors_info=&#8220;{}&#8220;][et_pb_row _builder_version=&#8220;4.16&#8243; _module_preset=&#8220;default&#8220; background_enable_color=&#8220;off&#8220; global_colors_info=&#8220;{}&#8220;][et_pb_column type=&#8220;4_4&#8243; _builder_version=&#8220;4.16&#8243; _module_preset=&#8220;default&#8220; global_colors_info=&#8220;{}&#8220;][et_pb_divider color=&#8220;#595959&#8243; divider_position=&#8220;center&#8220; divider_weight=&#8220;3px&#8220; _builder_version=&#8220;4.16&#8243; _module_preset=&#8220;default&#8220; global_colors_info=&#8220;{}&#8220;][\/et_pb_divider][\/et_pb_column][\/et_pb_row][\/et_pb_section][et_pb_section fb_built=&#8220;1&#8243; custom_padding_last_edited=&#8220;on|desktop&#8220; admin_label=&#8220;Sektion&#8220; _builder_version=&#8220;4.16&#8243; background_color=&#8220;#ededed&#8220; custom_padding_tablet=&#8220;50px|0|50px|0&#8243; custom_padding_phone=&#8220;&#8220; transparent_background=&#8220;off&#8220; padding_mobile=&#8220;off&#8220; global_colors_info=&#8220;{}&#8220;][et_pb_row column_structure=&#8220;1_2,1_4,1_4&#8243; admin_label=&#8220;Zeile&#8220; _builder_version=&#8220;4.16&#8243; background_size=&#8220;initial&#8220; background_position=&#8220;top_left&#8220; background_repeat=&#8220;repeat&#8220; global_colors_info=&#8220;{}&#8220;][et_pb_column type=&#8220;1_2&#8243; _builder_version=&#8220;4.16&#8243; custom_padding=&#8220;|||&#8220; global_colors_info=&#8220;{}&#8220; custom_padding__hover=&#8220;|||&#8220;][et_pb_text admin_label=&#8220;Text &#8211; 1990-2000&#8243; _builder_version=&#8220;4.16&#8243; background_size=&#8220;initial&#8220; background_position=&#8220;top_left&#8220; background_repeat=&#8220;repeat&#8220; use_border_color=&#8220;off&#8220; border_color=&#8220;#ffffff&#8220; border_style=&#8220;solid&#8220; global_colors_info=&#8220;{}&#8220;]<\/p>\n<p><span style=\"color: #000000;\"><strong>1990- 1993<br \/> <\/strong>Erfolgreiche Entwicklung und Vergr\u00f6\u00dferung des Speditionsbetriebes und Ausbau der europ\u00e4ischen Landverkehre.<strong><br \/> <\/strong><\/span><\/p>\n<p><span style=\"color: #000000;\"><strong>1993<br \/> <\/strong>Neubau und Umzug des Speditionsbetriebes im September in die neu erbaute Speditionsanlage in Achern.<strong><br \/> <\/strong><\/span><\/p>\n<p><span style=\"color: #000000;\"><strong>1998<br \/> <\/strong>Umstrukturierung der Einzelfirma in die decker&amp;co Internationale Spedition GmbH. Einleitung einer Wachstumsphase mit j\u00e4hrlichen Steigerungen zwischen 15% und 25%.<strong><br \/> <\/strong><\/span><\/p>\n<p><span style=\"color: #000000;\"><strong>1999<br \/> <\/strong>Vergr\u00f6\u00dferung der Speditionsanlage in allen Bereichen. Weitere Au\u00dfenlager in Achern, zusammen 3.000 m2. Projektabwicklung, Druckpapier- und Stahllagerung.<\/span><span style=\"font-size: 15px;\">\u00a0<\/span><\/p>\n<p>[\/et_pb_text][\/et_pb_column][et_pb_column type=&#8220;1_4&#8243; _builder_version=&#8220;4.16&#8243; custom_padding=&#8220;|||&#8220; global_colors_info=&#8220;{}&#8220; custom_padding__hover=&#8220;|||&#8220;][\/et_pb_column][et_pb_column type=&#8220;1_4&#8243; _builder_version=&#8220;4.16&#8243; custom_padding=&#8220;|||&#8220; global_colors_info=&#8220;{}&#8220; custom_padding__hover=&#8220;|||&#8220;][\/et_pb_column][\/et_pb_row][et_pb_row _builder_version=&#8220;4.16&#8243; _module_preset=&#8220;default&#8220; background_enable_color=&#8220;off&#8220; global_colors_info=&#8220;{}&#8220;][et_pb_column type=&#8220;4_4&#8243; _builder_version=&#8220;4.16&#8243; _module_preset=&#8220;default&#8220; global_colors_info=&#8220;{}&#8220;][et_pb_divider color=&#8220;#595959&#8243; divider_position=&#8220;center&#8220; divider_weight=&#8220;3px&#8220; _builder_version=&#8220;4.16&#8243; _module_preset=&#8220;default&#8220; global_colors_info=&#8220;{}&#8220;][\/et_pb_divider][\/et_pb_column][\/et_pb_row][et_pb_row column_structure=&#8220;1_2,1_4,1_4&#8243; _builder_version=&#8220;4.16&#8243; _module_preset=&#8220;default&#8220; global_colors_info=&#8220;{}&#8220;][et_pb_column type=&#8220;1_2&#8243; _builder_version=&#8220;4.16&#8243; _module_preset=&#8220;default&#8220; global_colors_info=&#8220;{}&#8220;][et_pb_text admin_label=&#8220;Text &#8211; 1990-2000&#8243; _builder_version=&#8220;4.16&#8243; background_size=&#8220;initial&#8220; background_position=&#8220;top_left&#8220; background_repeat=&#8220;repeat&#8220; use_border_color=&#8220;off&#8220; border_color=&#8220;#ffffff&#8220; border_style=&#8220;solid&#8220; global_colors_info=&#8220;{}&#8220;]<\/p>\n<p><span style=\"color: #000000;\"><strong>2000<br \/><\/strong><\/span><\/p>\n<p class=\"p2\"><span class=\"s1\"> <\/span><b>VTL Vernetzte-Transport-Logistik GmbH <\/b><\/p>\n<p class=\"p2\">VTL wurde 1998 gegr\u00fcndet und ist eine f\u00fchrende St\u00fcckgutkooperation und Anbieter europaweiter Logistikl\u00f6sungen. Von Fulda aus vernetzt VTL \u00fcber 120 mittelst\u00e4ndische Cargo-Unternehmen zu einem umfassenden und intelligenten, durch modernste IT unterst\u00fctzten Transport-Service.<\/p>\n<p class=\"p2\">Die Kooperation punktet durch die gute Zusammenarbeit ihrer rund 140 Mitarbeiter in Fulda sowie den Zusammenhalt zwischen allen Systempartnern. Das Zentral-HUB in Fulda und die Regional-HUBs Nord und West sind mit schnellen Direktverkehren vernetzt und transportieren das St\u00fcckgut im 24\/48-Stundentakt im Nachtsprung.<\/p>\n<p class=\"p2\">Mit den Systempartnern &#8222;vor Ort&#8220; bietet VTL den individuellen Service eines regionalen Anbieters, plus europaweite Logistikl\u00f6sungen eines fl\u00e4chendeckenden Netzwerkes. So wird aus der Vielzahl regionaler Leistungen in mehr als 39 L\u00e4ndern ein umfassendes Supply Chain-Angebot.<\/p>\n<p class=\"p2\">Qualit\u00e4t, Vertrauen, Hilfsbereitschaft und Fairness sind die wichtigsten Erfolgsfaktoren des Netzwerkes.<\/p>\n<p class=\"p2\">Seit <b>2000\u00a0<\/b>sind wir Mitglied bei der St\u00fcckgutkooperation VTL.<\/p>\n<p class=\"p3\">www.vtl.de<\/p>\n<p>[\/et_pb_text][\/et_pb_column][et_pb_column type=&#8220;1_4&#8243; _builder_version=&#8220;4.16&#8243; _module_preset=&#8220;default&#8220; global_colors_info=&#8220;{}&#8220;][et_pb_image src=&#8220;https:\/\/decker-co.de\/wp-content\/uploads\/2020\/11\/VTL-Logo-4c-freigestellt.png&#8220; title_text=&#8220;VTL Logo 4c freigestellt&#8220; _builder_version=&#8220;4.16&#8243; _module_preset=&#8220;default&#8220; global_colors_info=&#8220;{}&#8220;][\/et_pb_image][\/et_pb_column][et_pb_column type=&#8220;1_4&#8243; _builder_version=&#8220;4.16&#8243; _module_preset=&#8220;default&#8220; global_colors_info=&#8220;{}&#8220;][et_pb_image src=&#8220;https:\/\/decker-co.de\/wp-content\/uploads\/2020\/11\/VTL-Erdmaennchen-png.png&#8220; title_text=&#8220;VTL Erdmaennchen png&#8220; _builder_version=&#8220;4.16&#8243; _module_preset=&#8220;default&#8220; global_colors_info=&#8220;{}&#8220;][\/et_pb_image][\/et_pb_column][\/et_pb_row][\/et_pb_section][et_pb_section fb_built=&#8220;1&#8243; _builder_version=&#8220;4.16&#8243; _module_preset=&#8220;default&#8220; background_color=&#8220;#ededed&#8220; global_colors_info=&#8220;{}&#8220;][et_pb_row _builder_version=&#8220;4.16&#8243; _module_preset=&#8220;default&#8220; background_enable_color=&#8220;off&#8220; min_height=&#8220;19px&#8220; global_colors_info=&#8220;{}&#8220;][et_pb_column type=&#8220;4_4&#8243; _builder_version=&#8220;4.16&#8243; _module_preset=&#8220;default&#8220; global_colors_info=&#8220;{}&#8220;][et_pb_divider color=&#8220;#595959&#8243; divider_position=&#8220;center&#8220; divider_weight=&#8220;3px&#8220; _builder_version=&#8220;4.16&#8243; _module_preset=&#8220;default&#8220; global_colors_info=&#8220;{}&#8220;][\/et_pb_divider][\/et_pb_column][\/et_pb_row][\/et_pb_section][et_pb_section fb_built=&#8220;1&#8243; custom_padding_last_edited=&#8220;on|desktop&#8220; admin_label=&#8220;Sektion&#8220; _builder_version=&#8220;4.16&#8243; background_color=&#8220;#ededed&#8220; custom_padding_tablet=&#8220;50px|0|50px|0&#8243; custom_padding_phone=&#8220;&#8220; transparent_background=&#8220;off&#8220; padding_mobile=&#8220;off&#8220; global_colors_info=&#8220;{}&#8220;][et_pb_row column_structure=&#8220;1_2,1_4,1_4&#8243; admin_label=&#8220;Zeile&#8220; _builder_version=&#8220;4.16&#8243; background_size=&#8220;initial&#8220; background_position=&#8220;top_left&#8220; background_repeat=&#8220;repeat&#8220; global_colors_info=&#8220;{}&#8220;][et_pb_column type=&#8220;1_2&#8243; _builder_version=&#8220;4.16&#8243; custom_padding=&#8220;|||&#8220; global_colors_info=&#8220;{}&#8220; custom_padding__hover=&#8220;|||&#8220;][et_pb_text admin_label=&#8220;Text &#8211; 2006&#8243; _builder_version=&#8220;4.16&#8243; background_size=&#8220;initial&#8220; background_position=&#8220;top_left&#8220; background_repeat=&#8220;repeat&#8220; use_border_color=&#8220;off&#8220; border_color=&#8220;#ffffff&#8220; border_style=&#8220;solid&#8220; global_colors_info=&#8220;{}&#8220;]<span style=\"color: #000000;\"><strong>2006<br \/>\n<\/strong>Erweiterung der Betriebsfl\u00e4che auf 35.000 qm, begleitet durch den Neubau von B\u00fcro-, Umschlag- und Werkstattr\u00e4umen, sowie Vergr\u00f6\u00dferung der Freifl\u00e4chen.<strong><br \/>\n<\/strong><\/span><br \/>\n[\/et_pb_text][\/et_pb_column][et_pb_column type=&#8220;1_4&#8243; _builder_version=&#8220;4.16&#8243; custom_padding=&#8220;|||&#8220; global_colors_info=&#8220;{}&#8220; custom_padding__hover=&#8220;|||&#8220;][et_pb_image src=&#8220;https:\/\/decker-co.de\/wp-content\/uploads\/2016\/12\/Historisch-2007_01_800x600_WEB-RGB_161209-1.jpg&#8220; show_in_lightbox=&#8220;on&#8220; align_tablet=&#8220;center&#8220; align_phone=&#8220;&#8220; align_last_edited=&#8220;on|desktop&#8220; admin_label=&#8220;Bild&#8220; _builder_version=&#8220;4.27.4&#8243; hover_enabled=&#8220;0&#8243; use_border_color=&#8220;off&#8220; border_color=&#8220;#ffffff&#8220; border_style=&#8220;solid&#8220; animation=&#8220;off&#8220; sticky=&#8220;off&#8220; global_colors_info=&#8220;{}&#8220; border_radii=&#8220;on|10px|10px|10px|10px&#8220; sticky_enabled=&#8220;0&#8243;][\/et_pb_image][\/et_pb_column][et_pb_column type=&#8220;1_4&#8243; _builder_version=&#8220;4.16&#8243; custom_padding=&#8220;|||&#8220; global_colors_info=&#8220;{}&#8220; custom_padding__hover=&#8220;|||&#8220;][et_pb_image src=&#8220;https:\/\/decker-co.de\/wp-content\/uploads\/2016\/12\/Historisch-2013_01_800x600_WEB-RGB_161209.jpg&#8220; show_in_lightbox=&#8220;on&#8220; align_tablet=&#8220;center&#8220; align_phone=&#8220;&#8220; align_last_edited=&#8220;on|desktop&#8220; admin_label=&#8220;Bild&#8220; _builder_version=&#8220;4.27.4&#8243; hover_enabled=&#8220;0&#8243; use_border_color=&#8220;off&#8220; border_color=&#8220;#ffffff&#8220; border_style=&#8220;solid&#8220; animation=&#8220;off&#8220; sticky=&#8220;off&#8220; global_colors_info=&#8220;{}&#8220; border_radii=&#8220;on|10px|10px|10px|10px&#8220; sticky_enabled=&#8220;0&#8243;][\/et_pb_image][\/et_pb_column][\/et_pb_row][\/et_pb_section][et_pb_section fb_built=&#8220;1&#8243; _builder_version=&#8220;4.16&#8243; _module_preset=&#8220;default&#8220; background_color=&#8220;#ededed&#8220; global_colors_info=&#8220;{}&#8220;][et_pb_row _builder_version=&#8220;4.16&#8243; _module_preset=&#8220;default&#8220; background_enable_color=&#8220;off&#8220; global_colors_info=&#8220;{}&#8220;][et_pb_column type=&#8220;4_4&#8243; _builder_version=&#8220;4.16&#8243; _module_preset=&#8220;default&#8220; global_colors_info=&#8220;{}&#8220;][et_pb_divider color=&#8220;#595959&#8243; divider_position=&#8220;center&#8220; divider_weight=&#8220;3px&#8220; _builder_version=&#8220;4.16&#8243; _module_preset=&#8220;default&#8220; global_colors_info=&#8220;{}&#8220;][\/et_pb_divider][\/et_pb_column][\/et_pb_row][\/et_pb_section][et_pb_section fb_built=&#8220;1&#8243; custom_padding_last_edited=&#8220;on|desktop&#8220; admin_label=&#8220;Sektion&#8220; _builder_version=&#8220;4.16&#8243; background_color=&#8220;#ededed&#8220; custom_padding_tablet=&#8220;50px|0|50px|0&#8243; custom_padding_phone=&#8220;&#8220; transparent_background=&#8220;off&#8220; padding_mobile=&#8220;off&#8220; global_colors_info=&#8220;{}&#8220;][et_pb_row column_structure=&#8220;1_2,1_4,1_4&#8243; admin_label=&#8220;Zeile&#8220; _builder_version=&#8220;4.16&#8243; background_size=&#8220;initial&#8220; background_position=&#8220;top_left&#8220; background_repeat=&#8220;repeat&#8220; global_colors_info=&#8220;{}&#8220;][et_pb_column type=&#8220;1_2&#8243; _builder_version=&#8220;4.16&#8243; custom_padding=&#8220;|||&#8220; global_colors_info=&#8220;{}&#8220; custom_padding__hover=&#8220;|||&#8220;][et_pb_text admin_label=&#8220;Text &#8211; 2002 &#8211; 2008&#8243; _builder_version=&#8220;4.16&#8243; background_size=&#8220;initial&#8220; background_position=&#8220;top_left&#8220; background_repeat=&#8220;repeat&#8220; use_border_color=&#8220;off&#8220; border_color=&#8220;#ffffff&#8220; border_style=&#8220;solid&#8220; global_colors_info=&#8220;{}&#8220;]<strong>2002-2008<\/strong><\/p>\n<p><span style=\"color: #000000;\">Weitere Fuhrparkvergr\u00f6\u00dferung und Verlagerung der bisherigen Fremdleistungen auf eigenes Equipment. Vorbereitung auf die Mauteinf\u00fchrung und die durch verkehrspolitische Entscheidungen eintretenden Marktver\u00e4nderungen. Erh\u00f6hung der Qualit\u00e4tsnormen, Flexibilit\u00e4t und Spezialisierung. Ausbau des Kerngesch\u00e4ftes europ\u00e4ische LKW-Verkehre. Schwerpunkte Deutschland, Schweiz, \u00d6sterreich, Frankreich und Italien.<\/span><br \/>\n[\/et_pb_text][\/et_pb_column][et_pb_column type=&#8220;1_4&#8243; _builder_version=&#8220;4.16&#8243; custom_padding=&#8220;|||&#8220; global_colors_info=&#8220;{}&#8220; custom_padding__hover=&#8220;|||&#8220;][et_pb_image src=&#8220;https:\/\/decker-co.de\/wp-content\/uploads\/2016\/12\/Historisch-2007_03_800x600_WEB-RGB_161209.jpg&#8220; show_in_lightbox=&#8220;on&#8220; align_tablet=&#8220;center&#8220; align_phone=&#8220;&#8220; align_last_edited=&#8220;on|desktop&#8220; admin_label=&#8220;Bild&#8220; _builder_version=&#8220;4.27.4&#8243; hover_enabled=&#8220;0&#8243; use_border_color=&#8220;off&#8220; border_color=&#8220;#ffffff&#8220; border_style=&#8220;solid&#8220; animation=&#8220;off&#8220; sticky=&#8220;off&#8220; global_colors_info=&#8220;{}&#8220; border_radii=&#8220;on|10px|10px|10px|10px&#8220; sticky_enabled=&#8220;0&#8243;][\/et_pb_image][\/et_pb_column][et_pb_column type=&#8220;1_4&#8243; _builder_version=&#8220;4.16&#8243; custom_padding=&#8220;|||&#8220; global_colors_info=&#8220;{}&#8220; custom_padding__hover=&#8220;|||&#8220;][et_pb_image src=&#8220;https:\/\/decker-co.de\/wp-content\/uploads\/2016\/12\/Historisch-2007_01_800x600_WEB-RGB_161209.jpg&#8220; show_in_lightbox=&#8220;on&#8220; align_tablet=&#8220;center&#8220; align_phone=&#8220;&#8220; align_last_edited=&#8220;on|desktop&#8220; admin_label=&#8220;Bild&#8220; _builder_version=&#8220;4.27.4&#8243; hover_enabled=&#8220;0&#8243; use_border_color=&#8220;off&#8220; border_color=&#8220;#ffffff&#8220; border_style=&#8220;solid&#8220; animation=&#8220;off&#8220; sticky=&#8220;off&#8220; global_colors_info=&#8220;{}&#8220; border_radii=&#8220;on|10px|10px|10px|10px&#8220; sticky_enabled=&#8220;0&#8243;][\/et_pb_image][\/et_pb_column][\/et_pb_row][\/et_pb_section][et_pb_section fb_built=&#8220;1&#8243; _builder_version=&#8220;4.16&#8243; _module_preset=&#8220;default&#8220; background_color=&#8220;#ededed&#8220; global_colors_info=&#8220;{}&#8220;][et_pb_row _builder_version=&#8220;4.16&#8243; _module_preset=&#8220;default&#8220; background_enable_color=&#8220;off&#8220; global_colors_info=&#8220;{}&#8220;][et_pb_column type=&#8220;4_4&#8243; _builder_version=&#8220;4.16&#8243; _module_preset=&#8220;default&#8220; global_colors_info=&#8220;{}&#8220;][et_pb_divider color=&#8220;#595959&#8243; divider_position=&#8220;center&#8220; divider_weight=&#8220;3px&#8220; _builder_version=&#8220;4.16&#8243; _module_preset=&#8220;default&#8220; global_colors_info=&#8220;{}&#8220;][\/et_pb_divider][\/et_pb_column][\/et_pb_row][\/et_pb_section][et_pb_section fb_built=&#8220;1&#8243; custom_padding_last_edited=&#8220;on|desktop&#8220; admin_label=&#8220;2014&#8243; _builder_version=&#8220;4.16&#8243; background_color=&#8220;#ededed&#8220; custom_padding_tablet=&#8220;50px|0|50px|0&#8243; custom_padding_phone=&#8220;&#8220; transparent_background=&#8220;off&#8220; padding_mobile=&#8220;off&#8220; global_colors_info=&#8220;{}&#8220;][et_pb_row column_structure=&#8220;1_2,1_4,1_4&#8243; admin_label=&#8220;2014&#8243; _builder_version=&#8220;4.16&#8243; background_size=&#8220;initial&#8220; background_position=&#8220;top_left&#8220; background_repeat=&#8220;repeat&#8220; global_colors_info=&#8220;{}&#8220;][et_pb_column type=&#8220;1_2&#8243; _builder_version=&#8220;4.16&#8243; custom_padding=&#8220;|||&#8220; global_colors_info=&#8220;{}&#8220; custom_padding__hover=&#8220;|||&#8220;][et_pb_text admin_label=&#8220;Text &#8211; 2014&#8243; _builder_version=&#8220;4.16&#8243; background_size=&#8220;initial&#8220; background_position=&#8220;top_left&#8220; background_repeat=&#8220;repeat&#8220; use_border_color=&#8220;off&#8220; border_color=&#8220;#ffffff&#8220; border_style=&#8220;solid&#8220; global_colors_info=&#8220;{}&#8220;]<strong>2014<\/strong><\/p>\n<p>Beitritt zum\u00a0 Teilladungsnetzwerk\u00a0 E.L.V.I.S. Part-Load-Network<br \/>\n[\/et_pb_text][\/et_pb_column][et_pb_column type=&#8220;1_4&#8243; _builder_version=&#8220;4.16&#8243; custom_padding=&#8220;|||&#8220; global_colors_info=&#8220;{}&#8220; custom_padding__hover=&#8220;|||&#8220;][et_pb_image src=&#8220;https:\/\/decker-co.de\/wp-content\/uploads\/2023\/01\/ELVIS-Part-Load.jpg&#8220; title_text=&#8220;ELVIS-Part-Load&#8220; align=&#8220;center&#8220; align_tablet=&#8220;center&#8220; align_phone=&#8220;&#8220; align_last_edited=&#8220;on|desktop&#8220; admin_label=&#8220;Bild&#8220; _builder_version=&#8220;4.27.4&#8243; background_color=&#8220;#ffffff&#8220; hover_enabled=&#8220;0&#8243; border_style=&#8220;solid&#8220; animation=&#8220;off&#8220; sticky=&#8220;off&#8220; global_colors_info=&#8220;{}&#8220; border_radii=&#8220;on|10px|10px|10px|10px&#8220; sticky_enabled=&#8220;0&#8243;][\/et_pb_image][\/et_pb_column][et_pb_column type=&#8220;1_4&#8243; _builder_version=&#8220;4.16&#8243; custom_padding=&#8220;|||&#8220; global_colors_info=&#8220;{}&#8220; custom_padding__hover=&#8220;|||&#8220;][et_pb_image src=&#8220;https:\/\/decker-co.de\/wp-content\/uploads\/2016\/12\/2014-ELVIS_HUB_Remsfeld.jpg&#8220; show_in_lightbox=&#8220;on&#8220; align_tablet=&#8220;center&#8220; align_phone=&#8220;&#8220; align_last_edited=&#8220;on|desktop&#8220; admin_label=&#8220;Bild&#8220; _builder_version=&#8220;4.27.4&#8243; hover_enabled=&#8220;0&#8243; use_border_color=&#8220;off&#8220; border_color=&#8220;#ffffff&#8220; border_style=&#8220;solid&#8220; animation=&#8220;off&#8220; sticky=&#8220;off&#8220; global_colors_info=&#8220;{}&#8220; border_radii=&#8220;on|10px|10px|10px|10px&#8220; sticky_enabled=&#8220;0&#8243;][\/et_pb_image][\/et_pb_column][\/et_pb_row][\/et_pb_section][et_pb_section fb_built=&#8220;1&#8243; custom_padding_last_edited=&#8220;on|desktop&#8220; admin_label=&#8220;Sektion&#8220; _builder_version=&#8220;4.16&#8243; background_color=&#8220;#ededed&#8220; custom_padding_tablet=&#8220;50px|0|50px|0&#8243; custom_padding_phone=&#8220;&#8220; transparent_background=&#8220;off&#8220; padding_mobile=&#8220;off&#8220; global_colors_info=&#8220;{}&#8220;][et_pb_row _builder_version=&#8220;4.16&#8243; _module_preset=&#8220;default&#8220; background_enable_color=&#8220;off&#8220; global_colors_info=&#8220;{}&#8220;][et_pb_column type=&#8220;4_4&#8243; _builder_version=&#8220;4.16&#8243; _module_preset=&#8220;default&#8220; global_colors_info=&#8220;{}&#8220;][et_pb_divider color=&#8220;#595959&#8243; divider_position=&#8220;center&#8220; divider_weight=&#8220;3px&#8220; _builder_version=&#8220;4.16&#8243; _module_preset=&#8220;default&#8220; global_colors_info=&#8220;{}&#8220;][\/et_pb_divider][\/et_pb_column][\/et_pb_row][\/et_pb_section][et_pb_section fb_built=&#8220;1&#8243; custom_padding_last_edited=&#8220;on|desktop&#8220; admin_label=&#8220;Sektion&#8220; _builder_version=&#8220;4.16&#8243; background_color=&#8220;#ededed&#8220; custom_padding_tablet=&#8220;50px|0|50px|0&#8243; custom_padding_phone=&#8220;&#8220; transparent_background=&#8220;off&#8220; padding_mobile=&#8220;off&#8220; global_colors_info=&#8220;{}&#8220;][et_pb_row column_structure=&#8220;1_2,1_4,1_4&#8243; admin_label=&#8220;Zeile&#8220; _builder_version=&#8220;4.16&#8243; background_size=&#8220;initial&#8220; background_position=&#8220;top_left&#8220; background_repeat=&#8220;repeat&#8220; global_colors_info=&#8220;{}&#8220;][et_pb_column type=&#8220;1_2&#8243; _builder_version=&#8220;4.16&#8243; custom_padding=&#8220;|||&#8220; global_colors_info=&#8220;{}&#8220; custom_padding__hover=&#8220;|||&#8220;][et_pb_text admin_label=&#8220;Text &#8211; 2016&#8243; _builder_version=&#8220;4.16&#8243; background_size=&#8220;initial&#8220; background_position=&#8220;top_left&#8220; background_repeat=&#8220;repeat&#8220; use_border_color=&#8220;off&#8220; border_color=&#8220;#ffffff&#8220; border_style=&#8220;solid&#8220; global_colors_info=&#8220;{}&#8220;]<strong>2016<\/strong><\/p>\n<p>Im Zuge der Nachfolgeregelung Verkauf des Unternehmens durch die Familie Decker an die Schweizer Planzer AG.<br \/>\n[\/et_pb_text][\/et_pb_column][et_pb_column type=&#8220;1_4&#8243; _builder_version=&#8220;4.16&#8243; custom_padding=&#8220;|||&#8220; global_colors_info=&#8220;{}&#8220; custom_padding__hover=&#8220;|||&#8220;][et_pb_image src=&#8220;https:\/\/decker-co.de\/wp-content\/uploads\/2023\/01\/2016_01_800x600_WEB-RGB_161209.jpg&#8220; title_text=&#8220;2016_01_800x600_WEB-RGB_161209&#8243; show_in_lightbox=&#8220;on&#8220; use_overlay=&#8220;on&#8220; hover_icon=&#8220;&#x50;||divi||400&#8243; align_tablet=&#8220;center&#8220; align_phone=&#8220;&#8220; align_last_edited=&#8220;on|desktop&#8220; admin_label=&#8220;Bild &#8211; Planzer Logo&#8220; _builder_version=&#8220;4.27.4&#8243; hover_enabled=&#8220;0&#8243; use_border_color=&#8220;off&#8220; border_color=&#8220;#ffffff&#8220; border_style=&#8220;solid&#8220; animation=&#8220;off&#8220; sticky=&#8220;off&#8220; global_colors_info=&#8220;{}&#8220; border_radii=&#8220;on|10px|10px|10px|10px&#8220; sticky_enabled=&#8220;0&#8243;][\/et_pb_image][\/et_pb_column][et_pb_column type=&#8220;1_4&#8243; _builder_version=&#8220;4.16&#8243; custom_padding=&#8220;|||&#8220; global_colors_info=&#8220;{}&#8220; custom_padding__hover=&#8220;|||&#8220;][et_pb_image src=&#8220;https:\/\/decker-co.de\/wp-content\/uploads\/2023\/01\/2016_02_800x600_WEB-RGB_161209.jpg&#8220; title_text=&#8220;2016_02_800x600_WEB-RGB_161209&#8243; show_in_lightbox=&#8220;on&#8220; use_overlay=&#8220;on&#8220; overlay_icon_color=&#8220;#e00b00&#8243; hover_overlay_color=&#8220;rgba(255,255,255,0.5)&#8220; hover_icon=&#8220;&#x50;||divi||400&#8243; align_tablet=&#8220;center&#8220; align_phone=&#8220;&#8220; align_last_edited=&#8220;on|desktop&#8220; admin_label=&#8220;Bild &#8211; Unternehmens\u00fcbergabe&#8220; _builder_version=&#8220;4.27.4&#8243; hover_enabled=&#8220;0&#8243; use_border_color=&#8220;off&#8220; border_color=&#8220;#ffffff&#8220; border_style=&#8220;solid&#8220; animation=&#8220;off&#8220; sticky=&#8220;off&#8220; global_colors_info=&#8220;{}&#8220; border_radii=&#8220;on|10px|10px|10px|10px&#8220; sticky_enabled=&#8220;0&#8243;][\/et_pb_image][\/et_pb_column][\/et_pb_row][\/et_pb_section][et_pb_section fb_built=&#8220;1&#8243; _builder_version=&#8220;4.16&#8243; _module_preset=&#8220;default&#8220; background_color=&#8220;#ededed&#8220; global_colors_info=&#8220;{}&#8220;][et_pb_row _builder_version=&#8220;4.16&#8243; _module_preset=&#8220;default&#8220; background_enable_color=&#8220;off&#8220; global_colors_info=&#8220;{}&#8220;][et_pb_column type=&#8220;4_4&#8243; _builder_version=&#8220;4.16&#8243; _module_preset=&#8220;default&#8220; global_colors_info=&#8220;{}&#8220;][et_pb_divider color=&#8220;#595959&#8243; divider_position=&#8220;center&#8220; divider_weight=&#8220;3px&#8220; _builder_version=&#8220;4.16&#8243; _module_preset=&#8220;default&#8220; global_colors_info=&#8220;{}&#8220;][\/et_pb_divider][\/et_pb_column][\/et_pb_row][\/et_pb_section][et_pb_section fb_built=&#8220;1&#8243; custom_padding_last_edited=&#8220;on|desktop&#8220; admin_label=&#8220;2018&#8243; _builder_version=&#8220;4.16&#8243; background_color=&#8220;#ededed&#8220; custom_padding_tablet=&#8220;50px|0|50px|0&#8243; custom_padding_phone=&#8220;&#8220; transparent_background=&#8220;off&#8220; padding_mobile=&#8220;off&#8220; global_colors_info=&#8220;{}&#8220;][et_pb_row column_structure=&#8220;1_2,1_4,1_4&#8243; admin_label=&#8220;2018&#8243; _builder_version=&#8220;4.16&#8243; background_size=&#8220;initial&#8220; background_position=&#8220;top_left&#8220; background_repeat=&#8220;repeat&#8220; global_colors_info=&#8220;{}&#8220;][et_pb_column type=&#8220;1_2&#8243; _builder_version=&#8220;4.16&#8243; custom_padding=&#8220;|||&#8220; global_colors_info=&#8220;{}&#8220; custom_padding__hover=&#8220;|||&#8220;][et_pb_text admin_label=&#8220;Text &#8211; 2016&#8243; _builder_version=&#8220;4.16&#8243; background_size=&#8220;initial&#8220; background_position=&#8220;top_left&#8220; background_repeat=&#8220;repeat&#8220; use_border_color=&#8220;off&#8220; border_color=&#8220;#ffffff&#8220; border_style=&#8220;solid&#8220; global_colors_info=&#8220;{}&#8220;]<\/p>\n<p><strong>2018<\/strong><\/p>\n<p>Investiton in die Zukunft. 2018 investierte das Unternehmen 2,2 Millionen Euro in eine Halle zur\u00a0Erweiterung der Umschlagfl\u00e4che f\u00fcr Waren von bisher\u00a04000 auf jetzt 6000 Quadratmeter.<\/p>\n<p>[\/et_pb_text][\/et_pb_column][et_pb_column type=&#8220;1_4&#8243; _builder_version=&#8220;4.16&#8243; custom_padding=&#8220;|||&#8220; global_colors_info=&#8220;{}&#8220; custom_padding__hover=&#8220;|||&#8220;][et_pb_image src=&#8220;https:\/\/decker-co.de\/wp-content\/uploads\/2023\/01\/2018_01_Decker_Umschlaghalle_01.jpg&#8220; title_text=&#8220;2018_01_Decker_Umschlaghalle_01&#8243; show_in_lightbox=&#8220;on&#8220; use_overlay=&#8220;on&#8220; overlay_icon_color=&#8220;#e02b20&#8243; hover_icon=&#8220;&#x50;||divi||400&#8243; align_tablet=&#8220;center&#8220; align_phone=&#8220;&#8220; align_last_edited=&#8220;on|desktop&#8220; admin_label=&#8220;Bild &#8211; neue Halle&#8220; _builder_version=&#8220;4.27.4&#8243; hover_enabled=&#8220;0&#8243; use_border_color=&#8220;off&#8220; border_color=&#8220;#ffffff&#8220; border_style=&#8220;solid&#8220; animation=&#8220;off&#8220; sticky=&#8220;off&#8220; global_colors_info=&#8220;{}&#8220; border_radii=&#8220;on|10px|10px|10px|10px&#8220; sticky_enabled=&#8220;0&#8243;][\/et_pb_image][\/et_pb_column][et_pb_column type=&#8220;1_4&#8243; _builder_version=&#8220;4.16&#8243; custom_padding=&#8220;|||&#8220; global_colors_info=&#8220;{}&#8220; custom_padding__hover=&#8220;|||&#8220;][et_pb_image src=&#8220;https:\/\/decker-co.de\/wp-content\/uploads\/2023\/01\/2018_01_Decker_Umschlaghalle_02.jpg&#8220; title_text=&#8220;2018_01_Decker_Umschlaghalle_02&#8243; show_in_lightbox=&#8220;on&#8220; use_overlay=&#8220;on&#8220; overlay_icon_color=&#8220;#e00b00&#8243; hover_overlay_color=&#8220;rgba(255,255,255,0.5)&#8220; hover_icon=&#8220;&#x50;||divi||400&#8243; align_tablet=&#8220;center&#8220; align_phone=&#8220;&#8220; align_last_edited=&#8220;on|desktop&#8220; admin_label=&#8220;Bild &#8211; neue Halle Rampen Nordwest&#8220; _builder_version=&#8220;4.27.4&#8243; hover_enabled=&#8220;0&#8243; use_border_color=&#8220;off&#8220; border_color=&#8220;#ffffff&#8220; border_style=&#8220;solid&#8220; animation=&#8220;off&#8220; sticky=&#8220;off&#8220; global_colors_info=&#8220;{}&#8220; border_radii=&#8220;on|10px|10px|10px|10px&#8220; sticky_enabled=&#8220;0&#8243;][\/et_pb_image][\/et_pb_column][\/et_pb_row][et_pb_row column_structure=&#8220;1_2,1_2&#8243; _builder_version=&#8220;4.16&#8243; global_colors_info=&#8220;{}&#8220;][et_pb_column type=&#8220;1_2&#8243; _builder_version=&#8220;4.16&#8243; custom_padding=&#8220;|||&#8220; global_colors_info=&#8220;{}&#8220; custom_padding__hover=&#8220;|||&#8220;][\/et_pb_column][et_pb_column type=&#8220;1_2&#8243; _builder_version=&#8220;4.16&#8243; custom_padding=&#8220;|||&#8220; global_colors_info=&#8220;{}&#8220; custom_padding__hover=&#8220;|||&#8220;][et_pb_image src=&#8220;https:\/\/decker-co.de\/wp-content\/uploads\/2023\/01\/2018-07-03_Kollektivannonce_Umschlaghalle.jpg&#8220; title_text=&#8220;2018-07-03_Kollektivannonce_Umschlaghalle&#8220; show_in_lightbox=&#8220;on&#8220; use_overlay=&#8220;on&#8220; overlay_icon_color=&#8220;#e02b20&#8243; hover_icon=&#8220;&#x50;||divi||400&#8243; align=&#8220;center&#8220; align_tablet=&#8220;center&#8220; align_phone=&#8220;&#8220; align_last_edited=&#8220;on|desktop&#8220; admin_label=&#8220; Bild Zeitungskollektiv&#8220; _builder_version=&#8220;4.27.4&#8243; hover_enabled=&#8220;0&#8243; global_colors_info=&#8220;{}&#8220; border_radii=&#8220;on|10px|10px|10px|10px&#8220; sticky_enabled=&#8220;0&#8243;][\/et_pb_image][\/et_pb_column][\/et_pb_row][\/et_pb_section]<\/p>\n","protected":false},"excerpt":{"rendered":"<p>Von damals bis heute. Seit\u00a01925\u00a0transportieren wir die unterschiedlichsten G\u00fcter. Aus kleinsten Anf\u00e4ngen entwickelten wir uns im Laufe der letzten Jahrzehnte best\u00e4ndig zu einem mittelst\u00e4ndischen Unternehmen mit regionaler Bedeutung in Mittelbaden. Die langj\u00e4hrige Erfahrung im Speditions- und Logistikbereich bildet den Hintergrund f\u00fcr eine innovative Entwicklung der Unternehmensziele \u2013 heute und in Zukunft. 1925 Gr\u00fcndung der Spedition [&hellip;]<\/p>\n","protected":false},"author":2,"featured_media":0,"parent":0,"menu_order":53,"comment_status":"closed","ping_status":"closed","template":"","meta":{"_et_pb_use_builder":"on","_et_pb_old_content":"<p>Gm\u00e4e\u00df eneir Sutide eneir elgnihcesn Uvinister\u00e4t ist es nchit witihcg inwlecehr Rneflogheie die Bstachuebn in eneim Wrot snid, das ezniige waswcthiig ist, ist da\u00df der estre und der leztte Bstabchue an der ritihcegnPstoiion snid. Der Rset knan ein ttoaelr Bsin\u00f6ldn sien, tedztorm knan manihn onhe Pemoblre lseen. Das ist so, wiel wir nciht jeedn Bstachuebn enzelinleesn, snderon das Wrot als gseatems.<\/p><p>Ehct ksras! Das ghet wicklirh!<\/p>","_et_gb_content_width":"","footnotes":""},"class_list":["post-2681","page","type-page","status-publish","hentry"],"_links":{"self":[{"href":"https:\/\/decker-co.de\/de\/wp-json\/wp\/v2\/pages\/2681","targetHints":{"allow":["GET"]}}],"collection":[{"href":"https:\/\/decker-co.de\/de\/wp-json\/wp\/v2\/pages"}],"about":[{"href":"https:\/\/decker-co.de\/de\/wp-json\/wp\/v2\/types\/page"}],"author":[{"embeddable":true,"href":"https:\/\/decker-co.de\/de\/wp-json\/wp\/v2\/users\/2"}],"replies":[{"embeddable":true,"href":"https:\/\/decker-co.de\/de\/wp-json\/wp\/v2\/comments?post=2681"}],"version-history":[{"count":0,"href":"https:\/\/decker-co.de\/de\/wp-json\/wp\/v2\/pages\/2681\/revisions"}],"wp:attachment":[{"href":"https:\/\/decker-co.de\/de\/wp-json\/wp\/v2\/media?parent=2681"}],"curies":[{"name":"wp","href":"https:\/\/api.w.org\/{rel}","templated":true}]}}