{"id":3974,"date":"2017-01-31T14:02:15","date_gmt":"2017-01-31T14:02:15","guid":{"rendered":"http:\/\/decker-co.de\/?page_id=3974"},"modified":"2025-01-30T16:10:26","modified_gmt":"2025-01-30T16:10:26","slug":"unternehmen","status":"publish","type":"page","link":"https:\/\/decker-co.de\/de\/unternehmen\/","title":{"rendered":"Unternehmen"},"content":{"rendered":"<p>[et_pb_section fb_built=&#8220;1&#8243; fullwidth=&#8220;on&#8220; admin_label=&#8220;Sektion&#8220; _builder_version=&#8220;4.16&#8243; global_colors_info=&#8220;{}&#8220;][et_pb_fullwidth_slider admin_label=&#8220;Vollbreiter Slider&#8220; _builder_version=&#8220;4.19.4&#8243; background_position=&#8220;top_left&#8220; module_alignment=&#8220;center&#8220; content_width=&#8220;50%&#8220; custom_padding=&#8220;|||&#8220; custom_padding_tablet=&#8220;|||&#8220; custom_padding_phone=&#8220;|||&#8220; auto=&#8220;on&#8220; auto_speed=&#8220;2500&#8243; box_shadow_style=&#8220;preset6&#8243; box_shadow_blur=&#8220;10px&#8220; box_shadow_color=&#8220;rgba(0,0,0,0.1)&#8220; remove_inner_shadow=&#8220;off&#8220; hide_content_on_mobile=&#8220;off&#8220; hide_cta_on_mobile=&#8220;off&#8220; show_inner_shadow=&#8220;on&#8220; button_letter_spacing_hover=&#8220;0&#8243; global_colors_info=&#8220;{}&#8220; button_text_size__hover_enabled=&#8220;off&#8220; button_one_text_size__hover_enabled=&#8220;off&#8220; button_two_text_size__hover_enabled=&#8220;off&#8220; button_text_color__hover_enabled=&#8220;off&#8220; button_one_text_color__hover_enabled=&#8220;off&#8220; button_two_text_color__hover_enabled=&#8220;off&#8220; button_border_width__hover_enabled=&#8220;off&#8220; button_one_border_width__hover_enabled=&#8220;off&#8220; button_two_border_width__hover_enabled=&#8220;off&#8220; button_border_color__hover_enabled=&#8220;off&#8220; button_one_border_color__hover_enabled=&#8220;off&#8220; button_two_border_color__hover_enabled=&#8220;off&#8220; button_border_radius__hover_enabled=&#8220;off&#8220; button_one_border_radius__hover_enabled=&#8220;off&#8220; button_two_border_radius__hover_enabled=&#8220;off&#8220; button_letter_spacing__hover_enabled=&#8220;on&#8220; button_letter_spacing__hover=&#8220;0&#8243; button_one_letter_spacing__hover_enabled=&#8220;off&#8220; button_two_letter_spacing__hover_enabled=&#8220;off&#8220; button_bg_color__hover_enabled=&#8220;off&#8220; button_one_bg_color__hover_enabled=&#8220;off&#8220; button_two_bg_color__hover_enabled=&#8220;off&#8220;][et_pb_slide use_bg_overlay=&#8220;off&#8220; use_text_overlay=&#8220;off&#8220; admin_title=&#8220;Slider Werbeanlage Nacht&#8220; _builder_version=&#8220;4.19.4&#8243; header_font=&#8220;||||&#8220; body_font=&#8220;||||&#8220; background_image=&#8220;https:\/\/decker-co.de\/wp-content\/uploads\/2016\/09\/Decker_01_Werbeanlage-Nacht_WEB-RGB_5130_1280x350_WEB_RGB_161208.jpg&#8220; button_icon_placement=&#8220;right&#8220; button_on_hover=&#8220;on&#8220; global_colors_info=&#8220;{}&#8220; button_text_size__hover_enabled=&#8220;off&#8220; button_one_text_size__hover_enabled=&#8220;off&#8220; button_two_text_size__hover_enabled=&#8220;off&#8220; button_text_color__hover_enabled=&#8220;off&#8220; button_one_text_color__hover_enabled=&#8220;off&#8220; button_two_text_color__hover_enabled=&#8220;off&#8220; button_border_width__hover_enabled=&#8220;off&#8220; button_one_border_width__hover_enabled=&#8220;off&#8220; button_two_border_width__hover_enabled=&#8220;off&#8220; button_border_color__hover_enabled=&#8220;off&#8220; button_one_border_color__hover_enabled=&#8220;off&#8220; button_two_border_color__hover_enabled=&#8220;off&#8220; button_border_radius__hover_enabled=&#8220;off&#8220; button_one_border_radius__hover_enabled=&#8220;off&#8220; button_two_border_radius__hover_enabled=&#8220;off&#8220; button_letter_spacing__hover_enabled=&#8220;off&#8220; button_one_letter_spacing__hover_enabled=&#8220;off&#8220; button_two_letter_spacing__hover_enabled=&#8220;off&#8220; button_bg_color__hover_enabled=&#8220;off&#8220; button_one_bg_color__hover_enabled=&#8220;off&#8220; button_two_bg_color__hover_enabled=&#8220;off&#8220; sticky_transition=&#8220;on&#8220;][\/et_pb_slide][et_pb_slide use_bg_overlay=&#8220;off&#8220; use_text_overlay=&#8220;off&#8220; admin_title=&#8220;Slider 2 LKW Autobahn&#8220; _builder_version=&#8220;4.19.4&#8243; header_font=&#8220;||||&#8220; body_font=&#8220;||||&#8220; background_image=&#8220;https:\/\/decker-co.de\/wp-content\/uploads\/2023\/01\/Slider_03.jpg&#8220; background_enable_image=&#8220;on&#8220; button_icon_placement=&#8220;right&#8220; button_on_hover=&#8220;on&#8220; global_colors_info=&#8220;{}&#8220; button_text_size__hover_enabled=&#8220;off&#8220; button_one_text_size__hover_enabled=&#8220;off&#8220; button_two_text_size__hover_enabled=&#8220;off&#8220; button_text_color__hover_enabled=&#8220;off&#8220; button_one_text_color__hover_enabled=&#8220;off&#8220; button_two_text_color__hover_enabled=&#8220;off&#8220; button_border_width__hover_enabled=&#8220;off&#8220; button_one_border_width__hover_enabled=&#8220;off&#8220; button_two_border_width__hover_enabled=&#8220;off&#8220; button_border_color__hover_enabled=&#8220;off&#8220; button_one_border_color__hover_enabled=&#8220;off&#8220; button_two_border_color__hover_enabled=&#8220;off&#8220; button_border_radius__hover_enabled=&#8220;off&#8220; button_one_border_radius__hover_enabled=&#8220;off&#8220; button_two_border_radius__hover_enabled=&#8220;off&#8220; button_letter_spacing__hover_enabled=&#8220;off&#8220; button_one_letter_spacing__hover_enabled=&#8220;off&#8220; button_two_letter_spacing__hover_enabled=&#8220;off&#8220; button_bg_color__hover_enabled=&#8220;off&#8220; button_one_bg_color__hover_enabled=&#8220;off&#8220; button_two_bg_color__hover_enabled=&#8220;off&#8220; sticky_transition=&#8220;on&#8220;][\/et_pb_slide][et_pb_slide use_bg_overlay=&#8220;off&#8220; use_text_overlay=&#8220;off&#8220; admin_title=&#8220;Slider Versandhalle&#8220; _builder_version=&#8220;4.19.4&#8243; header_font=&#8220;||||&#8220; body_font=&#8220;||||&#8220; background_image=&#8220;https:\/\/decker-co.de\/wp-content\/uploads\/2016\/09\/Decker_03_Umschlaghale_066_1280x350_WEB-RGB_161208.jpg&#8220; button_icon_placement=&#8220;right&#8220; button_on_hover=&#8220;on&#8220; global_colors_info=&#8220;{}&#8220; button_text_size__hover_enabled=&#8220;off&#8220; button_one_text_size__hover_enabled=&#8220;off&#8220; button_two_text_size__hover_enabled=&#8220;off&#8220; button_text_color__hover_enabled=&#8220;off&#8220; button_one_text_color__hover_enabled=&#8220;off&#8220; button_two_text_color__hover_enabled=&#8220;off&#8220; button_border_width__hover_enabled=&#8220;off&#8220; button_one_border_width__hover_enabled=&#8220;off&#8220; button_two_border_width__hover_enabled=&#8220;off&#8220; button_border_color__hover_enabled=&#8220;off&#8220; button_one_border_color__hover_enabled=&#8220;off&#8220; button_two_border_color__hover_enabled=&#8220;off&#8220; button_border_radius__hover_enabled=&#8220;off&#8220; button_one_border_radius__hover_enabled=&#8220;off&#8220; button_two_border_radius__hover_enabled=&#8220;off&#8220; button_letter_spacing__hover_enabled=&#8220;off&#8220; button_one_letter_spacing__hover_enabled=&#8220;off&#8220; button_two_letter_spacing__hover_enabled=&#8220;off&#8220; button_bg_color__hover_enabled=&#8220;off&#8220; button_one_bg_color__hover_enabled=&#8220;off&#8220; button_two_bg_color__hover_enabled=&#8220;off&#8220; sticky_transition=&#8220;on&#8220;] [\/et_pb_slide][et_pb_slide use_bg_overlay=&#8220;off&#8220; use_text_overlay=&#8220;off&#8220; admin_title=&#8220;Sattelauflieger Schweiz&#8220; _builder_version=&#8220;4.19.4&#8243; header_font=&#8220;||||&#8220; body_font=&#8220;||||&#8220; background_image=&#8220;https:\/\/decker-co.de\/wp-content\/uploads\/2021\/02\/Slider_12.jpg&#8220; background_enable_image=&#8220;on&#8220; button_icon_placement=&#8220;right&#8220; button_on_hover=&#8220;on&#8220; global_colors_info=&#8220;{}&#8220; button_text_size__hover_enabled=&#8220;off&#8220; button_one_text_size__hover_enabled=&#8220;off&#8220; button_two_text_size__hover_enabled=&#8220;off&#8220; button_text_color__hover_enabled=&#8220;off&#8220; button_one_text_color__hover_enabled=&#8220;off&#8220; button_two_text_color__hover_enabled=&#8220;off&#8220; button_border_width__hover_enabled=&#8220;off&#8220; button_one_border_width__hover_enabled=&#8220;off&#8220; button_two_border_width__hover_enabled=&#8220;off&#8220; button_border_color__hover_enabled=&#8220;off&#8220; button_one_border_color__hover_enabled=&#8220;off&#8220; button_two_border_color__hover_enabled=&#8220;off&#8220; button_border_radius__hover_enabled=&#8220;off&#8220; button_one_border_radius__hover_enabled=&#8220;off&#8220; button_two_border_radius__hover_enabled=&#8220;off&#8220; button_letter_spacing__hover_enabled=&#8220;off&#8220; button_one_letter_spacing__hover_enabled=&#8220;off&#8220; button_two_letter_spacing__hover_enabled=&#8220;off&#8220; button_bg_color__hover_enabled=&#8220;off&#8220; button_one_bg_color__hover_enabled=&#8220;off&#8220; button_two_bg_color__hover_enabled=&#8220;off&#8220; sticky_transition=&#8220;on&#8220;][\/et_pb_slide][et_pb_slide use_bg_overlay=&#8220;off&#8220; use_text_overlay=&#8220;off&#8220; admin_title=&#8220;Slider B\u00fcro&#8220; _builder_version=&#8220;4.19.4&#8243; header_font=&#8220;||||&#8220; body_font=&#8220;||||&#8220; background_image=&#8220;https:\/\/decker-co.de\/wp-content\/uploads\/2023\/01\/Slider_05.jpg&#8220; background_enable_image=&#8220;on&#8220; button_icon_placement=&#8220;right&#8220; button_on_hover=&#8220;on&#8220; global_colors_info=&#8220;{}&#8220; button_text_size__hover_enabled=&#8220;off&#8220; button_one_text_size__hover_enabled=&#8220;off&#8220; button_two_text_size__hover_enabled=&#8220;off&#8220; button_text_color__hover_enabled=&#8220;off&#8220; button_one_text_color__hover_enabled=&#8220;off&#8220; button_two_text_color__hover_enabled=&#8220;off&#8220; button_border_width__hover_enabled=&#8220;off&#8220; button_one_border_width__hover_enabled=&#8220;off&#8220; button_two_border_width__hover_enabled=&#8220;off&#8220; button_border_color__hover_enabled=&#8220;off&#8220; button_one_border_color__hover_enabled=&#8220;off&#8220; button_two_border_color__hover_enabled=&#8220;off&#8220; button_border_radius__hover_enabled=&#8220;off&#8220; button_one_border_radius__hover_enabled=&#8220;off&#8220; button_two_border_radius__hover_enabled=&#8220;off&#8220; button_letter_spacing__hover_enabled=&#8220;off&#8220; button_one_letter_spacing__hover_enabled=&#8220;off&#8220; button_two_letter_spacing__hover_enabled=&#8220;off&#8220; button_bg_color__hover_enabled=&#8220;off&#8220; button_one_bg_color__hover_enabled=&#8220;off&#8220; button_two_bg_color__hover_enabled=&#8220;off&#8220; sticky_transition=&#8220;on&#8220;] [\/et_pb_slide][et_pb_slide use_bg_overlay=&#8220;off&#8220; use_text_overlay=&#8220;off&#8220; admin_title=&#8220;Slider LKW in Weinbergen&#8220; _builder_version=&#8220;4.19.4&#8243; header_font=&#8220;||||&#8220; body_font=&#8220;||||&#8220; background_image=&#8220;https:\/\/decker-co.de\/wp-content\/uploads\/2023\/01\/Slider_09.jpg&#8220; background_enable_image=&#8220;on&#8220; button_icon_placement=&#8220;right&#8220; button_on_hover=&#8220;on&#8220; global_colors_info=&#8220;{}&#8220; button_text_size__hover_enabled=&#8220;off&#8220; button_one_text_size__hover_enabled=&#8220;off&#8220; button_two_text_size__hover_enabled=&#8220;off&#8220; button_text_color__hover_enabled=&#8220;off&#8220; button_one_text_color__hover_enabled=&#8220;off&#8220; button_two_text_color__hover_enabled=&#8220;off&#8220; button_border_width__hover_enabled=&#8220;off&#8220; button_one_border_width__hover_enabled=&#8220;off&#8220; button_two_border_width__hover_enabled=&#8220;off&#8220; button_border_color__hover_enabled=&#8220;off&#8220; button_one_border_color__hover_enabled=&#8220;off&#8220; button_two_border_color__hover_enabled=&#8220;off&#8220; button_border_radius__hover_enabled=&#8220;off&#8220; button_one_border_radius__hover_enabled=&#8220;off&#8220; button_two_border_radius__hover_enabled=&#8220;off&#8220; button_letter_spacing__hover_enabled=&#8220;off&#8220; button_one_letter_spacing__hover_enabled=&#8220;off&#8220; button_two_letter_spacing__hover_enabled=&#8220;off&#8220; button_bg_color__hover_enabled=&#8220;off&#8220; button_one_bg_color__hover_enabled=&#8220;off&#8220; button_two_bg_color__hover_enabled=&#8220;off&#8220; sticky_transition=&#8220;on&#8220;][\/et_pb_slide][et_pb_slide use_bg_overlay=&#8220;off&#8220; use_text_overlay=&#8220;off&#8220; admin_title=&#8220;Slider LKW &#8211; decker Logo&#8220; _builder_version=&#8220;4.19.4&#8243; header_font=&#8220;||||&#8220; body_font=&#8220;||||&#8220; background_image=&#8220;https:\/\/decker-co.de\/wp-content\/uploads\/2016\/09\/Decker_07_LKW-Detail_CF006637_1280x350_WEB-RGB_161208.jpg&#8220; button_icon_placement=&#8220;right&#8220; button_on_hover=&#8220;on&#8220; global_colors_info=&#8220;{}&#8220; button_text_size__hover_enabled=&#8220;off&#8220; button_one_text_size__hover_enabled=&#8220;off&#8220; button_two_text_size__hover_enabled=&#8220;off&#8220; button_text_color__hover_enabled=&#8220;off&#8220; button_one_text_color__hover_enabled=&#8220;off&#8220; button_two_text_color__hover_enabled=&#8220;off&#8220; button_border_width__hover_enabled=&#8220;off&#8220; button_one_border_width__hover_enabled=&#8220;off&#8220; button_two_border_width__hover_enabled=&#8220;off&#8220; button_border_color__hover_enabled=&#8220;off&#8220; button_one_border_color__hover_enabled=&#8220;off&#8220; button_two_border_color__hover_enabled=&#8220;off&#8220; button_border_radius__hover_enabled=&#8220;off&#8220; button_one_border_radius__hover_enabled=&#8220;off&#8220; button_two_border_radius__hover_enabled=&#8220;off&#8220; button_letter_spacing__hover_enabled=&#8220;off&#8220; button_one_letter_spacing__hover_enabled=&#8220;off&#8220; button_two_letter_spacing__hover_enabled=&#8220;off&#8220; button_bg_color__hover_enabled=&#8220;off&#8220; button_one_bg_color__hover_enabled=&#8220;off&#8220; button_two_bg_color__hover_enabled=&#8220;off&#8220; sticky_transition=&#8220;on&#8220;] [\/et_pb_slide][et_pb_slide use_bg_overlay=&#8220;off&#8220; use_text_overlay=&#8220;off&#8220; admin_title=&#8220;Slider LKW Parade&#8220; _builder_version=&#8220;4.19.4&#8243; header_font=&#8220;||||&#8220; body_font=&#8220;||||&#8220; background_image=&#8220;https:\/\/decker-co.de\/wp-content\/uploads\/2016\/09\/Decker_06_LKW-Reihe_7347_1280x350_WEB-RGB_161208.jpg&#8220; button_icon_placement=&#8220;right&#8220; button_on_hover=&#8220;on&#8220; global_colors_info=&#8220;{}&#8220; button_text_size__hover_enabled=&#8220;off&#8220; button_one_text_size__hover_enabled=&#8220;off&#8220; button_two_text_size__hover_enabled=&#8220;off&#8220; button_text_color__hover_enabled=&#8220;off&#8220; button_one_text_color__hover_enabled=&#8220;off&#8220; button_two_text_color__hover_enabled=&#8220;off&#8220; button_border_width__hover_enabled=&#8220;off&#8220; button_one_border_width__hover_enabled=&#8220;off&#8220; button_two_border_width__hover_enabled=&#8220;off&#8220; button_border_color__hover_enabled=&#8220;off&#8220; button_one_border_color__hover_enabled=&#8220;off&#8220; button_two_border_color__hover_enabled=&#8220;off&#8220; button_border_radius__hover_enabled=&#8220;off&#8220; button_one_border_radius__hover_enabled=&#8220;off&#8220; button_two_border_radius__hover_enabled=&#8220;off&#8220; button_letter_spacing__hover_enabled=&#8220;off&#8220; button_one_letter_spacing__hover_enabled=&#8220;off&#8220; button_two_letter_spacing__hover_enabled=&#8220;off&#8220; button_bg_color__hover_enabled=&#8220;off&#8220; button_one_bg_color__hover_enabled=&#8220;off&#8220; button_two_bg_color__hover_enabled=&#8220;off&#8220; sticky_transition=&#8220;on&#8220;] [\/et_pb_slide][\/et_pb_fullwidth_slider][\/et_pb_section][et_pb_section fb_built=&#8220;1&#8243; admin_label=&#8220;Sektion&#8220; _builder_version=&#8220;4.16&#8243; background_color=&#8220;#666666&#8243; custom_padding=&#8220;0px|0px|0px|0px&#8220; transparent_background=&#8220;off&#8220; global_colors_info=&#8220;{}&#8220;][et_pb_row _builder_version=&#8220;4.16&#8243; global_colors_info=&#8220;{}&#8220;][et_pb_column type=&#8220;4_4&#8243; _builder_version=&#8220;4.16&#8243; global_colors_info=&#8220;{}&#8220;][et_pb_menu menu_id=&#8220;49&#8243; submenu_direction=&#8220;downwards&#8220; active_link_color=&#8220;#b3b3b3&#8243; mobile_menu_bg_color=&#8220;#666666&#8243; admin_label=&#8220;Men\u00fc Unternehmen DE&#8220; _builder_version=&#8220;4.16&#8243; menu_font=&#8220;|on|||&#8220; menu_font_size=&#8220;16px&#8220; background_color=&#8220;#666666&#8243; background_layout=&#8220;dark&#8220; menu_font_size_tablet=&#8220;15px&#8220; menu_font_size_phone=&#8220;14px&#8220; menu_font_size_last_edited=&#8220;on|desktop&#8220; global_colors_info=&#8220;{}&#8220;][\/et_pb_menu][\/et_pb_column][\/et_pb_row][\/et_pb_section][et_pb_section fb_built=&#8220;1&#8243; custom_padding_last_edited=&#8220;on|desktop&#8220; admin_label=&#8220;Sektion&#8220; module_id=&#8220;teil-komplettladungen&#8220; _builder_version=&#8220;4.16&#8243; background_color=&#8220;rgba(255,255,255,0.85)&#8220; custom_padding_tablet=&#8220;50px|0|50px|0&#8243; custom_padding_phone=&#8220;&#8220; transparent_background=&#8220;off&#8220; padding_mobile=&#8220;off&#8220; global_colors_info=&#8220;{}&#8220;][et_pb_row column_structure=&#8220;1_2,1_2&#8243; admin_label=&#8220;Zeile&#8220; _builder_version=&#8220;4.16&#8243; background_size=&#8220;initial&#8220; background_position=&#8220;top_left&#8220; background_repeat=&#8220;repeat&#8220; global_colors_info=&#8220;{}&#8220;][et_pb_column type=&#8220;1_2&#8243; _builder_version=&#8220;4.16&#8243; custom_padding=&#8220;|||&#8220; global_colors_info=&#8220;{}&#8220; custom_padding__hover=&#8220;|||&#8220;][et_pb_text admin_label=&#8220;Text&#8220; _builder_version=&#8220;4.16&#8243; background_size=&#8220;initial&#8220; background_position=&#8220;top_left&#8220; background_repeat=&#8220;repeat&#8220; custom_margin=&#8220;|30px||0px&#8220; custom_margin_last_edited=&#8220;off|&#8220; custom_padding=&#8220;|||0px&#8220; border_style=&#8220;solid&#8220; global_colors_info=&#8220;{}&#8220;]<\/p>\n<div class=\"headline\">\n<h2><strong>decker &amp; co<\/strong><\/h2>\n<\/div>\n<div class=\"p\">\n<p>Wir sind ein mittelst\u00e4ndisches und expandierendes Unternehmen in der Speditions- und Logistikbranche. Unser Unternehmenssitz \u00a0ist im badischen Achern \u2013 zwischen Karlsruhe und Freiburg \u2013 nicht weit\u00a0vom franz\u00f6sischen Strasbourg gelegen.\u00a0Seit 2016 agieren wir als selbst\u00e4ndiges\u00a0Tochterunternehmen im Verbund der erfolgreichen Planzer-Gruppe, einem Familienunternehmen aus der Schweiz mit mehr als 4.000 Mitarbeitern und \u00fcber 1.000 Fahrzeugen.<\/p>\n<\/div>\n<p>[\/et_pb_text][et_pb_image src=&#8220;https:\/\/decker-co.de\/wp-content\/uploads\/2017\/01\/Historie_2013_02.jpg&#8220; alt=&#8220;Decker &#038; Co Verwaltungsgeb\u00e4ude und Werbeanlage&#8220; align_tablet=&#8220;center&#8220; align_phone=&#8220;&#8220; align_last_edited=&#8220;on|desktop&#8220; admin_label=&#8220;Bild&#8220; _builder_version=&#8220;4.16&#8243; custom_margin=&#8220;|50px||&#8220; animation_style=&#8220;slide&#8220; animation_direction=&#8220;left&#8220; animation_duration=&#8220;500ms&#8220; animation_intensity_slide=&#8220;10%&#8220; border_width_all=&#8220;0px&#8220; border_color_all=&#8220;#666666&#8243; border_style_all=&#8220;solid&#8220; use_border_color=&#8220;on&#8220; border_color=&#8220;#666666&#8243; border_style=&#8220;solid&#8220; sticky=&#8220;off&#8220; global_colors_info=&#8220;{}&#8220;][\/et_pb_image][\/et_pb_column][et_pb_column type=&#8220;1_2&#8243; _builder_version=&#8220;4.16&#8243; custom_padding=&#8220;|||&#8220; global_colors_info=&#8220;{}&#8220; custom_padding__hover=&#8220;|||&#8220;][et_pb_text admin_label=&#8220;Zahlen Daten Fakten&#8220; _builder_version=&#8220;4.16&#8243; text_line_height=&#8220;1.4em&#8220; background_size=&#8220;initial&#8220; background_position=&#8220;top_left&#8220; background_repeat=&#8220;repeat&#8220; border_style=&#8220;solid&#8220; global_colors_info=&#8220;{}&#8220;]<\/p>\n<h2><strong>Zahlen, Daten, Fakten<\/strong><\/h2>\n<p><strong>Mitarbeiter<\/strong><\/p>\n<p>170 Mitarbeiter<\/p>\n<p><strong>Fuhrpark<br \/><\/strong><\/p>\n<ul>\n<li>\u00fcber 65 eigene, ziehende Einheiten<\/li>\n<li>\u00fcber 200 Einheiten gesamt<\/li>\n<li>Sattelz\u00fcge, Solo-LKW<\/li>\n<\/ul>\n<p><strong>Kooperationen<\/strong><\/p>\n<ul>\n<li>VTL &#8211; St\u00fcckgutsystem-Verkehr<\/li>\n<li>E.L.V.I.S &#8211; Teilladungskooperation<\/li>\n<\/ul>\n<p><strong>Speditionsanlage<br \/><\/strong><\/p>\n<ul>\n<li>Umschlag 6.000 m\u00b2<\/li>\n<li>Hallenfl\u00e4che 12.000 m\u00b2<\/li>\n<li>Heckrampen<\/li>\n<li>Seitenrampen in der Halle f\u00fcr Langgut<\/li>\n<li>900 m\u00b2 B\u00fcrofl\u00e4che<\/li>\n<li>eigene Werkstatt, LKW-Waschhalle, Tankstelle<\/li>\n<li>Gesamtfl\u00e4che 50.000 m\u00b2, 2 km neben der A 5<\/li>\n<li>Gesch\u00e4ftszeiten B\u00fcro und Umschlagshalle: 24 h<\/li>\n<\/ul>\n<p>[\/et_pb_text][\/et_pb_column][\/et_pb_row][et_pb_row _builder_version=&#8220;4.27.4&#8243; _module_preset=&#8220;default&#8220;][et_pb_column _builder_version=&#8220;4.27.4&#8243; _module_preset=&#8220;default&#8220; type=&#8220;4_4&#8243;][et_pb_text _builder_version=&#8220;4.27.4&#8243; _module_preset=&#8220;default&#8220; hover_enabled=&#8220;0&#8243; sticky_enabled=&#8220;0&#8243;]<\/p>\n<h2><strong>Verhaltenskodex f\u00fcr Lieferanten<\/strong><\/h2>\n<p><span>F\u00fcr uns bedeutet Nachhaltigkeit, wirtschaftlich effizient, sozial fair und \u00f6kologisch tragf\u00e4hig zu agieren. Diese Werte pr\u00e4gen nicht nur unser eigenes Handeln, sondern auch die Zusammenarbeit mit Gesch\u00e4ftspartnern und Lieferanten. Unser gruppenweiter <span style=\"color: #ff0000;\"><a href=\"https:\/\/cms.planzer.ch\/doc\/lieferantenkodex-neutral\/?lang=de\" style=\"color: #ff0000;\">Verhaltenskodex f\u00fcr Lieferanten<\/a><\/span> definiert klare Erwartungen an eine verantwortungsvolle, ethische und gesetzeskonforme Gesch\u00e4ftst\u00e4tigkeit. Gemeinsam mit m\u00f6chten wir so eine faire, nachhaltige und ressourcenschonende Lieferkette sicherstellen \u2013 f\u00fcr heute und auch f\u00fcr zuk\u00fcnftige Generationen.<\/span><\/p>\n<p><span style=\"color: #ff0000;\"><a href=\"https:\/\/cms.planzer.ch\/doc\/lieferantenkodex-neutral\/?lang=de\" target=\"_blank\" rel=\"noopener\" style=\"color: #ff0000;\">https:\/\/cms.planzer.ch\/doc\/lieferantenkodex-neutral\/?lang=de<\/a><\/span><\/p>\n<p>[\/et_pb_text][\/et_pb_column][\/et_pb_row][\/et_pb_section]<\/p>\n","protected":false},"excerpt":{"rendered":"<p>decker &amp; co Wir sind ein mittelst\u00e4ndisches und expandierendes Unternehmen in der Speditions- und Logistikbranche. Unser Unternehmenssitz \u00a0ist im badischen Achern \u2013 zwischen Karlsruhe und Freiburg \u2013 nicht weit\u00a0vom franz\u00f6sischen Strasbourg gelegen.\u00a0Seit 2016 agieren wir als selbst\u00e4ndiges\u00a0Tochterunternehmen im Verbund der erfolgreichen Planzer-Gruppe, einem Familienunternehmen aus der Schweiz mit mehr als 4.000 Mitarbeitern und \u00fcber 1.000 [&hellip;]<\/p>\n","protected":false},"author":2,"featured_media":0,"parent":0,"menu_order":50,"comment_status":"closed","ping_status":"closed","template":"","meta":{"_et_pb_use_builder":"on","_et_pb_old_content":"<p>Gm\u00e4e\u00df eneir Sutide eneir elgnihcesn Uvinister\u00e4t ist es nchit witihcg inwlecehr Rneflogheie die Bstachuebn in eneim Wrot snid, das ezniige waswcthiig ist, ist da\u00df der estre und der leztte Bstabchue an der ritihcegnPstoiion snid. Der Rset knan ein ttoaelr Bsin\u00f6ldn sien, tedztorm knan manihn onhe Pemoblre lseen. Das ist so, wiel wir nciht jeedn Bstachuebn enzelinleesn, snderon das Wrot als gseatems.<\/p><p>Ehct ksras! Das ghet wicklirh!<\/p>","_et_gb_content_width":"","footnotes":""},"class_list":["post-3974","page","type-page","status-publish","hentry"],"_links":{"self":[{"href":"https:\/\/decker-co.de\/de\/wp-json\/wp\/v2\/pages\/3974","targetHints":{"allow":["GET"]}}],"collection":[{"href":"https:\/\/decker-co.de\/de\/wp-json\/wp\/v2\/pages"}],"about":[{"href":"https:\/\/decker-co.de\/de\/wp-json\/wp\/v2\/types\/page"}],"author":[{"embeddable":true,"href":"https:\/\/decker-co.de\/de\/wp-json\/wp\/v2\/users\/2"}],"replies":[{"embeddable":true,"href":"https:\/\/decker-co.de\/de\/wp-json\/wp\/v2\/comments?post=3974"}],"version-history":[{"count":0,"href":"https:\/\/decker-co.de\/de\/wp-json\/wp\/v2\/pages\/3974\/revisions"}],"wp:attachment":[{"href":"https:\/\/decker-co.de\/de\/wp-json\/wp\/v2\/media?parent=3974"}],"curies":[{"name":"wp","href":"https:\/\/api.w.org\/{rel}","templated":true}]}}