{"id":7120,"date":"2025-07-07T13:43:45","date_gmt":"2025-07-07T13:43:45","guid":{"rendered":"https:\/\/decker-co.de\/de\/?page_id=7120"},"modified":"2026-01-21T14:35:09","modified_gmt":"2026-01-21T14:35:09","slug":"jobs","status":"publish","type":"page","link":"https:\/\/decker-co.de\/de\/jobs\/","title":{"rendered":"Jobs"},"content":{"rendered":"<p>[et_pb_section fb_built=&#8220;1&#8243; admin_label=&#8220;About&#8220; _builder_version=&#8220;4.27.4&#8243; _module_preset=&#8220;default&#8220; custom_padding=&#8220;0px|||||&#8220; collapsed=&#8220;on&#8220; global_colors_info=&#8220;{}&#8220;][et_pb_row custom_padding_last_edited=&#8220;on|desktop&#8220; _builder_version=&#8220;4.27.4&#8243; _module_preset=&#8220;048d8e79-b07f-439b-bd57-f41c14f0a56b&#8220; background_color=&#8220;#FFFFFF&#8220; custom_padding=&#8220;30px|30px||30px|false|true&#8220; custom_padding_tablet=&#8220;|30px||30px|false|true&#8220; custom_padding_phone=&#8220;|20px||20px|false|true&#8220; border_radii=&#8220;on|6px|6px|6px|6px&#8220; global_colors_info=&#8220;{}&#8220;][et_pb_column type=&#8220;4_4&#8243; _builder_version=&#8220;4.25.1&#8243; _module_preset=&#8220;default&#8220; global_colors_info=&#8220;{}&#8220;][et_pb_heading title=&#8220;Komm ins Team von decker&#038;co&#8220; _builder_version=&#8220;4.27.4&#8243; _module_preset=&#8220;c33f07d9-41e0-421a-8799-5799df695cce&#8220; title_level=&#8220;h2&#8243; title_font=&#8220;OpenSans|600|||||||&#8220; title_text_color=&#8220;#888888&#8243; title_font_size=&#8220;31px&#8220; title_line_height=&#8220;1.2em&#8220; custom_margin=&#8220;||10px||false|false&#8220; title_font_size_tablet=&#8220;28px&#8220; title_font_size_phone=&#8220;20px&#8220; title_font_size_last_edited=&#8220;on|phone&#8220; global_colors_info=&#8220;{}&#8220;][\/et_pb_heading][et_pb_text quote_border_color=&#8220;#219ebc&#8220; _builder_version=&#8220;4.27.4&#8243; _module_preset=&#8220;2c55a9c4-feed-423b-9edb-ae0b5b365cac&#8220; text_font=&#8220;OpenSans|IBM Plex Sans_weight|||||||&#8220; text_text_color=&#8220;#3c3a47&#8243; text_font_size=&#8220;18px&#8220; text_line_height=&#8220;1.75em&#8220; link_font=&#8220;|IBM Plex Sans_weight|||||||&#8220; link_text_color=&#8220;#023047&#8243; quote_font=&#8220;IBM Plex Sans Condensed|IBM Plex Sans Condensed_weight|||||||&#8220; quote_text_color=&#8220;#0e0c19&#8243; header_font=&#8220;IBM Plex Sans Condensed|IBM Plex Sans Condensed_weight|||||||&#8220; header_text_color=&#8220;#0e0c19&#8243; header_font_size=&#8220;72px&#8220; header_line_height=&#8220;1.15em&#8220; header_2_font=&#8220;IBM Plex Sans Condensed|IBM Plex Sans Condensed_weight|||||||&#8220; header_2_text_color=&#8220;#0e0c19&#8243; header_2_font_size=&#8220;50px&#8220; header_2_line_height=&#8220;1.2em&#8220; header_3_font=&#8220;IBM Plex Sans Condensed|IBM Plex Sans Condensed_weight|||||||&#8220; header_3_text_color=&#8220;#0e0c19&#8243; header_3_font_size=&#8220;32px&#8220; header_3_line_height=&#8220;1.3em&#8220; header_4_font=&#8220;IBM Plex Sans Condensed|IBM Plex Sans Condensed_weight|||||||&#8220; header_4_text_color=&#8220;#0e0c19&#8243; header_4_font_size=&#8220;24px&#8220; header_4_line_height=&#8220;1.4em&#8220; header_5_font=&#8220;IBM Plex Sans Condensed|IBM Plex Sans Condensed_weight|||||||&#8220; header_5_text_color=&#8220;#0e0c19&#8243; header_5_font_size=&#8220;18px&#8220; header_5_line_height=&#8220;1.4em&#8220; header_6_font=&#8220;IBM Plex Sans Condensed|IBM Plex Sans Condensed_weight|||||||&#8220; header_6_text_color=&#8220;#0e0c19&#8243; header_6_line_height=&#8220;1.5em&#8220; custom_margin=&#8220;||||false|false&#8220; text_font_size_tablet=&#8220;15px&#8220; text_font_size_phone=&#8220;14px&#8220; text_font_size_last_edited=&#8220;on|phone&#8220; header_font_size_tablet=&#8220;40px&#8220; header_font_size_phone=&#8220;24px&#8220; header_font_size_last_edited=&#8220;on|desktop&#8220; header_2_font_size_tablet=&#8220;28px&#8220; header_2_font_size_phone=&#8220;20px&#8220; header_2_font_size_last_edited=&#8220;on|phone&#8220; header_3_font_size_tablet=&#8220;22px&#8220; header_3_font_size_phone=&#8220;17px&#8220; header_3_font_size_last_edited=&#8220;on|phone&#8220; header_4_font_size_tablet=&#8220;18px&#8220; header_4_font_size_phone=&#8220;15px&#8220; header_4_font_size_last_edited=&#8220;on|tablet&#8220; header_5_font_size_tablet=&#8220;15px&#8220; header_5_font_size_phone=&#8220;14px&#8220; header_5_font_size_last_edited=&#8220;on|desktop&#8220; header_6_font_size_tablet=&#8220;13px&#8220; header_6_font_size_phone=&#8220;13px&#8220; header_6_font_size_last_edited=&#8220;on|desktop&#8220; global_colors_info=&#8220;{}&#8220;]<\/p>\n<p><span>Du\u00a0 arbeitest gerne auf Augenh\u00f6he? M\u00f6chtest ein Team das gemeinsam die Aufgaben bew\u00e4ltigt und sich unterst\u00fctzt? Dann bist du bei uns genau richtig. Wir sind immer auf der Suche nach neuen Teammitgliedern, die Lust haben mit uns gemeinsam etwas zu erreichen. Wir m\u00f6chten Dich und unser Team voran bringen. Warum? Weil wir der Meinung sind, umso besser das Team, umso sch\u00f6ner die Zukunft. M\u00f6chtest du ein Teil davon sein? Dann komm ins Team von <strong>decker&amp;co!<\/strong><\/span><\/p>\n<p>[\/et_pb_text][et_pb_button button_url=&#8220;#AP_Karriere&#8220; button_text=&#8220;Deine pers\u00f6nliche Ansprechperson&#8220; button_alignment=&#8220;right&#8220; _builder_version=&#8220;4.27.4&#8243; _module_preset=&#8220;1bffc0fc-42a0-49d1-bd9a-ae3ade2d7206&#8243; custom_button=&#8220;on&#8220; button_text_size=&#8220;20px&#8220; button_text_color=&#8220;#dd0b2f&#8220; button_bg_color=&#8220;#dddddd&#8220; button_border_width=&#8220;0px&#8220; button_border_radius=&#8220;6px&#8220; button_font=&#8220;OpenSans||||||||&#8220; button_icon=&#8220;&#x39;||divi||400&#8243; custom_padding=&#8220;12px|24px|12px|24px|true|true&#8220; global_colors_info=&#8220;{}&#8220; custom_padding__hover_enabled=&#8220;off|desktop&#8220; custom_padding__hover=&#8220;|28px||20px|true|false&#8220;][\/et_pb_button][\/et_pb_column][\/et_pb_row][\/et_pb_section][et_pb_section fb_built=&#8220;1&#8243; admin_label=&#8220;Services&#8220; _builder_version=&#8220;4.27.4&#8243; _module_preset=&#8220;default&#8220; locked=&#8220;off&#8220; collapsed=&#8220;on&#8220; global_colors_info=&#8220;{}&#8220;][et_pb_row column_structure=&#8220;1_2,1_2&#8243; make_equal=&#8220;on&#8220; custom_padding_last_edited=&#8220;on|tablet&#8220; _builder_version=&#8220;4.27.5&#8243; _module_preset=&#8220;5138c454-be54-4233-bd3b-f8e6a8747976&#8243; custom_padding_tablet=&#8220;||0px||false|false&#8220; custom_padding_phone=&#8220;||0px||false|false&#8220; hover_enabled=&#8220;0&#8243; locked=&#8220;off&#8220; global_colors_info=&#8220;{}&#8220; sticky_enabled=&#8220;0&#8243;][et_pb_column type=&#8220;1_2&#8243; admin_label=&#8220;Mitarbeiter*in f\u00fcr Lager und Umschlag &#8211; recruitee&#8220; _builder_version=&#8220;4.27.5&#8243; _module_preset=&#8220;73121f80-a3ef-4484-8763-c3f18e3c56d2&#8243; background_color=&#8220;#FFFFFF&#8220; link_option_url=&#8220;https:\/\/speditiondecker.recruitee.com\/o\/mitarbeiterin-fur-die-disposition-nahverkehr&#8220; link_option_url_new_window=&#8220;on&#8220; hover_enabled=&#8220;0&#8243; border_radii=&#8220;on|8px|8px|8px|8px&#8220; box_shadow_style=&#8220;preset1&#8243; box_shadow_blur=&#8220;5px&#8220; box_shadow_spread=&#8220;2px&#8220; global_colors_info=&#8220;{%22gcid-36fd78a7-34bc-404d-873c-dafa34efaae5%22:%91%22button_text_color%22,%22button_text_color%22,%22button_text_color%22%93}&#8220; sticky_enabled=&#8220;0&#8243;][et_pb_text _builder_version=&#8220;4.27.4&#8243; _module_preset=&#8220;default&#8220; header_line_height=&#8220;1.4em&#8220; header_3_font=&#8220;||||||||&#8220; header_3_text_color=&#8220;#595959&#8243; header_3_font_size=&#8220;26px&#8220; custom_margin=&#8220;25px|25px||25px|false|true&#8220; global_colors_info=&#8220;{}&#8220;]<\/p>\n<h3>Mitarbeiter*in f\u00fcr Lager und Umschlag am Standort Achern<\/h3>\n<p>[\/et_pb_text][et_pb_text quote_border_color=&#8220;#219ebc&#8220; _builder_version=&#8220;4.27.4&#8243; _module_preset=&#8220;2c55a9c4-feed-423b-9edb-ae0b5b365cac&#8220; text_font=&#8220;|IBM Plex Sans_weight|||||||&#8220; text_text_color=&#8220;#3c3a47&#8243; text_font_size=&#8220;16px&#8220; text_line_height=&#8220;1.75em&#8220; link_font=&#8220;|IBM Plex Sans_weight|||||||&#8220; link_text_color=&#8220;#023047&#8243; quote_font=&#8220;IBM Plex Sans Condensed|IBM Plex Sans Condensed_weight|||||||&#8220; quote_text_color=&#8220;#0e0c19&#8243; header_font=&#8220;IBM Plex Sans Condensed|IBM Plex Sans Condensed_weight|||||||&#8220; header_text_color=&#8220;#0e0c19&#8243; header_font_size=&#8220;72px&#8220; header_line_height=&#8220;1.15em&#8220; header_2_font=&#8220;IBM Plex Sans Condensed|IBM Plex Sans Condensed_weight|||||||&#8220; header_2_text_color=&#8220;#0e0c19&#8243; header_2_font_size=&#8220;50px&#8220; header_2_line_height=&#8220;1.2em&#8220; header_3_font=&#8220;IBM Plex Sans Condensed|IBM Plex Sans Condensed_weight|||||||&#8220; header_3_text_color=&#8220;#0e0c19&#8243; header_3_font_size=&#8220;32px&#8220; header_3_line_height=&#8220;1.3em&#8220; header_4_font=&#8220;IBM Plex Sans Condensed|IBM Plex Sans Condensed_weight|||||||&#8220; header_4_text_color=&#8220;#0e0c19&#8243; header_4_font_size=&#8220;24px&#8220; header_4_line_height=&#8220;1.4em&#8220; header_5_font=&#8220;IBM Plex Sans Condensed|IBM Plex Sans Condensed_weight|||||||&#8220; header_5_text_color=&#8220;#0e0c19&#8243; header_5_font_size=&#8220;18px&#8220; header_5_line_height=&#8220;1.4em&#8220; header_6_font=&#8220;IBM Plex Sans Condensed|IBM Plex Sans Condensed_weight|||||||&#8220; header_6_text_color=&#8220;#0e0c19&#8243; header_6_line_height=&#8220;1.5em&#8220; custom_margin=&#8220;|15px||15px|false|true&#8220; text_font_size_tablet=&#8220;15px&#8220; text_font_size_phone=&#8220;14px&#8220; text_font_size_last_edited=&#8220;on|phone&#8220; header_font_size_tablet=&#8220;40px&#8220; header_font_size_phone=&#8220;24px&#8220; header_font_size_last_edited=&#8220;on|desktop&#8220; header_2_font_size_tablet=&#8220;28px&#8220; header_2_font_size_phone=&#8220;20px&#8220; header_2_font_size_last_edited=&#8220;on|phone&#8220; header_3_font_size_tablet=&#8220;22px&#8220; header_3_font_size_phone=&#8220;17px&#8220; header_3_font_size_last_edited=&#8220;on|phone&#8220; header_4_font_size_tablet=&#8220;18px&#8220; header_4_font_size_phone=&#8220;15px&#8220; header_4_font_size_last_edited=&#8220;on|tablet&#8220; header_5_font_size_tablet=&#8220;15px&#8220; header_5_font_size_phone=&#8220;14px&#8220; header_5_font_size_last_edited=&#8220;on|desktop&#8220; header_6_font_size_tablet=&#8220;13px&#8220; header_6_font_size_phone=&#8220;13px&#8220; header_6_font_size_last_edited=&#8220;on|desktop&#8220; locked=&#8220;off&#8220; global_colors_info=&#8220;{}&#8220;]<\/p>\n<p>Achern, Baden-W\u00fcrttenberg, Deutschland<\/p>\n<p>[\/et_pb_text][et_pb_button button_url=&#8220;https:\/\/speditiondecker.recruitee.com\/o\/mitarbeiterin-fur-lager-und-umschlag&#8220; url_new_window=&#8220;on&#8220; button_text=&#8220;Mehr erfahren&#8220; button_alignment=&#8220;right&#8220; _builder_version=&#8220;4.27.4&#8243; _module_preset=&#8220;1bffc0fc-42a0-49d1-bd9a-ae3ade2d7206&#8243; custom_button=&#8220;on&#8220; button_text_size=&#8220;18px&#8220; button_text_color=&#8220;#dd0b2f&#8220; button_bg_color=&#8220;#dddddd&#8220; button_border_width=&#8220;0px&#8220; button_border_radius=&#8220;6px&#8220; button_font=&#8220;||||||||&#8220; button_icon=&#8220;&#x39;||divi||400&#8243; custom_margin=&#8220;15px|15px|15px|15px|true|true&#8220; global_colors_info=&#8220;{}&#8220; custom_padding__hover_enabled=&#8220;off|desktop&#8220; custom_padding__hover=&#8220;|28px||20px|true|false&#8220;][\/et_pb_button][\/et_pb_column][et_pb_column type=&#8220;1_2&#8243; admin_label=&#8220;Fahrer*in Klasse 2 C\/CE recruitee&#8220; _builder_version=&#8220;4.27.5&#8243; _module_preset=&#8220;50607da8-57bc-4d4b-aaef-f02e41c2cc4a&#8220; background_color=&#8220;#FFFFFF&#8220; custom_padding_tablet=&#8220;30px|30px|30px|30px|true|true&#8220; custom_padding_phone=&#8220;20px|20px|20px|20px|false|true&#8220; custom_padding_last_edited=&#8220;on|phone&#8220; link_option_url=&#8220;https:\/\/speditiondecker.recruitee.com\/o\/fahrpersonal&#8220; link_option_url_new_window=&#8220;on&#8220; hover_enabled=&#8220;0&#8243; border_radii=&#8220;on|6px|6px|6px|6px&#8220; box_shadow_style=&#8220;preset1&#8243; box_shadow_blur=&#8220;5px&#8220; box_shadow_spread=&#8220;2px&#8220; global_colors_info=&#8220;{}&#8220; sticky_enabled=&#8220;0&#8243;][et_pb_text _builder_version=&#8220;4.27.5&#8243; _module_preset=&#8220;default&#8220; header_3_font=&#8220;||||||||&#8220; header_3_text_color=&#8220;#595959&#8243; header_3_font_size=&#8220;26px&#8220; header_3_line_height=&#8220;1.4em&#8220; custom_margin=&#8220;25px|25px||25px|false|true&#8220; hover_enabled=&#8220;0&#8243; global_colors_info=&#8220;{}&#8220; link_option_url=&#8220;https:\/\/speditiondecker.recruitee.com\/o\/fahrpersonal&#8220; sticky_enabled=&#8220;0&#8243;]<\/p>\n<h3>Fahrer*in<br \/>&gt; Klasse 2 \/ CE<\/h3>\n<p>[\/et_pb_text][et_pb_text quote_border_color=&#8220;#219ebc&#8220; _builder_version=&#8220;4.27.4&#8243; _module_preset=&#8220;2c55a9c4-feed-423b-9edb-ae0b5b365cac&#8220; text_font=&#8220;|IBM Plex Sans_weight|||||||&#8220; text_text_color=&#8220;#3c3a47&#8243; text_font_size=&#8220;16px&#8220; text_line_height=&#8220;1.75em&#8220; link_font=&#8220;|IBM Plex Sans_weight|||||||&#8220; link_text_color=&#8220;#023047&#8243; quote_font=&#8220;IBM Plex Sans Condensed|IBM Plex Sans Condensed_weight|||||||&#8220; quote_text_color=&#8220;#0e0c19&#8243; header_font=&#8220;IBM Plex Sans Condensed|IBM Plex Sans Condensed_weight|||||||&#8220; header_text_color=&#8220;#0e0c19&#8243; header_font_size=&#8220;72px&#8220; header_line_height=&#8220;1.15em&#8220; header_2_font=&#8220;IBM Plex Sans Condensed|IBM Plex Sans Condensed_weight|||||||&#8220; header_2_text_color=&#8220;#0e0c19&#8243; header_2_font_size=&#8220;50px&#8220; header_2_line_height=&#8220;1.2em&#8220; header_3_font=&#8220;IBM Plex Sans Condensed|IBM Plex Sans Condensed_weight|||||||&#8220; header_3_text_color=&#8220;#0e0c19&#8243; header_3_font_size=&#8220;32px&#8220; header_3_line_height=&#8220;1.3em&#8220; header_4_font=&#8220;IBM Plex Sans Condensed|IBM Plex Sans Condensed_weight|||||||&#8220; header_4_text_color=&#8220;#0e0c19&#8243; header_4_font_size=&#8220;24px&#8220; header_4_line_height=&#8220;1.4em&#8220; header_5_font=&#8220;IBM Plex Sans Condensed|IBM Plex Sans Condensed_weight|||||||&#8220; header_5_text_color=&#8220;#0e0c19&#8243; header_5_font_size=&#8220;18px&#8220; header_5_line_height=&#8220;1.4em&#8220; header_6_font=&#8220;IBM Plex Sans Condensed|IBM Plex Sans Condensed_weight|||||||&#8220; header_6_text_color=&#8220;#0e0c19&#8243; header_6_line_height=&#8220;1.5em&#8220; custom_margin=&#8220;|15px||15px|false|true&#8220; hover_enabled=&#8220;0&#8243; text_font_size_tablet=&#8220;15px&#8220; text_font_size_phone=&#8220;14px&#8220; text_font_size_last_edited=&#8220;on|phone&#8220; header_font_size_tablet=&#8220;40px&#8220; header_font_size_phone=&#8220;24px&#8220; header_font_size_last_edited=&#8220;on|desktop&#8220; header_2_font_size_tablet=&#8220;28px&#8220; header_2_font_size_phone=&#8220;20px&#8220; header_2_font_size_last_edited=&#8220;on|phone&#8220; header_3_font_size_tablet=&#8220;22px&#8220; header_3_font_size_phone=&#8220;17px&#8220; header_3_font_size_last_edited=&#8220;on|phone&#8220; header_4_font_size_tablet=&#8220;18px&#8220; header_4_font_size_phone=&#8220;15px&#8220; header_4_font_size_last_edited=&#8220;on|tablet&#8220; header_5_font_size_tablet=&#8220;15px&#8220; header_5_font_size_phone=&#8220;14px&#8220; header_5_font_size_last_edited=&#8220;on|desktop&#8220; header_6_font_size_tablet=&#8220;13px&#8220; header_6_font_size_phone=&#8220;13px&#8220; header_6_font_size_last_edited=&#8220;on|desktop&#8220; locked=&#8220;off&#8220; global_colors_info=&#8220;{}&#8220; sticky_enabled=&#8220;0&#8243;]<\/p>\n<p>Achern, Baden-W\u00fcrttenberg, Deutschland<\/p>\n<p>[\/et_pb_text][et_pb_button button_url=&#8220;https:\/\/speditiondecker.recruitee.com\/o\/fahrpersonal&#8220; url_new_window=&#8220;on&#8220; button_text=&#8220;Mehr erfahren&#8220; button_alignment=&#8220;right&#8220; _builder_version=&#8220;4.27.5&#8243; _module_preset=&#8220;1bffc0fc-42a0-49d1-bd9a-ae3ade2d7206&#8243; custom_button=&#8220;on&#8220; button_text_size=&#8220;18px&#8220; button_text_color=&#8220;#dd0b2f&#8220; button_bg_color=&#8220;#dddddd&#8220; button_border_width=&#8220;0px&#8220; button_border_radius=&#8220;6px&#8220; button_font=&#8220;||||||||&#8220; button_icon=&#8220;&#x39;||divi||400&#8243; custom_margin=&#8220;15px|15px|15px|15px|true|true&#8220; hover_enabled=&#8220;0&#8243; global_colors_info=&#8220;{}&#8220; custom_padding__hover_enabled=&#8220;off|desktop&#8220; custom_padding__hover=&#8220;|28px||20px|true|false&#8220; sticky_enabled=&#8220;0&#8243;][\/et_pb_button][\/et_pb_column][\/et_pb_row][\/et_pb_section][et_pb_section fb_built=&#8220;1&#8243; admin_label=&#8220;Services&#8220; _builder_version=&#8220;4.27.4&#8243; _module_preset=&#8220;default&#8220; locked=&#8220;off&#8220; collapsed=&#8220;on&#8220; global_colors_info=&#8220;{}&#8220;][et_pb_row _builder_version=&#8220;4.27.4&#8243; _module_preset=&#8220;default&#8220; global_colors_info=&#8220;{}&#8220;][et_pb_column type=&#8220;4_4&#8243; _builder_version=&#8220;4.27.4&#8243; _module_preset=&#8220;default&#8220; global_colors_info=&#8220;{}&#8220;][et_pb_text module_id=&#8220;AP_Karriere&#8220; _builder_version=&#8220;4.27.4&#8243; _module_preset=&#8220;default&#8220; text_font=&#8220;||||||||&#8220; header_3_font=&#8220;|600|||||||&#8220; header_3_text_color=&#8220;#595959&#8243; header_3_font_size=&#8220;24px&#8220; custom_margin=&#8220;|||40px|false|false&#8220; global_colors_info=&#8220;{}&#8220;]<\/p>\n<h3>Deine Ansprechpersonen f\u00fcr Karrierew\u00fcnsche<\/h3>\n<p>[\/et_pb_text][\/et_pb_column][\/et_pb_row][et_pb_row column_structure=&#8220;1_2,1_2&#8243; _builder_version=&#8220;4.27.4&#8243; _module_preset=&#8220;default&#8220; global_colors_info=&#8220;{}&#8220;][et_pb_column type=&#8220;1_2&#8243; _builder_version=&#8220;4.27.4&#8243; _module_preset=&#8220;default&#8220; global_colors_info=&#8220;{}&#8220;][et_pb_team_member name=&#8220;Mich\u00e8le Trenkle&#8220; position=&#8220;Personal&#8220; image_url=&#8220;https:\/\/decker-co.de\/wp-content\/uploads\/2025\/07\/Trenkle_Michele.jpg&#8220; _builder_version=&#8220;4.27.4&#8243; _module_preset=&#8220;default&#8220; header_font=&#8220;||||||||&#8220; header_text_align=&#8220;left&#8220; header_text_color=&#8220;#595959&#8243; header_font_size=&#8220;20px&#8220; body_font=&#8220;||||||||&#8220; body_text_align=&#8220;center&#8220; body_text_color=&#8220;#000000&#8243; body_font_size=&#8220;17px&#8220; body_line_height=&#8220;1.8em&#8220; position_text_align=&#8220;left&#8220; text_orientation=&#8220;left&#8220; custom_margin=&#8220;|23px||23px|false|true&#8220; custom_padding=&#8220;|20px||20px|false|true&#8220; border_radii_image=&#8220;on|6px|6px|6px|6px&#8220; box_shadow_style_image=&#8220;preset3&#8243; box_shadow_vertical_image=&#8220;2px&#8220; box_shadow_blur_image=&#8220;5px&#8220; box_shadow_spread_image=&#8220;2px&#8220; global_colors_info=&#8220;{}&#8220;]<\/p>\n<p style=\"text-align: left;\"><span style=\"color: #808080;\"><a href=\"tel:+497841202842\" style=\"color: #808080;\">+49 (0) 7841 2028-42<\/a><\/span><br \/><span style=\"color: #808080;\"><a href=\"mailto:michele.trenkle@decker-co.de\" style=\"color: #808080;\">michele.trenkle@decker-co.de<\/a><\/span><\/p>\n<p>[\/et_pb_team_member][\/et_pb_column][et_pb_column type=&#8220;1_2&#8243; _builder_version=&#8220;4.27.4&#8243; _module_preset=&#8220;default&#8220; global_colors_info=&#8220;{}&#8220;][et_pb_team_member name=&#8220;Felix Leppert&#8220; position=&#8220;Berufskraftfahrende und Lagerpersonal&#8220; image_url=&#8220;https:\/\/decker-co.de\/wp-content\/uploads\/2025\/07\/Leppert_Felix.jpg&#8220; _builder_version=&#8220;4.27.4&#8243; _module_preset=&#8220;default&#8220; header_font=&#8220;||||||||&#8220; header_text_align=&#8220;left&#8220; header_text_color=&#8220;#595959&#8243; header_font_size=&#8220;20px&#8220; body_font=&#8220;||||||||&#8220; body_font_size=&#8220;17px&#8220; body_line_height=&#8220;1.8em&#8220; position_text_align=&#8220;left&#8220; text_orientation=&#8220;left&#8220; custom_margin=&#8220;|23px||23px|false|true&#8220; custom_padding=&#8220;|20px||20px|false|true&#8220; border_radii_image=&#8220;on|6px|6px|6px|6px&#8220; box_shadow_style_image=&#8220;preset3&#8243; box_shadow_vertical_image=&#8220;2px&#8220; box_shadow_blur_image=&#8220;5px&#8220; box_shadow_spread_image=&#8220;2px&#8220; global_colors_info=&#8220;{}&#8220;]<\/p>\n<p style=\"text-align: left;\"><span style=\"color: #808080;\"><a href=\"tel:+4978412028600\" style=\"color: #808080;\">+49 (0) 7841 2028-600<\/a><\/span><br \/><span style=\"color: #808080;\"><a href=\"mailto:felix.leppert@decker-co.de\" style=\"color: #808080;\">felix.leppert@decker-co.de<\/a><\/span><\/p>\n<p>[\/et_pb_team_member][\/et_pb_column][\/et_pb_row][\/et_pb_section][et_pb_section fb_built=&#8220;1&#8243; admin_label=&#8220;Services&#8220; _builder_version=&#8220;4.27.4&#8243; _module_preset=&#8220;default&#8220; link_option_url=&#8220;https:\/\/decker-co.de\/de\/datenschutz-bewerbung\/&#8220; link_option_url_new_window=&#8220;on&#8220; locked=&#8220;off&#8220; collapsed=&#8220;on&#8220; global_colors_info=&#8220;{}&#8220;][et_pb_row _builder_version=&#8220;4.27.4&#8243; _module_preset=&#8220;default&#8220; global_colors_info=&#8220;{}&#8220;][et_pb_column type=&#8220;4_4&#8243; _builder_version=&#8220;4.27.4&#8243; _module_preset=&#8220;default&#8220; global_colors_info=&#8220;{}&#8220;][et_pb_divider color=&#8220;#000000&#8243; divider_position=&#8220;center&#8220; divider_weight=&#8220;3px&#8220; _builder_version=&#8220;4.27.4&#8243; _module_preset=&#8220;default&#8220; global_colors_info=&#8220;{}&#8220;][\/et_pb_divider][et_pb_button button_url=&#8220;https:\/\/decker-co.de\/de\/datenschutz-bewerbung\/&#8220; url_new_window=&#8220;on&#8220; button_text=&#8220;Datenschutzhinweise f\u00fcr Bewerberinnen und Bewerber&#8220; button_alignment=&#8220;center&#8220; _builder_version=&#8220;4.27.4&#8243; _module_preset=&#8220;default&#8220; custom_button=&#8220;on&#8220; button_text_color=&#8220;#FFFFFF&#8220; button_bg_color=&#8220;#E02B20&#8243; button_border_radius=&#8220;10px&#8220; global_colors_info=&#8220;{}&#8220;][\/et_pb_button][\/et_pb_column][\/et_pb_row][et_pb_row _builder_version=&#8220;4.27.4&#8243; _module_preset=&#8220;default&#8220; global_colors_info=&#8220;{}&#8220;][et_pb_column type=&#8220;4_4&#8243; _builder_version=&#8220;4.27.4&#8243; _module_preset=&#8220;default&#8220; global_colors_info=&#8220;{}&#8220;][et_pb_text module_id=&#8220;AP_Karriere&#8220; _builder_version=&#8220;4.27.4&#8243; _module_preset=&#8220;default&#8220; text_font=&#8220;||||||||&#8220; header_3_font=&#8220;OpenSans|600|||||||&#8220; header_3_text_color=&#8220;#595959&#8243; header_3_font_size=&#8220;20px&#8220; custom_margin=&#8220;|||40px|false|false&#8220; link_option_url=&#8220;https:\/\/decker-co.de\/de\/datenschutz-bewerbung\/&#8220; link_option_url_new_window=&#8220;on&#8220; global_colors_info=&#8220;{}&#8220;]<\/p>\n<h3 style=\"text-align: center;\">Informationen f\u00fcr Bewerber <span>nach Art. 13 DSGVO<\/span><\/h3>\n<p>[\/et_pb_text][\/et_pb_column][\/et_pb_row][\/et_pb_section]<\/p>\n","protected":false},"excerpt":{"rendered":"<p>Du\u00a0 arbeitest gerne auf Augenh\u00f6he? M\u00f6chtest ein Team das gemeinsam die Aufgaben bew\u00e4ltigt und sich unterst\u00fctzt? Dann bist du bei uns genau richtig. Wir sind immer auf der Suche nach neuen Teammitgliedern, die Lust haben mit uns gemeinsam etwas zu erreichen. Wir m\u00f6chten Dich und unser Team voran bringen. Warum? Weil wir der Meinung sind, [&hellip;]<\/p>\n","protected":false},"author":2,"featured_media":0,"parent":0,"menu_order":42,"comment_status":"closed","ping_status":"closed","template":"","meta":{"_et_pb_use_builder":"on","_et_pb_old_content":"","_et_gb_content_width":"","footnotes":""},"class_list":["post-7120","page","type-page","status-publish","hentry"],"_links":{"self":[{"href":"https:\/\/decker-co.de\/de\/wp-json\/wp\/v2\/pages\/7120","targetHints":{"allow":["GET"]}}],"collection":[{"href":"https:\/\/decker-co.de\/de\/wp-json\/wp\/v2\/pages"}],"about":[{"href":"https:\/\/decker-co.de\/de\/wp-json\/wp\/v2\/types\/page"}],"author":[{"embeddable":true,"href":"https:\/\/decker-co.de\/de\/wp-json\/wp\/v2\/users\/2"}],"replies":[{"embeddable":true,"href":"https:\/\/decker-co.de\/de\/wp-json\/wp\/v2\/comments?post=7120"}],"version-history":[{"count":0,"href":"https:\/\/decker-co.de\/de\/wp-json\/wp\/v2\/pages\/7120\/revisions"}],"wp:attachment":[{"href":"https:\/\/decker-co.de\/de\/wp-json\/wp\/v2\/media?parent=7120"}],"curies":[{"name":"wp","href":"https:\/\/api.w.org\/{rel}","templated":true}]}}